{"id":10637,"date":"2024-02-03T12:04:15","date_gmt":"2024-02-03T11:04:15","guid":{"rendered":"https:\/\/www.mouthiers-sur-boeme.fr\/?page_id=10637"},"modified":"2024-02-05T08:29:23","modified_gmt":"2024-02-05T07:29:23","slug":"deliberations-2020","status":"publish","type":"page","link":"https:\/\/www.mouthiers-sur-boeme.fr\/?page_id=10637","title":{"rendered":"D\u00e9lib\u00e9rations 2020"},"content":{"rendered":"\n<p><strong>Janvier 2020<\/strong><\/p>\n\n\n\n<p><strong><a href=\"https:\/\/www.mouthiers-sur-boeme.fr\/wp-content\/uploads\/2024\/01\/D_2020_1_1-Habitat-avis-sur-le-projet-PLH-2020-2025.pdf\">D_2020_1_1 Habitat avis sur le projet PLH 2020-2025<\/a><\/strong><\/p>\n\n\n\n<p><a href=\"https:\/\/www.mouthiers-sur-boeme.fr\/wp-content\/uploads\/2024\/01\/D_2020_1_2-Autorisation-pour-lengagement-des-depenses-en-sect-investissement-avant-le-vote-du-budget.pdf\"><strong>D_2020_1_2 Autorisation pour l\u2019engagement des d\u00e9penses en section investissement avant le vote du budget<\/strong><\/a><\/p>\n\n\n\n<p><a href=\"https:\/\/www.mouthiers-sur-boeme.fr\/wp-content\/uploads\/2024\/01\/D_2020_1_3-Delib-cadre-annuelle-pour-imputation-en-section-investissement-des-biens-meubles-inf-a-500.pdf\"><strong>D_2020_1_3 D\u00e9lib\u00e9ration cadre annuelle pour imputation en section investissement des biens meubles inf\u00e9rieurs \u00e0 500<\/strong><\/a>\u20ac<\/p>\n\n\n\n<p><a href=\"https:\/\/www.mouthiers-sur-boeme.fr\/wp-content\/uploads\/2024\/01\/D_2020_1_4-AVANCE-SUBVENTION-CAISSE-DES-ECOLES.pdf\"><strong>D_2020_1_4 AVANCE SUBVENT<\/strong>IO<strong>N CAISSE DES ECOLES<\/strong><\/a><\/p>\n\n\n\n<p><strong><a href=\"https:\/\/www.mouthiers-sur-boeme.fr\/wp-content\/uploads\/2024\/01\/D_2020_1_5-renouvellement-bail-presbytere.pdf\">D_2020_1_5 renouvellement bail presbyt\u00e8re<\/a><\/strong><\/p>\n\n\n\n<p><a href=\"https:\/\/www.mouthiers-sur-boeme.fr\/wp-content\/uploads\/2024\/01\/D_2020_1_6-Campagne-sterilisation-des-chats-errants-signature-avenant-conv-fondation-30-millions-damis.pdf\"><strong>D_2020_1_6 Campagne st\u00e9rilisation des chats errants signature avenant conv fondation 30 millions d\u2019amis<\/strong><\/a><\/p>\n\n\n\n<p><\/p>\n\n\n\n<p><strong>F\u00e9vrier 2020<\/strong><\/p>\n\n\n\n<p><strong><a href=\"https:\/\/www.mouthiers-sur-boeme.fr\/wp-content\/uploads\/2024\/01\/D_2020_2_1-Validation-APD-Multi-accueil-familial-Les-Petits-Loups.pdf\">D_2020_2_1 Validation APD Multi accueil familial Les Petits Loups<\/a><\/strong><\/p>\n\n\n\n<p><a href=\"https:\/\/www.mouthiers-sur-boeme.fr\/wp-content\/uploads\/2024\/01\/D_2020_2_2-Actualisation-du-regime-indemnitaire1.pdf\"><strong>D_2020_2_2 Actualisation du r\u00e9gime indemnitaire1<\/strong><\/a><\/p>\n\n\n\n<p><strong><a href=\"https:\/\/www.mouthiers-sur-boeme.fr\/wp-content\/uploads\/2024\/01\/D_2020_2_3-SDEG-16-travaux-declairage-public-au-lieu-dit-Le-Gagnier.pdf\">D_2020_2_3 SDEG 16 travaux d\u2019\u00e9clairage public au lieu dit Le Gagnier<\/a><\/strong><\/p>\n\n\n\n<p><strong><a href=\"https:\/\/www.mouthiers-sur-boeme.fr\/wp-content\/uploads\/2024\/01\/D_2020_2_4-adhesion-groupement-de-commandes-SDEG-16-pour-lachat-delectricite.pdf\">D_2020_2_4 adh\u00e9sion groupement de commandes SDEG 16 pour l\u2019achat d\u2019\u00e9lectricit\u00e9<\/a><\/strong><\/p>\n\n\n\n<p><strong><a href=\"https:\/\/www.mouthiers-sur-boeme.fr\/wp-content\/uploads\/2024\/01\/D_2020_2_5-convention-avec-la-ste-IdeoConcept.pdf\">D_2020_2_5 convention avec la soci\u00e9t\u00e9 Id\u00e9oConcept<\/a><\/strong><\/p>\n\n\n\n<p><strong><a href=\"https:\/\/www.mouthiers-sur-boeme.fr\/wp-content\/uploads\/2024\/01\/D_2020_2_6-convention-entretien-la-chaire-a-Calvin-avec-le-Departement.pdf\">D_2020_2_6 convention entretien la chaire \u00e0 Calvin avec le D\u00e9partement<\/a><\/strong><\/p>\n\n\n\n<p><strong><a href=\"https:\/\/www.mouthiers-sur-boeme.fr\/wp-content\/uploads\/2024\/01\/D_2020_2_7-adhesion-au-service-interim-du-CDG-16.pdf\">D_2020_2_7 adh\u00e9sion au service int\u00e9rim du CDG 16<\/a><\/strong><\/p>\n\n\n\n<p><strong><a href=\"https:\/\/www.mouthiers-sur-boeme.fr\/wp-content\/uploads\/2024\/01\/D_2020_2_8-assurance-groupe-risque-statutaire-CDG16.pdf\">D_2020_2_8 assurance groupe risque statutaire CDG16<\/a><\/strong><\/p>\n\n\n\n<p><strong><a href=\"https:\/\/www.mouthiers-sur-boeme.fr\/wp-content\/uploads\/2024\/01\/D_2020_2_9-Adhesion-a-lespace-numerique-Sud-Charente.pdf\">D_2020_2_9 Adh\u00e9sion \u00e0 l\u2019espace num\u00e9rique Sud Charente<\/a><\/strong><\/p>\n\n\n\n<p><strong><a href=\"https:\/\/www.mouthiers-sur-boeme.fr\/wp-content\/uploads\/2024\/01\/D_2020_2_10-Restitution-des-batiments-scolaires-de-GrandAngouleme.pdf\">D_2020_2_10 Restitution des b\u00e2timents scolaires de Grand-Angoul\u00eame<\/a><\/strong><\/p>\n\n\n\n<p><strong><a href=\"https:\/\/www.mouthiers-sur-boeme.fr\/wp-content\/uploads\/2024\/01\/D_2020_2_11-Cession-de-terrain-avec-le-CD-16-Amenagement-tourne-a-gauche-avec-la-RD428-et-la-VC-4-206.pdf\">D_2020_2_11 Cession de terrain avec le CD 16 \u2013 Am\u00e9nagement tourne \u00e0 gauche avec la RD428 et la VC 4-206<\/a><\/strong><\/p>\n\n\n\n<p><strong><a href=\"https:\/\/www.mouthiers-sur-boeme.fr\/wp-content\/uploads\/2024\/01\/D_2020_2_12-SDEG-16-Extension-du-reseau-electrique-lieu-dit-la-minoterie-parcelle-C2174.pdf\">D_2020_2_12 SDEG 16 Extension du r\u00e9seau \u00e9lectrique lieu dit la minoterie parcelle C2174<\/a><\/strong><\/p>\n\n\n\n<p><strong><a href=\"https:\/\/www.mouthiers-sur-boeme.fr\/wp-content\/uploads\/2024\/01\/D_2020_2_12-SDEG-16-Extension-du-reseau-electrique-lieu-dit-la-minoterie-parcelle-C2174-2.pdf\">D_2020_2_12 SDEG 16 Extension du r\u00e9seau \u00e9lectrique lieu dit la minoterie parcelle C2174 (2)<\/a><\/strong><\/p>\n\n\n\n<p><strong>Mars 2020<\/strong><\/p>\n\n\n\n<p><strong><a href=\"https:\/\/www.mouthiers-sur-boeme.fr\/wp-content\/uploads\/2024\/01\/D_2020_3_19-AVANCE-SUBVENTION-2020.pdf\">D_2020_3_19 AVANCE SUBVENTION 2020<\/a><\/strong><\/p>\n\n\n\n<p><strong>Avril 2020<\/strong><\/p>\n\n\n\n<p><strong><a href=\"https:\/\/www.mouthiers-sur-boeme.fr\/wp-content\/uploads\/2024\/01\/D_2020_4_1-Cession-batiment-rue-boeme.pdf\">D_2020_4_1 Cession b\u00e2timent rue Bo\u00ebme<\/a><\/strong><\/p>\n\n\n\n<p><strong><a href=\"https:\/\/www.mouthiers-sur-boeme.fr\/wp-content\/uploads\/2024\/01\/D_2020_4_2-Restaurant-de-la-boeme-annulation-des-loyers.pdf\">D_2020_4_2 Restaurant de la Bo\u00ebme annulation des loyers<\/a><\/strong><\/p>\n\n\n\n<p><strong><a href=\"https:\/\/www.mouthiers-sur-boeme.fr\/wp-content\/uploads\/2024\/01\/D_2020_4_3-Cotisations-et-adhesions-aux-organsimes-publics.pdf\">D_2020_4_3 Cotisations et adh\u00e9sions aux organismes publics<\/a><\/strong><\/p>\n\n\n\n<p><strong><a href=\"https:\/\/www.mouthiers-sur-boeme.fr\/wp-content\/uploads\/2024\/01\/D_2020_4_4A-BUDGET-DM-1.pdf\">D_2020_4_4A BUDGET DM 1<\/a><\/strong><\/p>\n\n\n\n<p><strong><a href=\"https:\/\/www.mouthiers-sur-boeme.fr\/wp-content\/uploads\/2024\/01\/D_2020_4_5-SDEG16-extension-reseau-eclairage-public.pdf\">D_2020_4_5 SDEG16 extension r\u00e9seau \u00e9clairage public<\/a><\/strong><\/p>\n\n\n\n<p><strong><a href=\"https:\/\/www.mouthiers-sur-boeme.fr\/wp-content\/uploads\/2024\/01\/D_2020_4_6-Sollicitation-FDAC.pdf\">D_2020_4_6 Sollicitation FDAC<\/a><\/strong><\/p>\n\n\n\n<p><strong><a href=\"https:\/\/www.mouthiers-sur-boeme.fr\/wp-content\/uploads\/2024\/01\/D_2020_4_7A-Plan-financement-global-creche.pdf\">D_2020_4_7A Plan financement global cr\u00e8che<\/a><\/strong><\/p>\n\n\n\n<p><strong><a href=\"https:\/\/www.mouthiers-sur-boeme.fr\/wp-content\/uploads\/2024\/01\/D_2020_4_8-Avis-sur-letat-de-catastrophe-sanitaire.pdf\">D_2020_4_8 Avis sur l\u2019\u00e9tat de catastrophe sanitaire<\/a><\/strong><\/p>\n\n\n\n<p><strong><a href=\"https:\/\/www.mouthiers-sur-boeme.fr\/wp-content\/uploads\/2024\/01\/D_2020_4_9-Motion-relative-au-redemarrage-de-lecole-sutie-au-COVID19.pdf\">D_2020_4_9 Motion relative au red\u00e9marrage de l\u2019\u00e9cole suite au COVID19<\/a><\/strong><\/p>\n\n\n\n<p><strong>Mai 2020<\/strong><\/p>\n\n\n\n<p><a href=\"https:\/\/www.mouthiers-sur-boeme.fr\/wp-content\/uploads\/2024\/01\/D_2020_5_5B-ENVELOPPE-INDEMNITAIRE-DES-ELUS.pdf\">D_2020_5_5B ENVELOPPE INDEMNITAIRE DES ELUS<\/a><\/p>\n\n\n\n<p><strong>Juin 2020<\/strong><\/p>\n\n\n\n<p><strong><a href=\"https:\/\/www.mouthiers-sur-boeme.fr\/wp-content\/uploads\/2024\/01\/D_2020_6_1-Designation-des-delegues-dans-les-organismes-exterieurs.pdf\">D_2020_6_1 D\u00e9signation des d\u00e9l\u00e9gu\u00e9s dans les organismes ext\u00e9rieurs<\/a><\/strong><\/p>\n\n\n\n<p><strong><a href=\"https:\/\/www.mouthiers-sur-boeme.fr\/wp-content\/uploads\/2024\/01\/D_2020_6_2-Composition-de-la-Commission-dAppel-dOffre-CAO.pdf\">D_2020_6_2 Composition de la Commission d\u2019Appel d\u2019Offre \u2013 CAO<\/a><\/strong><\/p>\n\n\n\n<p><strong><a href=\"https:\/\/www.mouthiers-sur-boeme.fr\/wp-content\/uploads\/2024\/01\/D_2020_6_3-Composition-de-la-Commission-communale-des-Impots-Directs-CCID.pdf\">D_2020_6_3 Composition de la Commission communale des Imp\u00f4ts Directs \u2013 CCID<\/a><\/strong><\/p>\n\n\n\n<p><strong><a href=\"https:\/\/www.mouthiers-sur-boeme.fr\/wp-content\/uploads\/2024\/01\/D_2020_6_4A-Composition-des-Commissions-thematiques.pdf\">D_2020_6_4A Composition des Commissions th\u00e9matiques<\/a><\/strong><\/p>\n\n\n\n<p><strong><a href=\"https:\/\/www.mouthiers-sur-boeme.fr\/wp-content\/uploads\/2024\/01\/D_2020_6_5-Modification-des-delegations-du-Conseil-au-Maire.pdf\">D_2020_6_5 Modification des d\u00e9l\u00e9gations du Conseil au Maire<\/a><\/strong><\/p>\n\n\n\n<p><strong><a href=\"https:\/\/www.mouthiers-sur-boeme.fr\/wp-content\/uploads\/2024\/01\/D_2020_6_6-Decision-modificative-Budgetaire-n\u00b02.pdf\">D_2020_6_6 D\u00e9cision modificative Budg\u00e9taire n\u00b02<\/a><\/strong><\/p>\n\n\n\n<p><strong><a href=\"https:\/\/www.mouthiers-sur-boeme.fr\/wp-content\/uploads\/2024\/01\/D_2020_6_7-Vote-des-subventions-aux-associations-pour-lannee-2020.pdf\">D_2020_6_7 Vote des subventions aux associations pour l\u2019ann\u00e9e 2020<\/a><\/strong><\/p>\n\n\n\n<p><strong><a href=\"https:\/\/www.mouthiers-sur-boeme.fr\/wp-content\/uploads\/2024\/01\/D_2020_6_8-Indemnite-de-gardiennage-de-lEglise-pour-lannee-2020.pdf\">D_2020_6_8 Indemnit\u00e9 de gardiennage de l\u2019\u00c9glise pour l\u2019ann\u00e9e 2020<\/a><\/strong><\/p>\n\n\n\n<p><strong><a href=\"https:\/\/www.mouthiers-sur-boeme.fr\/wp-content\/uploads\/2024\/01\/D_2020_6_9B-Participation-pour-les-entrees-au-Cinema-\u2013-MJC-Jules-BERRY.pdf\">D_2020_6_9B Participation pour les entr\u00e9es au Cin\u00e9ma \u2013 MJC Jules BERRY<\/a><\/strong><\/p>\n\n\n\n<p><strong><a href=\"https:\/\/www.mouthiers-sur-boeme.fr\/wp-content\/uploads\/2024\/01\/D_2020_6_10-Logements-communaux-Procedure-expulsion.pdf\">D_2020_6_10 Logements communaux Proc\u00e9dure expulsion<\/a><\/strong><\/p>\n\n\n\n<p><strong><a href=\"https:\/\/www.mouthiers-sur-boeme.fr\/wp-content\/uploads\/2024\/01\/D_2020_6_11A-Avenant-1-convention-cadre-objectifs-2019-2022-Effervescentre.pdf\">D_2020_6_11A Avenant 1 convention cadre objectifs 2019-2022 Effervescentre<\/a><\/strong><\/p>\n\n\n\n<p><strong><a href=\"https:\/\/www.mouthiers-sur-boeme.fr\/wp-content\/uploads\/2024\/01\/D_2020_6_12-Convention-pour-la-participation-aux-journees-ALSH-avec-le-CSCS-Effervescentre.pdf\">D_2020_6_12 Convention pour la participation aux journ\u00e9es ALSH avec le CSCS Effervescentre<\/a><\/strong><\/p>\n\n\n\n<p><strong><a href=\"https:\/\/www.mouthiers-sur-boeme.fr\/wp-content\/uploads\/2024\/01\/D_2020_6_13-Convention-avec-ENEDIS-\u2013-installation-ouvrage-electrique-parcelle-Section-D-n\u00b0363-situe-Boisgimon.pdf\">D_2020_6_13 Convention avec ENEDIS \u2013 installation ouvrage \u00e9lectrique \u2013 parcelle Section D n\u00b0363 situ\u00e9 Boisgimon<\/a><\/strong><\/p>\n\n\n\n<p><strong><a href=\"https:\/\/www.mouthiers-sur-boeme.fr\/wp-content\/uploads\/2024\/01\/D_2020_6_14-Creation-de-postes-et-mis-a-jour-du-tableau-des-emplois.pdf\">D_2020_6_14 Cr\u00e9ation de postes et mis \u00e0 jour du tableau des emplois<\/a><\/strong><\/p>\n\n\n\n<p><strong><a href=\"https:\/\/www.mouthiers-sur-boeme.fr\/wp-content\/uploads\/2024\/01\/D_2020_6_15-Droit-a-la-formation-des-elus.pdf\">D_2020_6_15 Droit \u00e0 la formation des \u00e9lus<\/a><\/strong><\/p>\n\n\n\n<p><strong><a href=\"https:\/\/www.mouthiers-sur-boeme.fr\/wp-content\/uploads\/2024\/01\/D_2020_6_16-Parcelle-Rue-Bois-Rablons-\u2013-M-et-Mme-TRAVIA.pdf\">D_2020_6_16 Parcelle Rue Bois Rablons \u2013 M et Mme TRAVIA<\/a><\/strong><\/p>\n\n\n\n<p><strong><a href=\"https:\/\/www.mouthiers-sur-boeme.fr\/wp-content\/uploads\/2024\/01\/D_2020_6_17-DM-1-BUDGET-LOGEMENTS.pdf\">D_2020_6_17 DM 1 BUDGET LOGEMENTS<\/a><\/strong><\/p>\n\n\n\n<p><strong>Juillet 2020<\/strong><\/p>\n\n\n\n<p><strong><a href=\"https:\/\/www.mouthiers-sur-boeme.fr\/wp-content\/uploads\/2024\/01\/D_2020_7_1-modification-CAO.pdf\">D_2020_7_1 modification CAO<\/a><\/strong><\/p>\n\n\n\n<p><strong><a href=\"https:\/\/www.mouthiers-sur-boeme.fr\/wp-content\/uploads\/2024\/01\/D_2020_7_2-revision-emprunt-CCAS.pdf\">D_2020_7_2 r\u00e9vision emprunt CCAS<\/a><\/strong><\/p>\n\n\n\n<p><a href=\"https:\/\/www.mouthiers-sur-boeme.fr\/wp-content\/uploads\/2024\/01\/D_2020_7_3A-remise-gracieuse-des-loyers-2020-locataire-boutiot.pdf\"><strong>D_2020_7_3A remise gracieuse des loyers 2020 locataire boutio<\/strong>t<\/a><\/p>\n\n\n\n<p><strong><a href=\"https:\/\/www.mouthiers-sur-boeme.fr\/wp-content\/uploads\/2024\/01\/D_2020_7_4-redevance-GRDF.pdf\">D_2020_7_4 redevance GRDF<\/a><\/strong><\/p>\n\n\n\n<p><strong><a href=\"https:\/\/www.mouthiers-sur-boeme.fr\/wp-content\/uploads\/2024\/01\/D_2020_7_5-adhesion-contrat-groupe-dassurance-des-risques-statutaires-propose-par-le-CDG-16.pdf\">D_2020_7_5 adh\u00e9sion contrat groupe d\u2019assurance des risques statutaires propos\u00e9 par le CDG 16<\/a><\/strong><\/p>\n\n\n\n<p><strong><a href=\"https:\/\/www.mouthiers-sur-boeme.fr\/wp-content\/uploads\/2024\/01\/D_2020_7_6-Convention-GA-local-aux-rentes.pdf\">D_2020_7_6 Convention GA local aux rentes<\/a><\/strong><\/p>\n\n\n\n<p><strong><a href=\"https:\/\/www.mouthiers-sur-boeme.fr\/wp-content\/uploads\/2024\/01\/D_2020_7_7-Convention-ANTS-avec-lEtat.pdf\">D_2020_7_7 Convention ANTS avec l\u2019Etat<\/a><\/strong><\/p>\n\n\n\n<p><strong><a href=\"https:\/\/www.mouthiers-sur-boeme.fr\/wp-content\/uploads\/2024\/01\/D_2020_7_8-SDEG-16-dde-prise-en-charge-pour-extension-de-reseau-public-delec-ld-Les-deux-clons-parcelle-C1617.pdf\">D_2020_7_8 SDEG 16 \u2013 dde prise en charge pour extension de r\u00e9seau public d\u2019\u00e9l\u00e9c \u2013 ld Les deux clons parcelle C1617<\/a><\/strong><\/p>\n\n\n\n<p><strong><a href=\"https:\/\/www.mouthiers-sur-boeme.fr\/wp-content\/uploads\/2024\/01\/D_2020_7_9-SDEG-16-dde-prise-en-charge-pour-extension-de-reseau-public-delec-ld-La-Chauveterie-parcelle-C1483.pdf\">D_2020_7_9 SDEG 16 \u2013 dde prise en charge pour extension de r\u00e9seau public d\u2019\u00e9l\u00e9c \u2013 ld La Chauveterie parcelle C1483<\/a><\/strong><\/p>\n\n\n\n<p><strong><a href=\"https:\/\/www.mouthiers-sur-boeme.fr\/wp-content\/uploads\/2024\/01\/D_2020_7_10-tarifs-transport-scolaire-2020-2021.pdf\">D_2020_7_10 tarifs transport scolaire 2020-2021<\/a><\/strong><\/p>\n\n\n\n<p><strong><a href=\"https:\/\/www.mouthiers-sur-boeme.fr\/wp-content\/uploads\/2024\/01\/D_2020_7_11-fixation-du-nombre-des-membres-elus-du-CCAS.pdf\">D_2020_7_11 fixation du nombre des membres \u00e9lus du CCAS<\/a><\/strong><\/p>\n\n\n\n<p><strong><a href=\"https:\/\/www.mouthiers-sur-boeme.fr\/wp-content\/uploads\/2024\/01\/D_2020_7_12A-Election-des-membres-elus-du-CCAS.pdf\">D_2020_7_12A Election des membres \u00e9lus du CCAS<\/a><\/strong><\/p>\n\n\n\n<p><strong><a href=\"https:\/\/www.mouthiers-sur-boeme.fr\/wp-content\/uploads\/2024\/01\/D_2020_7_13-mise-a-jour-du-tableau-des-designations-des-delegues-dans-les-organismes-exterieurs.pdf\">D_2020_7_13 mise \u00e0 jour du tableau des d\u00e9signations des d\u00e9l\u00e9gu\u00e9s dans les organismes ext\u00e9rieurs<\/a><\/strong><\/p>\n\n\n\n<p><strong><a href=\"https:\/\/www.mouthiers-sur-boeme.fr\/wp-content\/uploads\/2024\/01\/D_2020_7_14A-mise-a-jour-tableau-des-adhesions-et-cotisations-2020.pdf\">D_2020_7_14A mise \u00e0 jour tableau des adh\u00e9sions et cotisations 2020<\/a><\/strong><\/p>\n\n\n\n<p><strong>Ao\u00fbt 2020<\/strong><\/p>\n\n\n\n<p><strong><a href=\"https:\/\/www.mouthiers-sur-boeme.fr\/wp-content\/uploads\/2024\/01\/D_2020_8_1-DM-3-BP.pdf\">D_2020_8_1 DM 3 BP<\/a><\/strong><\/p>\n\n\n\n<p><strong><a href=\"https:\/\/www.mouthiers-sur-boeme.fr\/wp-content\/uploads\/2024\/01\/D_2020_8_2-DM-2-Budget-Logement.pdf\">D_2020_8_2 DM 2 Budget Logement<\/a><\/strong><\/p>\n\n\n\n<p><strong><a href=\"https:\/\/www.mouthiers-sur-boeme.fr\/wp-content\/uploads\/2024\/01\/D_2020_8_3-Protection-sociale-complementaire-mandat-au-CDG16.pdf\">D_2020_8_3 Protection sociale compl\u00e9mentaire mandat au CDG16<\/a><\/strong><\/p>\n\n\n\n<p><strong><a href=\"https:\/\/www.mouthiers-sur-boeme.fr\/wp-content\/uploads\/2024\/01\/D_2020_8_4-actualisation-reglement-creche.pdf\">D_2020_8_4 actualisation r\u00e8glement cr\u00e8che<\/a><\/strong><\/p>\n\n\n\n<p><strong><a href=\"https:\/\/www.mouthiers-sur-boeme.fr\/wp-content\/uploads\/2024\/01\/D_2020_8_5-signature-engagement-avec-INSEE-dematerialisation-des-bulletins-etat-civil.pdf\">D_2020_8_5 signature engagement avec INSEE d\u00e9mat\u00e9rialisation des bulletins \u00e9tat-civil<\/a><\/strong><\/p>\n\n\n\n<p><strong><a href=\"https:\/\/www.mouthiers-sur-boeme.fr\/wp-content\/uploads\/2024\/01\/D_2020_8_6-recrutement-dagents-pour-remplacement.pdf\">D_2020_8_6 recrutement d\u2019agents pour remplacement<\/a><\/strong><\/p>\n\n\n\n<p><strong>Septembre 2020<\/strong><\/p>\n\n\n\n<p><strong><a href=\"https:\/\/www.mouthiers-sur-boeme.fr\/wp-content\/uploads\/2024\/01\/D_2020_9_2A-Prise-en-charge-temps-d-attente-bus-alsh-Effervescentre.pdf\">D_2020_9_2A Prise en charge temps d attente bus alsh Effervescentre<\/a><\/strong><\/p>\n\n\n\n<p><strong><a href=\"https:\/\/www.mouthiers-sur-boeme.fr\/wp-content\/uploads\/2024\/01\/D_2020_9_5-Mise-a-jour-du-RIFSEEP.pdf\">D_2020_9_5 Mise \u00e0 jour du RIFSEEP<\/a><\/strong><\/p>\n\n\n\n<p><strong><a href=\"https:\/\/www.mouthiers-sur-boeme.fr\/wp-content\/uploads\/2024\/01\/D_2020_9_9-DM4-BP.pdf\">D_2020_9_9 DM4 BP<\/a><\/strong><\/p>\n\n\n\n<p><strong><a href=\"https:\/\/www.mouthiers-sur-boeme.fr\/wp-content\/uploads\/2024\/01\/D_2020_9_10-DM3-Budget-Logement.pdf\">D_2020_9_10 DM3 Budget Logement<\/a><\/strong><\/p>\n\n\n\n<p><strong>Octobre 2020<\/strong><\/p>\n\n\n\n<p><\/p>\n\n\n\n<p><strong>Novembre 2020<\/strong><\/p>\n\n\n\n<p><\/p>\n\n\n\n<p><strong>D\u00e9cembre 2020<\/strong><\/p>\n\n\n\n<p><\/p>\n","protected":false},"excerpt":{"rendered":"<p>Janvier 2020 D_2020_1_1 Habitat avis sur le projet PLH 2020-2025 D_2020_1_2 Autorisation pour l\u2019engagement des d\u00e9penses en section investissement avant le vote du budget D_2020_1_3 D\u00e9lib\u00e9ration cadre annuelle pour imputation en section investissement des biens meubles inf\u00e9rieurs \u00e0 500\u20ac D_2020_1_4 AVANCE SUBVENTION CAISSE DES ECOLES D_2020_1_5 renouvellement bail presbyt\u00e8re D_2020_1_6 Campagne st\u00e9rilisation des chats errants &hellip; <a href=\"https:\/\/www.mouthiers-sur-boeme.fr\/?page_id=10637\" class=\"more-link\">Continuer la lecture de <span class=\"screen-reader-text\">D\u00e9lib\u00e9rations 2020<\/span>  <span class=\"meta-nav\">&rarr;<\/span><\/a><\/p>\n","protected":false},"author":22,"featured_media":0,"parent":0,"menu_order":0,"comment_status":"closed","ping_status":"closed","template":"","meta":[],"_links":{"self":[{"href":"https:\/\/www.mouthiers-sur-boeme.fr\/index.php?rest_route=\/wp\/v2\/pages\/10637"}],"collection":[{"href":"https:\/\/www.mouthiers-sur-boeme.fr\/index.php?rest_route=\/wp\/v2\/pages"}],"about":[{"href":"https:\/\/www.mouthiers-sur-boeme.fr\/index.php?rest_route=\/wp\/v2\/types\/page"}],"author":[{"embeddable":true,"href":"https:\/\/www.mouthiers-sur-boeme.fr\/index.php?rest_route=\/wp\/v2\/users\/22"}],"replies":[{"embeddable":true,"href":"https:\/\/www.mouthiers-sur-boeme.fr\/index.php?rest_route=%2Fwp%2Fv2%2Fcomments&post=10637"}],"version-history":[{"count":36,"href":"https:\/\/www.mouthiers-sur-boeme.fr\/index.php?rest_route=\/wp\/v2\/pages\/10637\/revisions"}],"predecessor-version":[{"id":10739,"href":"https:\/\/www.mouthiers-sur-boeme.fr\/index.php?rest_route=\/wp\/v2\/pages\/10637\/revisions\/10739"}],"wp:attachment":[{"href":"https:\/\/www.mouthiers-sur-boeme.fr\/index.php?rest_route=%2Fwp%2Fv2%2Fmedia&parent=10637"}],"curies":[{"name":"wp","href":"https:\/\/api.w.org\/{rel}","templated":true}]}}