{"id":10672,"date":"2024-02-04T09:26:23","date_gmt":"2024-02-04T08:26:23","guid":{"rendered":"https:\/\/www.mouthiers-sur-boeme.fr\/?page_id=10672"},"modified":"2024-02-07T09:30:01","modified_gmt":"2024-02-07T08:30:01","slug":"deliberations-2022","status":"publish","type":"page","link":"https:\/\/www.mouthiers-sur-boeme.fr\/?page_id=10672","title":{"rendered":"D\u00e9lib\u00e9rations 2022"},"content":{"rendered":"\n<p><strong>Janvier 2022<\/strong><\/p>\n\n\n\n<p><strong><a href=\"https:\/\/www.mouthiers-sur-boeme.fr\/wp-content\/uploads\/2024\/02\/D_2022_1_3-Imputation-des-biens-meubles-inferieur-\u0415-500.pdf\">D_2022_1_3 Imputation des biens meubles inf\u00e9rieurs \u00e0 500\u20ac<\/a><\/strong><\/p>\n\n\n\n<p><strong><a href=\"https:\/\/www.mouthiers-sur-boeme.fr\/wp-content\/uploads\/2024\/02\/D_2022_1_4-Campagne-de-sterilisation-des-chats-errants-2022.pdf\">D_2022_1_4 Campagne de st\u00e9rilisation des chats errants 2022<\/a><\/strong><\/p>\n\n\n\n<p><strong><a href=\"https:\/\/www.mouthiers-sur-boeme.fr\/wp-content\/uploads\/2024\/02\/D_2022_1_5-Dossier-Greuter-signature-convention-frais-honoraires-AMF.pdf\">D_2022_1_5 Dossier Greuter signature convention frais honoraires AMF<\/a><\/strong><\/p>\n\n\n\n<p><strong><a href=\"https:\/\/www.mouthiers-sur-boeme.fr\/wp-content\/uploads\/2024\/02\/D_2022_1_2-Ouverture-des-credits-en-section-dinvestissement.pdf\">D_2022_1_2 Ouverture des cr\u00e9dits en section d\u2019investissement<\/a><\/strong><\/p>\n\n\n\n<p><strong><a href=\"https:\/\/www.mouthiers-sur-boeme.fr\/wp-content\/uploads\/2024\/02\/D_2022_1_1-Caisse-des-ecoles-avance-sur-subvention.pdf\">D_2022_1_1 Caisse des \u00e9coles \u2013 avance sur subvention<\/a><\/strong><\/p>\n\n\n\n<p><strong>F\u00e9vrier 2022<\/strong><\/p>\n\n\n\n<p><strong><a href=\"https:\/\/www.mouthiers-sur-boeme.fr\/wp-content\/uploads\/2024\/02\/D_2022_2_1_Avance-subvention-FNCA-signee.pdf\">D_2022_2_1_Avance subvention FNCA sign\u00e9e<\/a><\/strong><\/p>\n\n\n\n<p><strong>Mars 2022<\/strong><\/p>\n\n\n\n<p><strong><a href=\"https:\/\/www.mouthiers-sur-boeme.fr\/wp-content\/uploads\/2024\/02\/D_2022_3_1-Acte-constitutif-biodechets-GA-vis\u0412.pdf\">D_2022_3_1 Acte constitutif biod\u00e9chets GA vis<\/a><\/strong>\u00e9<\/p>\n\n\n\n<p><strong><a href=\"https:\/\/www.mouthiers-sur-boeme.fr\/wp-content\/uploads\/2024\/02\/D_2022_3_1-Adhesion-Groupement-cdes-biodechets-GA.pdf\">D_2022_3_1 Adh\u00e9sion Groupement cdes biod\u00e9chets GA<\/a><\/strong><\/p>\n\n\n\n<p><strong><a href=\"https:\/\/www.mouthiers-sur-boeme.fr\/wp-content\/uploads\/2024\/02\/D_2022_3_2-Convention-delegation-de-competence-transports-scolaires.pdf\">D_2022_3_2 Convention d\u00e9l\u00e9gation de comp\u00e9tence transports scolaires<\/a><\/strong><\/p>\n\n\n\n<p><strong><a href=\"https:\/\/www.mouthiers-sur-boeme.fr\/wp-content\/uploads\/2024\/02\/D_2022_3_2-GA-Convention-transports-scolaires-vis\u0412.pdf\">D_2022_3_2 GA Convention transports scolaires vis\u00e9<\/a><\/strong><\/p>\n\n\n\n<p><strong><a href=\"https:\/\/www.mouthiers-sur-boeme.fr\/wp-content\/uploads\/2024\/02\/D_2022_3_3-Gpt_Formation-vis\u0412.pdf\">D_2022_3_3 Gpt_Formation vis\u00e9<\/a><\/strong><\/p>\n\n\n\n<p><strong><a href=\"https:\/\/www.mouthiers-sur-boeme.fr\/wp-content\/uploads\/2024\/02\/D_2022_3_3-Groupement-de-commandes-formation-personnel-2023-2026-GA.pdf\">D_2022_3_3 Groupement de commandes formation personnel 2023 2026 GA<\/a><\/strong><\/p>\n\n\n\n<p><strong><a href=\"https:\/\/www.mouthiers-sur-boeme.fr\/wp-content\/uploads\/2024\/02\/D_2022_3_4-Avance-subvention-effervescentre-solde-2021.pdf\">D_2022_3_4 Avance subvention effervescentre solde 2021<\/a><\/strong><\/p>\n\n\n\n<p><strong><a href=\"https:\/\/www.mouthiers-sur-boeme.fr\/wp-content\/uploads\/2024\/02\/D_2022_3_5-Approbation-du-rapport-CLECT-6-12-2021.pdf\">D_2022_3_5 Approbation du rapport CLECT 6 12 2021<\/a><\/strong><\/p>\n\n\n\n<p><strong><a href=\"https:\/\/www.mouthiers-sur-boeme.fr\/wp-content\/uploads\/2024\/02\/D_2022_3_5-GA-Rapport-definitif-de-la-CLECT-06-DECEMBRE-2021-vis\u0412.pdf\">D_2022_3_5 GA Rapport d\u00e9finitif de la CLECT 06 DECEMBRE 2021 vis\u00e9<\/a><\/strong><\/p>\n\n\n\n<p><strong><a href=\"https:\/\/www.mouthiers-sur-boeme.fr\/wp-content\/uploads\/2024\/02\/D_2022_3_6-Avenant-contrat-de-mise-a-disposition-GE16.pdf\">D_2022_3_6 Avenant contrat de mise \u00e0 disposition GE16<\/a><\/strong><\/p>\n\n\n\n<p><strong><a href=\"https:\/\/www.mouthiers-sur-boeme.fr\/wp-content\/uploads\/2024\/02\/D_2022_3_6-Avenant-contrat-MAD-Fabien-PETIT_GE16.pdf\">D_2022_3_6 Avenant contrat MAD Fabien PETIT_GE16<\/a><\/strong><\/p>\n\n\n\n<p><strong><a href=\"https:\/\/www.mouthiers-sur-boeme.fr\/wp-content\/uploads\/2024\/02\/D_2022_3_7-Cantines-a-1E-tarification-sociale-des-cantines.pdf\">D_2022_3_7 Cantines \u00e0 1\u20ac tarification sociale des cantines<\/a><\/strong><\/p>\n\n\n\n<p><strong><a href=\"https:\/\/www.mouthiers-sur-boeme.fr\/wp-content\/uploads\/2024\/02\/D_2022_3_8-Participation-mise-en-oeuvre-demarche-ACTEE-2-GA.pdf\">D_2022_3_8 Participation mise en \u0153uvre d\u00e9marche ACTEE 2 GA<\/a><\/strong><\/p>\n\n\n\n<p><strong><a href=\"https:\/\/www.mouthiers-sur-boeme.fr\/wp-content\/uploads\/2024\/02\/D_2022_3_9-Subvention-pour-lUkraine-via-le-Secours-Populaire.pdf\">D_2022_3_9 Subvention pour l\u2019Ukraine via le Secours Populaire<\/a><\/strong><\/p>\n\n\n\n<p><strong>Avril 2022<\/strong><\/p>\n\n\n\n<p><strong>Mai 2022<\/strong><\/p>\n\n\n\n<p><strong><a href=\"https:\/\/www.mouthiers-sur-boeme.fr\/wp-content\/uploads\/2024\/02\/D_2022_5_1-Approbation-compte-de-gestion-2021-MOUTHIERS.pdf\">D_2022_5_1 Approbation compte de gestion 2021 MOUTHIERS<\/a><\/strong><\/p>\n\n\n\n<p><a href=\"https:\/\/www.mouthiers-sur-boeme.fr\/wp-content\/uploads\/2024\/02\/D_2022_5_2-APPROBATION-COMPTE-ADMINISTRATIF-2021-COMMUNE.pdf\"><strong>D_2022_5_2 APPROBATION COMPTE ADMINISTRATIF 2021 COMMUNE<\/strong><\/a><\/p>\n\n\n\n<p><strong><a href=\"https:\/\/www.mouthiers-sur-boeme.fr\/wp-content\/uploads\/2024\/02\/D_2022_5_2-APPROBATION-COMPTE-ADMINISTRATIF-2021-MOUTHIERS.pdf\">D_2022_5_2 APPROBATION COMPTE ADMINISTRATIF 2021 MOUTHIERS<\/a><\/strong><\/p>\n\n\n\n<p><strong><a href=\"https:\/\/www.mouthiers-sur-boeme.fr\/wp-content\/uploads\/2024\/02\/D_2022_5_3-AFFECTATION-RESULTAT-2021-BUDGET-MOUTHIERS.pdf\">D_2022_5_3 AFFECTATION R\u00c9SULTAT 2021 BUDGET MOUTHIERS<\/a><\/strong><\/p>\n\n\n\n<p><strong><a href=\"https:\/\/www.mouthiers-sur-boeme.fr\/wp-content\/uploads\/2024\/02\/D_2022_5_4-APPROBATION-COMPTE-DE-GESTION-2021-TRANSPORT.pdf\">D_2022_5_4 APPROBATION COMPTE DE GESTION 2021 TRANSPORT<\/a><\/strong><\/p>\n\n\n\n<p><strong><a href=\"https:\/\/www.mouthiers-sur-boeme.fr\/wp-content\/uploads\/2024\/02\/D_2022_5_5-APPROBATION-COMPTE-ADMINISTRATIF-2021-TRANSPORT.pdf\">D_2022_5_5 APPROBATION COMPTE ADMINISTRATIF 2021 TRANSPORT<\/a><\/strong><\/p>\n\n\n\n<p><strong><a href=\"https:\/\/www.mouthiers-sur-boeme.fr\/wp-content\/uploads\/2024\/02\/D_2022_5_6-AFFECTATION-RESULTAT-2021-BUDGET-TRANSPORT.pdf\">D_2022_5_6 AFFECTATION R\u00c9SULTAT 2021 BUDGET TRANSPORT<\/a><\/strong><\/p>\n\n\n\n<p><strong><a href=\"https:\/\/www.mouthiers-sur-boeme.fr\/wp-content\/uploads\/2024\/02\/D_2022_5_7-APPROBATION-COMPTE-DE-GESTION-2021-PHOTOVOLTAIQUE.pdf\">D_2022_5_7 APPROBATION COMPTE DE GESTION 2021 PHOTOVOLTA\u00cfQUE<\/a><\/strong><\/p>\n\n\n\n<p><strong><a href=\"https:\/\/www.mouthiers-sur-boeme.fr\/wp-content\/uploads\/2024\/02\/D_2022_5_8-APPROBATION-COMPTE-ADMINISTRATIF-2021-PHOTOVOLTAIQUE.pdf\">D_2022_5_8 APPROBATION COMPTE ADMINISTRATIF 2021 PHOTOVOLTA\u00cfQUE<\/a><\/strong><\/p>\n\n\n\n<p><strong><a href=\"https:\/\/www.mouthiers-sur-boeme.fr\/wp-content\/uploads\/2024\/02\/D_2022_5_9-AFFECTATION-RESULTAT-2021-BUDGET-PHOTOVOLTAIQUE.pdf\">D_2022_5_9 AFFECTATION RESULTAT 2021 BUDGET PHOTOVOLTA\u00cfQUE<\/a><\/strong><\/p>\n\n\n\n<p><strong><a href=\"https:\/\/www.mouthiers-sur-boeme.fr\/wp-content\/uploads\/2024\/02\/D_2022_5_10-APPROBATION-COMPTE-DE-GESTION-2021-LOGEMENTS.pdf\">D_2022_5_10 APPROBATION COMPTE DE GESTION 2021 LOGEMENTS<\/a><\/strong><\/p>\n\n\n\n<p><strong><a href=\"https:\/\/www.mouthiers-sur-boeme.fr\/wp-content\/uploads\/2024\/02\/D_2022_5_11-APPROBATION-COMPTE-ADMINISTRATIF-2021-LOGEMENTS.pdf\">D_2022_5_11 APPROBATION COMPTE ADMINISTRATIF 2021 LOGEMENTS<\/a><\/strong><\/p>\n\n\n\n<p><strong><a href=\"https:\/\/www.mouthiers-sur-boeme.fr\/wp-content\/uploads\/2024\/02\/D_2022_5_12-AFFECTATION-RESULTAT-2021-BUDGET-LOGEMENTS.pdf\">D_2022_5_12 AFFECTATION R\u00c9SULTAT 2021 BUDGET LOGEMENTS<\/a><\/strong><\/p>\n\n\n\n<p><strong><a href=\"https:\/\/www.mouthiers-sur-boeme.fr\/wp-content\/uploads\/2024\/02\/D_2022_5_13-VOTE-DU-BUDGET-PRIMITIF-2022-MOUTHIERS.pdf\">D_2022_5_13 VOTE DU BUDGET PRIMITIF 2022 MOUTHIERS<\/a><\/strong><\/p>\n\n\n\n<p><strong><a href=\"https:\/\/www.mouthiers-sur-boeme.fr\/wp-content\/uploads\/2024\/02\/D_2022_5_14-VOTE-DU-BUDGET-PRIMITIF-2022-TRANSPORT.pdf\">D_2022_5_14 VOTE DU BUDGET PRIMITIF 2022 TRANSPORT<\/a><\/strong><\/p>\n\n\n\n<p><strong><a href=\"https:\/\/www.mouthiers-sur-boeme.fr\/wp-content\/uploads\/2024\/02\/D_2022_5_15-VOTE-DU-BUDGET-PRIMITIF-2022-PHOTOVOLTAIQUE.pdf\">D_2022_5_15 VOTE DU BUDGET PRIMITIF 2022 PHOTOVOLTA\u00cfQUE<\/a><\/strong><\/p>\n\n\n\n<p><strong><a href=\"https:\/\/www.mouthiers-sur-boeme.fr\/wp-content\/uploads\/2024\/02\/D_2022_5_16-VOTE-DU-BUDGET-PRIMITIF-2022-LOGEMENTS.pdf\">D_2022_5_16 VOTE DU BUDGET PRIMITIF 2022 LOGEMENTS<\/a><\/strong><\/p>\n\n\n\n<p><strong><a href=\"https:\/\/www.mouthiers-sur-boeme.fr\/wp-content\/uploads\/2024\/02\/D_2022_5_17-VOTE-DES-TAUX-TAXES-LOCALES.pdf\">D_2022_5_17 VOTE DES TAUX TAXES LOCALES<\/a><\/strong><\/p>\n\n\n\n<p><strong><a href=\"https:\/\/www.mouthiers-sur-boeme.fr\/wp-content\/uploads\/2024\/02\/D_2022_5_18-ADHESIONS-AUX-ORGANISMES-2022.pdf\">D_2022_5_18 ADH\u00c9SIONS AUX ORGANISMES 2022<\/a><\/strong><\/p>\n\n\n\n<p><strong><a href=\"https:\/\/www.mouthiers-sur-boeme.fr\/wp-content\/uploads\/2024\/02\/D_2022_5_19-SUBVENTIONS-AUX-ASSOCIATIONS-2022.pdf\">D_2022_5_19 SUBVENTIONS AUX ASSOCIATIONS 2022<\/a><\/strong><\/p>\n\n\n\n<p><strong><a href=\"https:\/\/www.mouthiers-sur-boeme.fr\/wp-content\/uploads\/2024\/02\/D_2022_5_20A-participation-ALSH-journ\u0412e-pour-2022.pdf\">D_2022_5_20A participation ALSH journ\u00e9e pour 2022<\/a><\/strong><\/p>\n\n\n\n<p><strong><a href=\"https:\/\/www.mouthiers-sur-boeme.fr\/wp-content\/uploads\/2024\/02\/D_2022_5_21Reversement-de-lexcedent-des-panneaux-photovoltaiques-au-BP.pdf\">D_2022_5_21Reversement de l\u2019exc\u00e9dent des panneaux photovolta\u00efques au BP<\/a><\/strong><\/p>\n\n\n\n<p><strong><a href=\"https:\/\/www.mouthiers-sur-boeme.fr\/wp-content\/uploads\/2024\/02\/D_2022_5_22-Reversement-de-de-la-cotisation-assurance-au-Budget-Photovoltaique.pdf\">D_2022_5_22 Reversement de de la cotisation assurance au Budget Photovolta\u00efque<\/a><\/strong><\/p>\n\n\n\n<p><strong><a href=\"https:\/\/www.mouthiers-sur-boeme.fr\/wp-content\/uploads\/2024\/02\/D_2022_5_23-Signature-contrat-N-Elec-compteur-provisoire-Gare.pdf\">D_2022_5_23 Signature contrat N Elec compteur provisoire Gare<\/a><\/strong><\/p>\n\n\n\n<p><strong><a href=\"https:\/\/www.mouthiers-sur-boeme.fr\/wp-content\/uploads\/2024\/02\/D_2022_5_25-MODIFICATION-TARIFS-SERVICES-COMMUNAUX.pdf\">D_2022_5_25 MODIFICATION TARIFS SERVICES COMMUNAUX<\/a><\/strong><\/p>\n\n\n\n<p><strong><a href=\"https:\/\/www.mouthiers-sur-boeme.fr\/wp-content\/uploads\/2024\/02\/D_2022_5_27A-Signature-contrat-saisonnier-avec-GE16.pdf\">D_2022_5_27A Signature contrat saisonnier avec GE16<\/a><\/strong><\/p>\n\n\n\n<p><strong><a href=\"https:\/\/www.mouthiers-sur-boeme.fr\/wp-content\/uploads\/2024\/02\/D_2022_5_27-SIGNATURE-CONTRAT-GE-16.pdf\">D_2022_5_27 SIGNATURE CONTRAT GE 16<\/a><\/strong><\/p>\n\n\n\n<p><strong><a href=\"https:\/\/www.mouthiers-sur-boeme.fr\/wp-content\/uploads\/2024\/02\/D_2022_5_28-RECRUTEMENT-AGENTS-CONTRACTUELS-REMPLACANTS.pdf\">D_2022_5_28 RECRUTEMENT AGENTS CONTRACTUELS REMPLA\u00c7ANTS<\/a><\/strong><\/p>\n\n\n\n<p><strong><a href=\"https:\/\/www.mouthiers-sur-boeme.fr\/wp-content\/uploads\/2024\/02\/D_2022_5_30A-Accroissement-temporaire-dactivite-signature-CDG-16-mise-a-disposition.pdf\">D_2022_5_30A Accroissement temporaire d\u2019activit\u00e9 signature CDG 16 mise \u00e0 disposition<\/a><\/strong><\/p>\n\n\n\n<p><strong><a href=\"https:\/\/www.mouthiers-sur-boeme.fr\/wp-content\/uploads\/2024\/02\/D_2022_5_30-CREATION-EMPLOI-NON-PERMANENT-ACCROISSEMENT-ACTIVITE.pdf\">D_2022_5_30 CR\u00c9ATION EMPLOI NON PERMANENT ACCROISSEMENT ACTIVIT\u00c9<\/a><\/strong><\/p>\n\n\n\n<p><strong><a href=\"https:\/\/www.mouthiers-sur-boeme.fr\/wp-content\/uploads\/2024\/02\/D_2022_5_31-Subvention-2022-Effervescentre.pdf\">D_2022_5_31 Subvention 2022 Effervescentre<\/a><\/strong><\/p>\n\n\n\n<p><strong><a href=\"https:\/\/www.mouthiers-sur-boeme.fr\/wp-content\/uploads\/2024\/02\/D_2022_5_32-Arret-projet-gare.pdf\">D_2022_5_32 Arr\u00eat projet gare<\/a><\/strong><\/p>\n\n\n\n<p><strong><a href=\"https:\/\/www.mouthiers-sur-boeme.fr\/wp-content\/uploads\/2024\/02\/D_2022_5_33-Evolution-du-transport-scolaire-2022.pdf\">D_2022_5_33 \u00c9volution du transport scolaire 2022<\/a><\/strong><\/p>\n\n\n\n<p><strong>Juin 2022<\/strong><\/p>\n\n\n\n<p><strong><a href=\"https:\/\/www.mouthiers-sur-boeme.fr\/wp-content\/uploads\/2024\/02\/D_2022_6_1-Ecoles-accueil-des-enfants-des-gens-du-voyage.pdf\">D_2022_6_1 \u00c9coles accueil des enfants des gens du voyage<\/a><\/strong><\/p>\n\n\n\n<p><strong><a href=\"https:\/\/www.mouthiers-sur-boeme.fr\/wp-content\/uploads\/2024\/02\/D_2022_6_2-RH-Mise-en-place-temps-de-travail-1607h-signe.pdf\">D_2022_6_2 RH Mise en place temps de travail 1607h sign\u00e9<\/a><\/strong><\/p>\n\n\n\n<p><strong><a href=\"https:\/\/www.mouthiers-sur-boeme.fr\/wp-content\/uploads\/2024\/02\/D_2022_6_3-Participation-aux-frais-de-fonctionnement-des-ecoles-publiques-maternelles-et-\u0412l\u0412mentaires-de-Mouthiers-sur-Boeme-pour-les-communes-exterieures-2021-2022.pdf\">D_2022_6_3 Participation aux frais de fonctionnement des \u00e9coles publiques maternelles et \u00e9l\u00e9mentaires de Mouthiers sur Bo\u00ebme pour les communes ext\u00e9rieures 2021 2022<\/a><\/strong><\/p>\n\n\n\n<p><strong>Juillet 2022<\/strong><\/p>\n\n\n\n<p><strong><a href=\"https:\/\/www.mouthiers-sur-boeme.fr\/wp-content\/uploads\/2024\/02\/D_2022_7_1-DM-1-BG.pdf\">D_2022_7_1 DM 1 BG<\/a><\/strong><\/p>\n\n\n\n<p><strong><a href=\"https:\/\/www.mouthiers-sur-boeme.fr\/wp-content\/uploads\/2024\/02\/D_2022_7_2-Redevances-2022-GRDF.pdf\">D_2022_7_2 Redevances 2022 GRDF<\/a><\/strong><\/p>\n\n\n\n<p><strong><a href=\"https:\/\/www.mouthiers-sur-boeme.fr\/wp-content\/uploads\/2024\/02\/D_2022_7_3A-Revision-salariale-ASS-MAT.pdf\">D_2022_7_3A R\u00e9vision salariale ASS MAT<\/a><\/strong><\/p>\n\n\n\n<p><strong><a href=\"https:\/\/www.mouthiers-sur-boeme.fr\/wp-content\/uploads\/2024\/02\/D_2022_7_3-Revision-salariale-ASS-MAT.pdf\">D_2022_7_3 R\u00e9vision salariale ASS MAT<\/a><\/strong><\/p>\n\n\n\n<p><strong><a href=\"https:\/\/www.mouthiers-sur-boeme.fr\/wp-content\/uploads\/2024\/02\/D_2022_7_4A-Remboursements-frais-deplacement.pdf\">D_2022_7_4A Remboursements frais d\u00e9placement<\/a><\/strong><\/p>\n\n\n\n<p><strong><a href=\"https:\/\/www.mouthiers-sur-boeme.fr\/wp-content\/uploads\/2024\/02\/D_2022_7_4-Remboursement-frais-deplacement.pdf\">D_2022_7_4 Remboursement frais d\u00e9placement<\/a><\/strong><\/p>\n\n\n\n<p><strong><a href=\"https:\/\/www.mouthiers-sur-boeme.fr\/wp-content\/uploads\/2024\/02\/D_2022_7_5-Acquisition-fonciere-passage-impasse-de-lusine.pdf\">D_2022_7_5 Acquisition fonci\u00e8re passage impasse de l\u2019usine<\/a><\/strong><\/p>\n\n\n\n<p><strong><a href=\"https:\/\/www.mouthiers-sur-boeme.fr\/wp-content\/uploads\/2024\/02\/D_2022_7_6-Autorisation-de-stationnement-sur-lespace-public-immeuble-M-Dedieu.pdf\">D_2022_7_6 Autorisation de stationnement sur l\u2019espace public \u2013 immeuble M Dedieu<\/a><\/strong><\/p>\n\n\n\n<p><strong><a href=\"https:\/\/www.mouthiers-sur-boeme.fr\/wp-content\/uploads\/2024\/02\/D_2022_7_7-Modification-reglement-interieur-papillon-lecture.pdf\">D_2022_7_7 Modification r\u00e8glement int\u00e9rieur papillon lecture<\/a><\/strong><\/p>\n\n\n\n<p><strong><a href=\"https:\/\/www.mouthiers-sur-boeme.fr\/wp-content\/uploads\/2024\/02\/D_2022_7_8-SDEG-16-Extension-raccordement-reseau-public-delectricite-chemin-de-la-Croix-Ronde-parcelles-AB-165-166.pdf\">D_2022_7_8 SDEG 16 Extension raccordement r\u00e9seau public d\u2019\u00e9lectricit\u00e9 chemin de la Croix Ronde parcelles AB 165 166<\/a><\/strong><\/p>\n\n\n\n<p><strong><a href=\"https:\/\/www.mouthiers-sur-boeme.fr\/wp-content\/uploads\/2024\/02\/D_2022_7_9-Accroissement-temporaire-acte-du-20-06-au-02-09-22.pdf\">D_2022_7_9 Accroissement temporaire act\u00e9 du 20 06 au 02 09 22<\/a><\/strong><\/p>\n\n\n\n<p><strong>Aout 2022<\/strong><\/p>\n\n\n\n<p><strong><a href=\"https:\/\/www.mouthiers-sur-boeme.fr\/wp-content\/uploads\/2024\/02\/D_2022_8_1A-Groupement-commandes-carburants-GA.pdf\">D_2022_8_1A Groupement commandes carburants GA<\/a><\/strong><\/p>\n\n\n\n<p><strong><a href=\"https:\/\/www.mouthiers-sur-boeme.fr\/wp-content\/uploads\/2024\/02\/D_2022_8_2-Creation-dun-emploi-permanent-au-service-technique.pdf\">D_2022_8_2 Cr\u00e9ation d\u2019un emploi permanent au service technique<\/a><\/strong><\/p>\n\n\n\n<p><strong><a href=\"https:\/\/www.mouthiers-sur-boeme.fr\/wp-content\/uploads\/2024\/02\/D_2022_8_4-Publicite-des-actes-des-assemblees-deliberantes.pdf\">D_2022_8_4 Publicit\u00e9 des actes des assembl\u00e9es d\u00e9lib\u00e9rantes<\/a><\/strong><\/p>\n\n\n\n<p><strong><a href=\"https:\/\/www.mouthiers-sur-boeme.fr\/wp-content\/uploads\/2024\/02\/D_2022_8_5A-Service-de-delivrance-des-CNI-Passeports.pdf\">D_2022_8_5A Service de d\u00e9livrance des CNI Passeports<\/a><\/strong><\/p>\n\n\n\n<p><strong><a href=\"https:\/\/www.mouthiers-sur-boeme.fr\/wp-content\/uploads\/2024\/02\/D_2022_8_6-Actualisation-deliberation-fetes-et-ceremonies-6232.pdf\">D_2022_8_6 Actualisation d\u00e9lib\u00e9ration f\u00eates et c\u00e9r\u00e9monies 6232<\/a><\/strong><\/p>\n\n\n\n<p><strong><a href=\"https:\/\/www.mouthiers-sur-boeme.fr\/wp-content\/uploads\/2024\/02\/D_2022_8_7-Ouverture-compte-DFT.pdf\">D_2022_8_7 Ouverture compte DFT<\/a><\/strong><\/p>\n\n\n\n<p><strong><a href=\"https:\/\/www.mouthiers-sur-boeme.fr\/wp-content\/uploads\/2024\/02\/D_2022_8_8-Evolution-du-service-transport.pdf\">D_2022_8_8 \u00c9volution du service transport<\/a><\/strong><\/p>\n\n\n\n<p><strong>Septembre 2022<\/strong><\/p>\n\n\n\n<p><strong><a href=\"https:\/\/www.mouthiers-sur-boeme.fr\/wp-content\/uploads\/2024\/02\/D_2022_9_1-DM-2.pdf\">D_2022_9_1 DM 2<\/a><\/strong><\/p>\n\n\n\n<p><strong><a href=\"https:\/\/www.mouthiers-sur-boeme.fr\/wp-content\/uploads\/2024\/02\/D_2022_9_2-Fermeture-regie-location-materiel-salle-Gilles-Ploquin.pdf\">D_2022_9_2 Fermeture r\u00e9gie location mat\u00e9riel salle Gilles Ploquin<\/a><\/strong><\/p>\n\n\n\n<p><strong><a href=\"https:\/\/www.mouthiers-sur-boeme.fr\/wp-content\/uploads\/2024\/02\/D_2022_9_3-RH-Mise-a-jour-tableau-des-emplois-annexe.pdf\">D_2022_9_3 RH Mise \u00e0 jour tableau des emplois annexe<\/a><\/strong><\/p>\n\n\n\n<p><strong><a href=\"https:\/\/www.mouthiers-sur-boeme.fr\/wp-content\/uploads\/2024\/02\/D_2022_9_3-RH-mise-a-jour-tableau-des-emplois.pdf\">D_2022_9_3 RH mise \u00e0 jour tableau des emplois<\/a><\/strong><\/p>\n\n\n\n<p><strong><a href=\"https:\/\/www.mouthiers-sur-boeme.fr\/wp-content\/uploads\/2024\/02\/D_2022_9_3-RH-Mise-a-jour-tableau-des-emplois-annexe.pdf\">D_2022_9_3 RH Mise \u00e0 jour tableau des emplois annexe<\/a><\/strong><\/p>\n\n\n\n<p><strong><a href=\"https:\/\/www.mouthiers-sur-boeme.fr\/wp-content\/uploads\/2024\/02\/D_2022_9_3-RH-mise-a-jour-tableau-des-emplois.pdf\">D_2022_9_3 RH mise \u00e0 jour tableau des emplois<\/a><\/strong><\/p>\n\n\n\n<p><strong><a href=\"https:\/\/www.mouthiers-sur-boeme.fr\/wp-content\/uploads\/2024\/02\/D_2022_9_5-Indemnite-gardiennage-Eglise-2022.pdf\">D_2022_9_5 Indemnit\u00e9 gardiennage \u00c9glise 2022<\/a><\/strong><\/p>\n\n\n\n<p><strong><a href=\"https:\/\/www.mouthiers-sur-boeme.fr\/wp-content\/uploads\/2024\/02\/D_2022_9_6A-Regie-transport-cession-du-grand-bus.pdf\">D_2022_9_6A R\u00e9gie transport cession du grand bus<\/a><\/strong><\/p>\n\n\n\n<p><strong><a href=\"https:\/\/www.mouthiers-sur-boeme.fr\/wp-content\/uploads\/2024\/02\/D_2022_9_7-Regie-transport-tarifs-rentree-2022-2023.pdf\">D_2022_9_7 R\u00e9gie transport tarifs rentr\u00e9e 2022 2023<\/a><\/strong><\/p>\n\n\n\n<p><strong><a href=\"https:\/\/www.mouthiers-sur-boeme.fr\/wp-content\/uploads\/2024\/02\/D_2022_9_8-Actualisation-de-lindemnite-de-fonction-des-elus.pdf\">D_2022_9_8 Actualisation de l\u2019indemnit\u00e9 de fonction des \u00e9lus<\/a><\/strong><\/p>\n\n\n\n<p><strong><a href=\"https:\/\/www.mouthiers-sur-boeme.fr\/wp-content\/uploads\/2024\/02\/D_2022_9_9-Adhesion-les-petits-debrouillards.pdf\">D_2022_9_9 Adh\u00e9sion les petits d\u00e9brouillards<\/a><\/strong><\/p>\n\n\n\n<p><strong>Octobre 2022<\/strong><\/p>\n\n\n\n<p><strong><a href=\"https:\/\/www.mouthiers-sur-boeme.fr\/wp-content\/uploads\/2024\/02\/D_2022_10_1-Tarifs-des-services-communaux.pdf\">D_2022_10_1 Tarifs des services communaux<\/a><\/strong><\/p>\n\n\n\n<p><strong><a href=\"https:\/\/www.mouthiers-sur-boeme.fr\/wp-content\/uploads\/2024\/02\/D_2022_10_2-Participation-aux-frais-de-fonctionnement-creche.pdf\">D_2022_10_2 Participation aux frais de fonctionnement cr\u00e8che<\/a><\/strong><\/p>\n\n\n\n<p><strong><a href=\"https:\/\/www.mouthiers-sur-boeme.fr\/wp-content\/uploads\/2024\/02\/D_2022_10_3-Declaration-catastrophe-naturelle-2022.pdf\">D_2022_10_3 D\u00e9claration catastrophe naturelle 2022<\/a><\/strong><\/p>\n\n\n\n<p><strong><a href=\"https:\/\/www.mouthiers-sur-boeme.fr\/wp-content\/uploads\/2024\/02\/D_2022_10_4-Marche-rehabilitation-5-logements-penalites-MOE-Neyrat.pdf\">D_2022_10_4 March\u00e9 r\u00e9habilitation 5 logements \u2013 p\u00e9nalit\u00e9s MOE Neyrat<\/a><\/strong><\/p>\n\n\n\n<p><strong><a href=\"https:\/\/www.mouthiers-sur-boeme.fr\/wp-content\/uploads\/2024\/02\/D_2022_10_5B-Convention-de-prestation-de-service-accompagnant-sante.pdf\">D_2022_10_5B Convention de prestation de service accompagnant sant\u00e9<\/a><\/strong><\/p>\n\n\n\n<p><strong><a href=\"https:\/\/www.mouthiers-sur-boeme.fr\/wp-content\/uploads\/2024\/02\/D_2022_10_6-Forfait-chauffage-2022-salle-Gilles-Ploquin.pdf\">D_2022_10_6 Forfait chauffage 2022 salle Gilles Ploquin<\/a><\/strong><\/p>\n\n\n\n<p><strong>Novembre 2022<\/strong><\/p>\n\n\n\n<p><strong><a href=\"https:\/\/www.mouthiers-sur-boeme.fr\/wp-content\/uploads\/2024\/02\/D_2022_11_2-Creation-supplementaire-postes-pour-AV-de-grades-2022.pdf\">D_2022_11_2 Cr\u00e9ation suppl\u00e9mentaire postes pour AV de grades 2022<\/a><\/strong><\/p>\n\n\n\n<p><strong><a href=\"https:\/\/www.mouthiers-sur-boeme.fr\/wp-content\/uploads\/2024\/02\/D_2022_11_3-Revision_PDIPR_MouthierssurBoeme-vis\u0412.pdf\">D_2022_11_3 R\u00e9vision_PDIPR_MouthierssurBo\u00ebme vis\u00e9<\/a><\/strong><\/p>\n\n\n\n<p><strong><a href=\"https:\/\/www.mouthiers-sur-boeme.fr\/wp-content\/uploads\/2024\/02\/D_2022_11_3-Annexe1-recap-vis\u0412-chemins-ruraux.pdf\">D_2022_11_3 Annexe1 r\u00e9cap vis\u00e9 chemins ruraux<\/a><\/strong><\/p>\n\n\n\n<p><strong><a href=\"https:\/\/www.mouthiers-sur-boeme.fr\/wp-content\/uploads\/2024\/02\/D_2022_11_3-Carte_Bilan-Inscription-CR_Mouthiers-sur-Boeme-vis\u0412.pdf\">D_2022_11_3 Carte_Bilan Inscription CR_Mouthiers sur Bo\u00ebme vis\u00e9<\/a><\/strong><\/p>\n\n\n\n<p><strong><a href=\"https:\/\/www.mouthiers-sur-boeme.fr\/wp-content\/uploads\/2024\/02\/D_2022_11_3-PDIPR-chemins-de-randonnee.pdf\">D_2022_11_3 PDIPR chemins de randonn\u00e9e<\/a><\/strong><\/p>\n\n\n\n<p><strong><a href=\"https:\/\/www.mouthiers-sur-boeme.fr\/wp-content\/uploads\/2024\/02\/D_2022_11_4-Convention-servitude-M-Nicoleau.pdf\">D_2022_11_4 Convention servitude M Nicoleau<\/a><\/strong><\/p>\n\n\n\n<p><strong><a href=\"https:\/\/www.mouthiers-sur-boeme.fr\/wp-content\/uploads\/2024\/02\/D_2022_11_5-convention-La-Couronne-participation-frais-scolarite.pdf\">D_2022_11_5 convention La Couronne participation frais scolarit\u00e9<\/a><\/strong><\/p>\n\n\n\n<p><strong><a href=\"https:\/\/www.mouthiers-sur-boeme.fr\/wp-content\/uploads\/2024\/02\/D_2022_11_6-Valorisation-des-logements-8-rue-de-lEglise-et-55-Rue-de-la-Boeme.pdf\">D_2022_11_6 Valorisation des logements 8 rue de l\u2019\u00c9glise et 55 Rue de la Bo\u00ebme<\/a><\/strong><\/p>\n\n\n\n<p><strong>D\u00e9cembre 2022<\/strong><\/p>\n\n\n\n<p><strong><a href=\"https:\/\/www.mouthiers-sur-boeme.fr\/wp-content\/uploads\/2024\/02\/D_2022_12_-1-DM-3-BG.pdf\">D_2022_12_ 1 DM 3 BG<\/a><\/strong><\/p>\n\n\n\n<p><strong><a href=\"https:\/\/www.mouthiers-sur-boeme.fr\/wp-content\/uploads\/2024\/02\/D_2022_12_-2-DM-1-Transport.pdf\">D_2022_12_ 2 DM 1 Transport<\/a><\/strong><\/p>\n\n\n\n<p><strong><a href=\"https:\/\/www.mouthiers-sur-boeme.fr\/wp-content\/uploads\/2024\/02\/D_2022_12_3-Convention-financiere-CET-M-DURIEU-DU-PRADEL.pdf\">D_2022_12_3 Convention financi\u00e8re CET M DURIEU DU PRADEL<\/a><\/strong><\/p>\n\n\n\n<p><strong><a href=\"https:\/\/www.mouthiers-sur-boeme.fr\/wp-content\/uploads\/2024\/02\/D_2022_12_4-Creation-emploi-permanent-EJE.pdf\">D_2022_12_4 Cr\u00e9ation emploi permanent EJE<\/a><\/strong><\/p>\n\n\n\n<p><strong><a href=\"https:\/\/www.mouthiers-sur-boeme.fr\/wp-content\/uploads\/2024\/02\/D_2022_12_5-Creation-emploi-non-permanent-adjoint-technique-ppal-de-2classe.pdf\">D_2022_12_5 Cr\u00e9ation emploi non permanent adjoint technique ppal de 2classe<\/a><\/strong><\/p>\n\n\n\n<p><strong><a href=\"https:\/\/www.mouthiers-sur-boeme.fr\/wp-content\/uploads\/2024\/02\/D_2022_12_-6-Convention-Effervescentre-pause-meridienne.pdf\">D_2022_12_ 6 Convention Effervescentre pause m\u00e9ridienne<\/a><\/strong><\/p>\n\n\n\n<p><strong><a href=\"https:\/\/www.mouthiers-sur-boeme.fr\/wp-content\/uploads\/2024\/02\/D_2022_12_-7-SDEG-Travaux-communications-electroniques-creche.pdf\">D_2022_12_ 7 SDEG Travaux communications \u00e9lectroniques cr\u00eache<\/a><\/strong><\/p>\n\n\n\n<p><strong><a href=\"https:\/\/www.mouthiers-sur-boeme.fr\/wp-content\/uploads\/2024\/02\/D_2022_12_-8-Signature-convention-LPO-mise-en-oeuvre-plan-de-gestion-simplifie.pdf\">D_2022_12_ 8 Signature convention LPO mise en \u0153uvre plan de gestion simplifi\u00e9<\/a><\/strong><\/p>\n\n\n\n<p><strong><a href=\"https:\/\/www.mouthiers-sur-boeme.fr\/wp-content\/uploads\/2024\/02\/D_2022_13_1-Actualisation-des-frais-de-fonctionnement-des-Ecoles-annexe.pdf\">D_2022_13_1 Actualisation des frais de fonctionnement des \u00c9coles + annexe<\/a><\/strong><\/p>\n\n\n\n<p><strong><a href=\"https:\/\/www.mouthiers-sur-boeme.fr\/wp-content\/uploads\/2024\/02\/D_2022_13_1-Annexe-cout-de-fonctionnement-Ecoles-2021-2022-vis\u0412.pdf\">D_2022_13_1 Annexe co\u00fbt de fonctionnement \u00c9coles 2021 2022 vis\u00e9<\/a><\/strong><\/p>\n\n\n\n<p><strong><a href=\"https:\/\/www.mouthiers-sur-boeme.fr\/wp-content\/uploads\/2024\/02\/D_2022_13_2-Revision-des-loyers-2023.pdf\">D_2022_13_2 R\u00e9vision des loyers 2023<\/a><\/strong><\/p>\n\n\n\n<p><strong><a href=\"https:\/\/www.mouthiers-sur-boeme.fr\/wp-content\/uploads\/2024\/02\/D_2022_13_3-Valorisation-actif-du-logement-8-rue-de-lEglise.pdf\">D_2022_13_3 Valorisation actif du logement 8 rue de l\u2019\u00c9glise<\/a><\/strong><\/p>\n\n\n\n<p><strong><a href=\"https:\/\/www.mouthiers-sur-boeme.fr\/wp-content\/uploads\/2024\/02\/D_2022_13_4-Modification-des-tarifs-des-services-communaux-2023.pdf\">D_2022_13_4 Modification des tarifs des services communaux 2023<\/a><\/strong><\/p>\n\n\n\n<p><strong><a href=\"https:\/\/www.mouthiers-sur-boeme.fr\/wp-content\/uploads\/2024\/02\/D_2022_13_5-Motion-consequences-crise-economique-et-financiere.pdf\">D_2022_13_5 Motion cons\u00e9quences crise \u00e9conomique et financi\u00e8re<\/a><\/strong><\/p>\n\n\n\n<p><strong><a href=\"https:\/\/www.mouthiers-sur-boeme.fr\/wp-content\/uploads\/2024\/02\/D_2022_13_10-Signature-convention-MPP-2023.pdf\">D_2022_13_10 Signature convention MPP 2023<\/a><\/strong><\/p>\n\n\n\n<p><\/p>\n","protected":false},"excerpt":{"rendered":"<p>Janvier 2022 D_2022_1_3 Imputation des biens meubles inf\u00e9rieurs \u00e0 500\u20ac D_2022_1_4 Campagne de st\u00e9rilisation des chats errants 2022 D_2022_1_5 Dossier Greuter signature convention frais honoraires AMF D_2022_1_2 Ouverture des cr\u00e9dits en section d\u2019investissement D_2022_1_1 Caisse des \u00e9coles \u2013 avance sur subvention F\u00e9vrier 2022 D_2022_2_1_Avance subvention FNCA sign\u00e9e Mars 2022 D_2022_3_1 Acte constitutif biod\u00e9chets GA vis\u00e9 &hellip; <a href=\"https:\/\/www.mouthiers-sur-boeme.fr\/?page_id=10672\" class=\"more-link\">Continuer la lecture de <span class=\"screen-reader-text\">D\u00e9lib\u00e9rations 2022<\/span>  <span class=\"meta-nav\">&rarr;<\/span><\/a><\/p>\n","protected":false},"author":22,"featured_media":0,"parent":0,"menu_order":0,"comment_status":"closed","ping_status":"closed","template":"","meta":[],"_links":{"self":[{"href":"https:\/\/www.mouthiers-sur-boeme.fr\/index.php?rest_route=\/wp\/v2\/pages\/10672"}],"collection":[{"href":"https:\/\/www.mouthiers-sur-boeme.fr\/index.php?rest_route=\/wp\/v2\/pages"}],"about":[{"href":"https:\/\/www.mouthiers-sur-boeme.fr\/index.php?rest_route=\/wp\/v2\/types\/page"}],"author":[{"embeddable":true,"href":"https:\/\/www.mouthiers-sur-boeme.fr\/index.php?rest_route=\/wp\/v2\/users\/22"}],"replies":[{"embeddable":true,"href":"https:\/\/www.mouthiers-sur-boeme.fr\/index.php?rest_route=%2Fwp%2Fv2%2Fcomments&post=10672"}],"version-history":[{"count":23,"href":"https:\/\/www.mouthiers-sur-boeme.fr\/index.php?rest_route=\/wp\/v2\/pages\/10672\/revisions"}],"predecessor-version":[{"id":10999,"href":"https:\/\/www.mouthiers-sur-boeme.fr\/index.php?rest_route=\/wp\/v2\/pages\/10672\/revisions\/10999"}],"wp:attachment":[{"href":"https:\/\/www.mouthiers-sur-boeme.fr\/index.php?rest_route=%2Fwp%2Fv2%2Fmedia&parent=10672"}],"curies":[{"name":"wp","href":"https:\/\/api.w.org\/{rel}","templated":true}]}}