{"id":10675,"date":"2024-02-04T09:27:19","date_gmt":"2024-02-04T08:27:19","guid":{"rendered":"https:\/\/www.mouthiers-sur-boeme.fr\/?page_id=10675"},"modified":"2024-02-08T18:14:07","modified_gmt":"2024-02-08T17:14:07","slug":"deliberations-2023","status":"publish","type":"page","link":"https:\/\/www.mouthiers-sur-boeme.fr\/?page_id=10675","title":{"rendered":"D\u00e9lib\u00e9rations 2023"},"content":{"rendered":"\n<p><strong>Janvier 2023<\/strong><\/p>\n\n\n\n<p><strong><a href=\"https:\/\/www.mouthiers-sur-boeme.fr\/wp-content\/uploads\/2024\/02\/D_2023_1_1-Caisse-des-%D0%92coles-avance-sur-subvention.pdf\">D_2023_1_1 Caisse des \u00c9coles avance sur subvention<\/a><\/strong><\/p>\n\n\n\n<p><strong><a href=\"https:\/\/www.mouthiers-sur-boeme.fr\/wp-content\/uploads\/2024\/02\/D_2023_1_2-ouverture-des-cr\u0412dits-en-section-dinvestissement.pdf\">D_2023_1_2 ouverture des cr\u00e9dits en section d\u2019investissement<\/a><\/strong><\/p>\n\n\n\n<p><strong><a href=\"https:\/\/www.mouthiers-sur-boeme.fr\/wp-content\/uploads\/2024\/02\/D_2023_1_3-Imputation-en-section-dinvest-des-biens-meubles-inf-\u0415-500e.pdf\">D_2023_1_3 Imputation en section d\u2019investissement des biens meubles inf\u00e9rieurs \u00e0 500\u20ac<\/a><\/strong><\/p>\n\n\n\n<p><strong><a href=\"https:\/\/www.mouthiers-sur-boeme.fr\/wp-content\/uploads\/2024\/02\/D_2023_1_4-Annexe_Actualisation-Tableau-des-emplois-permanents.pdf\">D_2023_1_4 Annexe_Actualisation Tableau des emplois permanents<\/a><\/strong><\/p>\n\n\n\n<p><strong><a href=\"https:\/\/www.mouthiers-sur-boeme.fr\/wp-content\/uploads\/2024\/02\/D_2023_1_4-Suppressions-de-postes-vacants-et-Actualisation-du-tableau-des-emplois.pdf\">D_2023_1_4 Suppressions de postes vacants et Actualisation du tableau des emplois<\/a><\/strong><\/p>\n\n\n\n<p><strong><a href=\"https:\/\/www.mouthiers-sur-boeme.fr\/wp-content\/uploads\/2024\/02\/D_2023_1_5-projet-du-prog-pluriannuel-2022-2023-bassins-de-la-boeme-et-de-languienne.pdf\">D_2023_1_5 projet du programme pluriannuel 2022 2023 bassins de la Bo\u00ebme et de l\u2019Anguienne<\/a><\/strong><\/p>\n\n\n\n<p><strong><a href=\"https:\/\/www.mouthiers-sur-boeme.fr\/wp-content\/uploads\/2024\/02\/D_2023_1_6-Cr\u0412ation-emploi-non-permanent-adj-du-patrimoine.pdf\">D_2023_1_6 Cr\u00e9ation emploi non permanent adjoint du patrimoine<\/a><\/strong><\/p>\n\n\n\n<p><strong><a href=\"https:\/\/www.mouthiers-sur-boeme.fr\/wp-content\/uploads\/2024\/02\/D_2023_1_7-signature-dune-convention-avec-30-millions-damis.pdf\">D_2023_1_7 Signature d\u2019une convention avec 30 millions d\u2019amis<\/a><\/strong><\/p>\n\n\n\n<p><strong><a href=\"https:\/\/www.mouthiers-sur-boeme.fr\/wp-content\/uploads\/2024\/02\/D_2023_1_8-signature-dune-convention-avec-le-syndicat-mixte-de-la-fourri\u041are-16.pdf\">D_2023_1_8 Signature d\u2019une convention avec le syndicat mixte de la fourri\u00e8re 16<\/a><\/strong><\/p>\n\n\n\n<p><strong><a href=\"https:\/\/www.mouthiers-sur-boeme.fr\/wp-content\/uploads\/2024\/02\/D_2023_1_9-ouverture-de-cr\u0412dit-dinvestissement-budget-annexe-transports.pdf\">D_2023_1_9 Ouverture de cr\u00e9dit d\u2019investissement budget annexe transports<\/a><\/strong><\/p>\n\n\n\n<p><strong>F\u00e9vrier 2023<\/strong><\/p>\n\n\n\n<div class=\"wp-block-file\"><a href=\"https:\/\/www.mouthiers-sur-boeme.fr\/wp-content\/uploads\/2024\/02\/D_2023_2_1-Cloture-du-Budget-Logements-au-1er-f\u0412vrier-2023.pdf\"><strong>D_2023_2_1 Cloture du Budget Logements au 1er f\u0412vrier 2023<\/strong><\/a><a href=\"https:\/\/www.mouthiers-sur-boeme.fr\/wp-content\/uploads\/2024\/02\/D_2023_2_1-Cloture-du-Budget-Logements-au-1er-f\u0412vrier-2023.pdf\" class=\"wp-block-file__button\" download>T\u00e9l\u00e9charger<\/a><\/div>\n\n\n\n<div class=\"wp-block-file\"><a href=\"https:\/\/www.mouthiers-sur-boeme.fr\/wp-content\/uploads\/2024\/02\/D_2023_2_2-achat-v\u0412hicule-type-minibus.pdf\"><strong>D_2023_2_2 Achat v\u00e9hicule type minibus<\/strong><\/a><a href=\"https:\/\/www.mouthiers-sur-boeme.fr\/wp-content\/uploads\/2024\/02\/D_2023_2_2-achat-v\u0412hicule-type-minibus.pdf\" class=\"wp-block-file__button\" download>T\u00e9l\u00e9charger<\/a><\/div>\n\n\n\n<div class=\"wp-block-file\"><a href=\"https:\/\/www.mouthiers-sur-boeme.fr\/wp-content\/uploads\/2024\/02\/D_2023_2_4-Adh\u0412sion-GE16.pdf\"><strong>D_2023_2_4 Adh\u00e9sion GE16<\/strong><\/a><a href=\"https:\/\/www.mouthiers-sur-boeme.fr\/wp-content\/uploads\/2024\/02\/D_2023_2_4-Adh\u0412sion-GE16.pdf\" class=\"wp-block-file__button\" download>T\u00e9l\u00e9charger<\/a><\/div>\n\n\n\n<div class=\"wp-block-file\"><a href=\"https:\/\/www.mouthiers-sur-boeme.fr\/wp-content\/uploads\/2024\/02\/D_2023_2_6-Convention-avec-CDG16-gestion-des-archives.pdf\"><strong>D_2023_2_6 Convention avec CDG16 gestion des archives<\/strong><\/a><a href=\"https:\/\/www.mouthiers-sur-boeme.fr\/wp-content\/uploads\/2024\/02\/D_2023_2_6-Convention-avec-CDG16-gestion-des-archives.pdf\" class=\"wp-block-file__button\" download>T\u00e9l\u00e9charger<\/a><\/div>\n\n\n\n<div class=\"wp-block-file\"><a href=\"https:\/\/www.mouthiers-sur-boeme.fr\/wp-content\/uploads\/2024\/02\/D_2023_2_7-signature-bail-avec-lOPH-locaux-55-rue-de-la-boeme.pdf\"><strong>D_2023_2_7 Signature bail avec l&rsquo;OPH locaux 55 rue de la Bo\u00ebme<\/strong><\/a><a href=\"https:\/\/www.mouthiers-sur-boeme.fr\/wp-content\/uploads\/2024\/02\/D_2023_2_7-signature-bail-avec-lOPH-locaux-55-rue-de-la-boeme.pdf\" class=\"wp-block-file__button\" download>T\u00e9l\u00e9charger<\/a><\/div>\n\n\n\n<div class=\"wp-block-file\"><a href=\"https:\/\/www.mouthiers-sur-boeme.fr\/wp-content\/uploads\/2024\/02\/D_2023_2_8-signature-contrat-avec-OPH-entretien-des-espaces-verts-55-rue-de-la-boeme.pdf\"><strong>D_2023_2_8 Signature contrat avec OPH entretien des espaces verts 55 rue de la Bo\u00ebme<\/strong><\/a><a href=\"https:\/\/www.mouthiers-sur-boeme.fr\/wp-content\/uploads\/2024\/02\/D_2023_2_8-signature-contrat-avec-OPH-entretien-des-espaces-verts-55-rue-de-la-boeme.pdf\" class=\"wp-block-file__button\" download>T\u00e9l\u00e9charger<\/a><\/div>\n\n\n\n<div class=\"wp-block-file\"><a href=\"https:\/\/www.mouthiers-sur-boeme.fr\/wp-content\/uploads\/2024\/02\/D_2023_2_9-taxe-sur-les-logements-vacants.pdf\"><strong>D_2023_2_9 Taxe sur les logements vacants<\/strong><\/a><a href=\"https:\/\/www.mouthiers-sur-boeme.fr\/wp-content\/uploads\/2024\/02\/D_2023_2_9-taxe-sur-les-logements-vacants.pdf\" class=\"wp-block-file__button\" download>T\u00e9l\u00e9charger<\/a><\/div>\n\n\n\n<p><strong>Mars 2023<\/strong><\/p>\n\n\n\n<div class=\"wp-block-file\"><a href=\"https:\/\/www.mouthiers-sur-boeme.fr\/wp-content\/uploads\/2024\/02\/D_2023_3_1-Approbation-Compte-de-Gestion-2022-Commune.pdf\">D_2023_3_1 Approbation Compte de Gestion 2022 &#8211; Commune<\/a><a href=\"https:\/\/www.mouthiers-sur-boeme.fr\/wp-content\/uploads\/2024\/02\/D_2023_3_1-Approbation-Compte-de-Gestion-2022-Commune.pdf\" class=\"wp-block-file__button\" download>T\u00e9l\u00e9charger<\/a><\/div>\n\n\n\n<div class=\"wp-block-file\"><a href=\"https:\/\/www.mouthiers-sur-boeme.fr\/wp-content\/uploads\/2024\/02\/D_2023_3_2-Approbation-Compte-de-Gestion-2022-Transport.pdf\">D_2023_3_2 Approbation Compte de Gestion 2022 &#8211; Transport<\/a><a href=\"https:\/\/www.mouthiers-sur-boeme.fr\/wp-content\/uploads\/2024\/02\/D_2023_3_2-Approbation-Compte-de-Gestion-2022-Transport.pdf\" class=\"wp-block-file__button\" download>T\u00e9l\u00e9charger<\/a><\/div>\n\n\n\n<div class=\"wp-block-file\"><a href=\"https:\/\/www.mouthiers-sur-boeme.fr\/wp-content\/uploads\/2024\/02\/D_2023_3_3-Approbation-Compte-de-Gestion-2022-Photovoltaique.pdf\">D_2023_3_3 Approbation Compte de Gestion 2022 &#8211; Photovoltaique<\/a><a href=\"https:\/\/www.mouthiers-sur-boeme.fr\/wp-content\/uploads\/2024\/02\/D_2023_3_3-Approbation-Compte-de-Gestion-2022-Photovoltaique.pdf\" class=\"wp-block-file__button\" download>T\u00e9l\u00e9charger<\/a><\/div>\n\n\n\n<div class=\"wp-block-file\"><a href=\"https:\/\/www.mouthiers-sur-boeme.fr\/wp-content\/uploads\/2024\/02\/D_2023_3_4-Approbation-Compte-de-Gestion-2022-Logements.pdf\">D_2023_3_4 Approbation Compte de Gestion 2022 &#8211; Logements<\/a><a href=\"https:\/\/www.mouthiers-sur-boeme.fr\/wp-content\/uploads\/2024\/02\/D_2023_3_4-Approbation-Compte-de-Gestion-2022-Logements.pdf\" class=\"wp-block-file__button\" download>T\u00e9l\u00e9charger<\/a><\/div>\n\n\n\n<div class=\"wp-block-file\"><a href=\"https:\/\/www.mouthiers-sur-boeme.fr\/wp-content\/uploads\/2024\/02\/D_2023_3_5-CA-2022-Commune.pdf\">D_2023_3_5 CA 2022 &#8211; Commune<\/a><a href=\"https:\/\/www.mouthiers-sur-boeme.fr\/wp-content\/uploads\/2024\/02\/D_2023_3_5-CA-2022-Commune.pdf\" class=\"wp-block-file__button\" download>T\u00e9l\u00e9charger<\/a><\/div>\n\n\n\n<div class=\"wp-block-file\"><a href=\"https:\/\/www.mouthiers-sur-boeme.fr\/wp-content\/uploads\/2024\/02\/D_2023_3_6-CA-2022-Transport.pdf\">D_2023_3_6 CA 2022 &#8211; Transport<\/a><a href=\"https:\/\/www.mouthiers-sur-boeme.fr\/wp-content\/uploads\/2024\/02\/D_2023_3_6-CA-2022-Transport.pdf\" class=\"wp-block-file__button\" download>T\u00e9l\u00e9charger<\/a><\/div>\n\n\n\n<div class=\"wp-block-file\"><a href=\"https:\/\/www.mouthiers-sur-boeme.fr\/wp-content\/uploads\/2024\/02\/D_2023_3_7-CA-2022-Photovoltaique.pdf\">D_2023_3_7 CA 2022 &#8211; Photovolta\u00efque<\/a><a href=\"https:\/\/www.mouthiers-sur-boeme.fr\/wp-content\/uploads\/2024\/02\/D_2023_3_7-CA-2022-Photovoltaique.pdf\" class=\"wp-block-file__button\" download>T\u00e9l\u00e9charger<\/a><\/div>\n\n\n\n<div class=\"wp-block-file\"><a href=\"https:\/\/www.mouthiers-sur-boeme.fr\/wp-content\/uploads\/2024\/02\/D_2023_3_9-Affectation-du-r\u0412sultat-de-lexploitation-2022-Commune.pdf\">D_2023_3_9 Affectation du r\u00e9sultat de l&rsquo;exploitation 2022 &#8211; Commune<\/a><a href=\"https:\/\/www.mouthiers-sur-boeme.fr\/wp-content\/uploads\/2024\/02\/D_2023_3_9-Affectation-du-r\u0412sultat-de-lexploitation-2022-Commune.pdf\" class=\"wp-block-file__button\" download>T\u00e9l\u00e9charger<\/a><\/div>\n\n\n\n<div class=\"wp-block-file\"><a href=\"https:\/\/www.mouthiers-sur-boeme.fr\/wp-content\/uploads\/2024\/02\/D_2023_3_10-Affectation-du-r\u0412sultat-de-lexploitation-2022-Transport.pdf\">D_2023_3_10 Affectation du r\u00e9sultat de l&rsquo;exploitation 2022 &#8211; Transport<\/a><a href=\"https:\/\/www.mouthiers-sur-boeme.fr\/wp-content\/uploads\/2024\/02\/D_2023_3_10-Affectation-du-r\u0412sultat-de-lexploitation-2022-Transport.pdf\" class=\"wp-block-file__button\" download>T\u00e9l\u00e9charger<\/a><\/div>\n\n\n\n<div class=\"wp-block-file\"><a href=\"https:\/\/www.mouthiers-sur-boeme.fr\/wp-content\/uploads\/2024\/02\/D_2023_3_11-Affectation-du-r\u0412sultat-de-lexploitation-2022-Photovoltaique.pdf\">D_2023_3_11 Affectation du r\u00e9sultat de l&rsquo;exploitation 2022 &#8211; Photovolta\u00efque<\/a><a href=\"https:\/\/www.mouthiers-sur-boeme.fr\/wp-content\/uploads\/2024\/02\/D_2023_3_11-Affectation-du-r\u0412sultat-de-lexploitation-2022-Photovoltaique.pdf\" class=\"wp-block-file__button\" download>T\u00e9l\u00e9charger<\/a><\/div>\n\n\n\n<div class=\"wp-block-file\"><a href=\"https:\/\/www.mouthiers-sur-boeme.fr\/wp-content\/uploads\/2024\/02\/D_2023_3_12-Affectation-du-r\u0412sultat-de-lexploitation-2022-Logements-Locatifs.pdf\">D_2023_3_12 Affectation du r\u00e9sultat de l&rsquo;exploitation 2022 &#8211; Logements Locatifs<\/a><a href=\"https:\/\/www.mouthiers-sur-boeme.fr\/wp-content\/uploads\/2024\/02\/D_2023_3_12-Affectation-du-r\u0412sultat-de-lexploitation-2022-Logements-Locatifs.pdf\" class=\"wp-block-file__button\" download>T\u00e9l\u00e9charger<\/a><\/div>\n\n\n\n<div class=\"wp-block-file\"><a href=\"https:\/\/www.mouthiers-sur-boeme.fr\/wp-content\/uploads\/2024\/02\/D_2023_3_14-BP-Transport.pdf\">D_2023_3_14 BP Transport<\/a><a href=\"https:\/\/www.mouthiers-sur-boeme.fr\/wp-content\/uploads\/2024\/02\/D_2023_3_14-BP-Transport.pdf\" class=\"wp-block-file__button\" download>T\u00e9l\u00e9charger<\/a><\/div>\n\n\n\n<div class=\"wp-block-file\"><a href=\"https:\/\/www.mouthiers-sur-boeme.fr\/wp-content\/uploads\/2024\/02\/D_2023_3_15-BP-Photovoltaique.pdf\">D_2023_3_15 BP Photovolta\u00efque<\/a><a href=\"https:\/\/www.mouthiers-sur-boeme.fr\/wp-content\/uploads\/2024\/02\/D_2023_3_15-BP-Photovoltaique.pdf\" class=\"wp-block-file__button\" download>T\u00e9l\u00e9charger<\/a><\/div>\n\n\n\n<div class=\"wp-block-file\"><a href=\"https:\/\/www.mouthiers-sur-boeme.fr\/wp-content\/uploads\/2024\/02\/D_2023_3_16-reversement-de-lexc\u0412dent-des-panneaux-photovoltaiques-au-BP.pdf\">D_2023_3_16 reversement de l\u2019exc\u00e9dent des panneaux photovolta\u00efques au BP<\/a><a href=\"https:\/\/www.mouthiers-sur-boeme.fr\/wp-content\/uploads\/2024\/02\/D_2023_3_16-reversement-de-lexc\u0412dent-des-panneaux-photovoltaiques-au-BP.pdf\" class=\"wp-block-file__button\" download>T\u00e9l\u00e9charger<\/a><\/div>\n\n\n\n<div class=\"wp-block-file\"><a href=\"https:\/\/www.mouthiers-sur-boeme.fr\/wp-content\/uploads\/2024\/02\/D_2023_3_18A-Adhesions-aux-organismes-2023.pdf\">D_2023_3_18A Adh\u00e9sions aux organismes 2023<\/a><a href=\"https:\/\/www.mouthiers-sur-boeme.fr\/wp-content\/uploads\/2024\/02\/D_2023_3_18A-Adhesions-aux-organismes-2023.pdf\" class=\"wp-block-file__button\" download>T\u00e9l\u00e9charger<\/a><\/div>\n\n\n\n<div class=\"wp-block-file\"><a href=\"https:\/\/www.mouthiers-sur-boeme.fr\/wp-content\/uploads\/2024\/02\/D_2023_3_19-Subventions-aux-associations-2023.pdf\">D_2023_3_19 Subventions aux associations 2023<\/a><a href=\"https:\/\/www.mouthiers-sur-boeme.fr\/wp-content\/uploads\/2024\/02\/D_2023_3_19-Subventions-aux-associations-2023.pdf\" class=\"wp-block-file__button\" download>T\u00e9l\u00e9charger<\/a><\/div>\n\n\n\n<div class=\"wp-block-file\"><a href=\"https:\/\/www.mouthiers-sur-boeme.fr\/wp-content\/uploads\/2024\/02\/D_2023_3_20-CONVENTION-PARTICIPATION-ALSH-ET-ANNEXE.pdf\">D_2023_3_20 CONVENTION PARTICIPATION ALSH ET ANNEXE<\/a><a href=\"https:\/\/www.mouthiers-sur-boeme.fr\/wp-content\/uploads\/2024\/02\/D_2023_3_20-CONVENTION-PARTICIPATION-ALSH-ET-ANNEXE.pdf\" class=\"wp-block-file__button\" download>T\u00e9l\u00e9charger<\/a><\/div>\n\n\n\n<div class=\"wp-block-file\"><a href=\"https:\/\/www.mouthiers-sur-boeme.fr\/wp-content\/uploads\/2024\/02\/D_2023_3_21-d\u0412lib\u0412ration-de-principe-autorisant-le-recrutement-dagents-contractuels-rempla\u0417ants.pdf\">D_2023_3_21 d\u00e9lib\u00e9ration de principe autorisant le recrutement d&rsquo;agents contractuels rempla\u00e7ants<\/a><a href=\"https:\/\/www.mouthiers-sur-boeme.fr\/wp-content\/uploads\/2024\/02\/D_2023_3_21-d\u0412lib\u0412ration-de-principe-autorisant-le-recrutement-dagents-contractuels-rempla\u0417ants.pdf\" class=\"wp-block-file__button\" download>T\u00e9l\u00e9charger<\/a><\/div>\n\n\n\n<div class=\"wp-block-file\"><a href=\"https:\/\/www.mouthiers-sur-boeme.fr\/wp-content\/uploads\/2024\/02\/D_2023_3_22-convention-chaire-\u0415-calvin-D\u0412partement.pdf\">D_2023_3_22 convention chaire \u00e0 Calvin D\u00e9partement<\/a><a href=\"https:\/\/www.mouthiers-sur-boeme.fr\/wp-content\/uploads\/2024\/02\/D_2023_3_22-convention-chaire-\u0415-calvin-D\u0412partement.pdf\" class=\"wp-block-file__button\" download>T\u00e9l\u00e9charger<\/a><\/div>\n\n\n\n<div class=\"wp-block-file\"><a href=\"https:\/\/www.mouthiers-sur-boeme.fr\/wp-content\/uploads\/2024\/02\/D_2023_3_23-cession-parcelle-C1895-M-et-Mme-Travia.pdf\">D_2023_3_23 cession parcelle C1895 M et Mme Travia<\/a><a href=\"https:\/\/www.mouthiers-sur-boeme.fr\/wp-content\/uploads\/2024\/02\/D_2023_3_23-cession-parcelle-C1895-M-et-Mme-Travia.pdf\" class=\"wp-block-file__button\" download>T\u00e9l\u00e9charger<\/a><\/div>\n\n\n\n<div class=\"wp-block-file\"><a href=\"https:\/\/www.mouthiers-sur-boeme.fr\/wp-content\/uploads\/2024\/02\/D_2023_3_24-cession-du-logement-chemin-de-traverse.pdf\">D_2023_3_24 cession du logement chemin de traverse<\/a><a href=\"https:\/\/www.mouthiers-sur-boeme.fr\/wp-content\/uploads\/2024\/02\/D_2023_3_24-cession-du-logement-chemin-de-traverse.pdf\" class=\"wp-block-file__button\" download>T\u00e9l\u00e9charger<\/a><\/div>\n\n\n\n<p><strong>Avril 2023<\/strong><\/p>\n\n\n\n<div class=\"wp-block-file\"><a href=\"https:\/\/www.mouthiers-sur-boeme.fr\/wp-content\/uploads\/2024\/02\/D_2023_4_1-cr\u0412ation-dun-emploi-non-permanent-pour-faire-face-\u0415-un-besoin-li\u0412-\u0415-un-acc-temp-saisonnier.pdf\">D_2023_4_1 Cr\u00e9ation d&rsquo;un emploi non permanent pour faire face \u00e0 un besoin li\u00e9 \u00e0 un accroissement  saisonnier d&rsquo;activit\u00e9 CDG16<\/a><a href=\"https:\/\/www.mouthiers-sur-boeme.fr\/wp-content\/uploads\/2024\/02\/D_2023_4_1-cr\u0412ation-dun-emploi-non-permanent-pour-faire-face-\u0415-un-besoin-li\u0412-\u0415-un-acc-temp-saisonnier.pdf\" class=\"wp-block-file__button\" download>T\u00e9l\u00e9charger<\/a><\/div>\n\n\n\n<div class=\"wp-block-file\"><a href=\"https:\/\/www.mouthiers-sur-boeme.fr\/wp-content\/uploads\/2024\/02\/D_2023_4_2-Adh\u0412sion-service-m\u0412diation-CDG16.pdf\">D_2023_4_2 Adh\u00e9sion service m\u00e9diation CDG16<\/a><a href=\"https:\/\/www.mouthiers-sur-boeme.fr\/wp-content\/uploads\/2024\/02\/D_2023_4_2-Adh\u0412sion-service-m\u0412diation-CDG16.pdf\" class=\"wp-block-file__button\" download>T\u00e9l\u00e9charger<\/a><\/div>\n\n\n\n<div class=\"wp-block-file\"><a href=\"https:\/\/www.mouthiers-sur-boeme.fr\/wp-content\/uploads\/2024\/02\/D_2023_4_3-Adh\u0412sion-service-RH-CDG-16.pdf\">D_2023_4_3 Adh\u00e9sion service RH CDG 16<\/a><a href=\"https:\/\/www.mouthiers-sur-boeme.fr\/wp-content\/uploads\/2024\/02\/D_2023_4_3-Adh\u0412sion-service-RH-CDG-16.pdf\" class=\"wp-block-file__button\" download>T\u00e9l\u00e9charger<\/a><\/div>\n\n\n\n<div class=\"wp-block-file\"><a href=\"https:\/\/www.mouthiers-sur-boeme.fr\/wp-content\/uploads\/2024\/02\/D_2023_4_4-Cession-du-bus-17-places.pdf\">D_2023_4_4 Cession du bus 17 places<\/a><a href=\"https:\/\/www.mouthiers-sur-boeme.fr\/wp-content\/uploads\/2024\/02\/D_2023_4_4-Cession-du-bus-17-places.pdf\" class=\"wp-block-file__button\" download>T\u00e9l\u00e9charger<\/a><\/div>\n\n\n\n<div class=\"wp-block-file\"><a href=\"https:\/\/www.mouthiers-sur-boeme.fr\/wp-content\/uploads\/2024\/02\/D_2023_4_5-Cession-logement-chemin-de-traverse.pdf\">D_2023_4_5 Cession logement chemin de traverse<\/a><a href=\"https:\/\/www.mouthiers-sur-boeme.fr\/wp-content\/uploads\/2024\/02\/D_2023_4_5-Cession-logement-chemin-de-traverse.pdf\" class=\"wp-block-file__button\" download>T\u00e9l\u00e9charger<\/a><\/div>\n\n\n\n<div class=\"wp-block-file\"><a href=\"https:\/\/www.mouthiers-sur-boeme.fr\/wp-content\/uploads\/2024\/02\/D_2023_4_6-Acquisition-parcelle-A2913-rue-de-la-Bussi\u041are.pdf\">D_2023_4_6 Acquisition parcelle A2913 rue de la Bussi\u00e8re<\/a><a href=\"https:\/\/www.mouthiers-sur-boeme.fr\/wp-content\/uploads\/2024\/02\/D_2023_4_6-Acquisition-parcelle-A2913-rue-de-la-Bussi\u041are.pdf\" class=\"wp-block-file__button\" download>T\u00e9l\u00e9charger<\/a><\/div>\n\n\n\n<div class=\"wp-block-file\"><a href=\"https:\/\/www.mouthiers-sur-boeme.fr\/wp-content\/uploads\/2024\/02\/D_2023_4_7-motion-situation-energetique-en-France.pdf\">D_2023_4_7 motion situation \u00e9nerg\u00e9tique en France<\/a><a href=\"https:\/\/www.mouthiers-sur-boeme.fr\/wp-content\/uploads\/2024\/02\/D_2023_4_7-motion-situation-energetique-en-France.pdf\" class=\"wp-block-file__button\" download>T\u00e9l\u00e9charger<\/a><\/div>\n\n\n\n<p><strong>Mai 2023<\/strong><\/p>\n\n\n\n<div class=\"wp-block-file\"><a href=\"https:\/\/www.mouthiers-sur-boeme.fr\/wp-content\/uploads\/2024\/02\/D_2023_5_1-Budget-principal-DM1.pdf\">D_2023_5_1 Budget principal DM1<\/a><a href=\"https:\/\/www.mouthiers-sur-boeme.fr\/wp-content\/uploads\/2024\/02\/D_2023_5_1-Budget-principal-DM1.pdf\" class=\"wp-block-file__button\" download>T\u00e9l\u00e9charger<\/a><\/div>\n\n\n\n<div class=\"wp-block-file\"><a href=\"https:\/\/www.mouthiers-sur-boeme.fr\/wp-content\/uploads\/2024\/02\/D_2023_5_2-Budget-Photovoltaique-DM1.pdf\">D_2023_5_2 Budget Photovolta\u00efque DM1<\/a><a href=\"https:\/\/www.mouthiers-sur-boeme.fr\/wp-content\/uploads\/2024\/02\/D_2023_5_2-Budget-Photovoltaique-DM1.pdf\" class=\"wp-block-file__button\" download>T\u00e9l\u00e9charger<\/a><\/div>\n\n\n\n<div class=\"wp-block-file\"><a href=\"https:\/\/www.mouthiers-sur-boeme.fr\/wp-content\/uploads\/2024\/02\/D_2023_5_3-Plan-de-financement-et-prestations-MO-travaux-\u0420glise.pdf\">D_2023_5_3 Plan de financement et prestations MO travaux \u00c9glise<\/a><a href=\"https:\/\/www.mouthiers-sur-boeme.fr\/wp-content\/uploads\/2024\/02\/D_2023_5_3-Plan-de-financement-et-prestations-MO-travaux-\u0420glise.pdf\" class=\"wp-block-file__button\" download>T\u00e9l\u00e9charger<\/a><\/div>\n\n\n\n<div class=\"wp-block-file\"><a href=\"https:\/\/www.mouthiers-sur-boeme.fr\/wp-content\/uploads\/2024\/02\/D_2023_5_5-Modification-Adh\u0412sions-aux-organismes-2023.pdf\">D_2023_5_5 Modification Adh\u00e9sions aux organismes 2023<\/a><a href=\"https:\/\/www.mouthiers-sur-boeme.fr\/wp-content\/uploads\/2024\/02\/D_2023_5_5-Modification-Adh\u0412sions-aux-organismes-2023.pdf\" class=\"wp-block-file__button\" download>T\u00e9l\u00e9charger<\/a><\/div>\n\n\n\n<div class=\"wp-block-file\"><a href=\"https:\/\/www.mouthiers-sur-boeme.fr\/wp-content\/uploads\/2024\/02\/D_2023_5_6-Participation-aux-frais-de-fonctionnement-\u0412coles-Claix.pdf\">D_2023_5_6 Participation aux frais de fonctionnement \u00c9coles Claix<\/a><a href=\"https:\/\/www.mouthiers-sur-boeme.fr\/wp-content\/uploads\/2024\/02\/D_2023_5_6-Participation-aux-frais-de-fonctionnement-\u0412coles-Claix.pdf\" class=\"wp-block-file__button\" download>T\u00e9l\u00e9charger<\/a><\/div>\n\n\n\n<div class=\"wp-block-file\"><a href=\"https:\/\/www.mouthiers-sur-boeme.fr\/wp-content\/uploads\/2024\/02\/D_2023_5_7-Cr\u0412ation-emploi-Adjoint-Territorial-du-Patrimoine.pdf\">D_2023_5_7 Cr\u00e9ation emploi Adjoint Territorial du Patrimoine<\/a><a href=\"https:\/\/www.mouthiers-sur-boeme.fr\/wp-content\/uploads\/2024\/02\/D_2023_5_7-Cr\u0412ation-emploi-Adjoint-Territorial-du-Patrimoine.pdf\" class=\"wp-block-file__button\" download>T\u00e9l\u00e9charger<\/a><\/div>\n\n\n\n<div class=\"wp-block-file\"><a href=\"https:\/\/www.mouthiers-sur-boeme.fr\/wp-content\/uploads\/2024\/02\/D_2023_5_8-Adh\u0412sion-au-service-sauvegarde-3.2.1-ATD16.pdf\">D_2023_5_8 Adh\u00e9sion au service sauvegarde 3.2.1 ATD16<\/a><a href=\"https:\/\/www.mouthiers-sur-boeme.fr\/wp-content\/uploads\/2024\/02\/D_2023_5_8-Adh\u0412sion-au-service-sauvegarde-3.2.1-ATD16.pdf\" class=\"wp-block-file__button\" download>T\u00e9l\u00e9charger<\/a><\/div>\n\n\n\n<div class=\"wp-block-file\"><a href=\"https:\/\/www.mouthiers-sur-boeme.fr\/wp-content\/uploads\/2024\/02\/D_2023_5_9-Validation-dune-charte-pour-v\u0412g\u0412talisation-des-pieds-de-mur.pdf\">D_2023_5_9 Validation d&rsquo;une charte pour v\u00e9g\u00e9talisation des pieds de murs<\/a><a href=\"https:\/\/www.mouthiers-sur-boeme.fr\/wp-content\/uploads\/2024\/02\/D_2023_5_9-Validation-dune-charte-pour-v\u0412g\u0412talisation-des-pieds-de-mur.pdf\" class=\"wp-block-file__button\" download>T\u00e9l\u00e9charger<\/a><\/div>\n\n\n\n<p><strong>Juin 2023<\/strong><\/p>\n\n\n\n<div class=\"wp-block-file\"><a href=\"https:\/\/www.mouthiers-sur-boeme.fr\/wp-content\/uploads\/2024\/02\/D_2023_6_1-signature-convention-CTG-CAF.pdf\">D_2023_6_1 signature convention CTG CAF<\/a><a href=\"https:\/\/www.mouthiers-sur-boeme.fr\/wp-content\/uploads\/2024\/02\/D_2023_6_1-signature-convention-CTG-CAF.pdf\" class=\"wp-block-file__button\" download>T\u00e9l\u00e9charger<\/a><\/div>\n\n\n\n<div class=\"wp-block-file\"><a href=\"https:\/\/www.mouthiers-sur-boeme.fr\/wp-content\/uploads\/2024\/02\/D_2023_6_2-animation-de-la-pause-m\u0412ridienne-2023-2024.pdf\">D_2023_6_2 animation de la pause m\u00e9ridienne 2023 2024<\/a><a href=\"https:\/\/www.mouthiers-sur-boeme.fr\/wp-content\/uploads\/2024\/02\/D_2023_6_2-animation-de-la-pause-m\u0412ridienne-2023-2024.pdf\" class=\"wp-block-file__button\" download>T\u00e9l\u00e9charger<\/a><\/div>\n\n\n\n<div class=\"wp-block-file\"><a href=\"https:\/\/www.mouthiers-sur-boeme.fr\/wp-content\/uploads\/2024\/02\/D_2023_6_3-OPH-garantie-emprunt-55-rue-de-la-boeme.pdf\">D_2023_6_3 OPH garantie emprunt 55 rue de la Bo\u00ebme<\/a><a href=\"https:\/\/www.mouthiers-sur-boeme.fr\/wp-content\/uploads\/2024\/02\/D_2023_6_3-OPH-garantie-emprunt-55-rue-de-la-boeme.pdf\" class=\"wp-block-file__button\" download>T\u00e9l\u00e9charger<\/a><\/div>\n\n\n\n<div class=\"wp-block-file\"><a href=\"https:\/\/www.mouthiers-sur-boeme.fr\/wp-content\/uploads\/2024\/02\/D_2023_6_3-OPH-garantie-demprun-annexe-277000-CDC-contrat-de-pr\u0418t.pdf\">D_2023_6_3 OPH garantie d\u2019emprunt annexe 277000 CDC contrat de pr\u00eat<\/a><a href=\"https:\/\/www.mouthiers-sur-boeme.fr\/wp-content\/uploads\/2024\/02\/D_2023_6_3-OPH-garantie-demprun-annexe-277000-CDC-contrat-de-pr\u0418t.pdf\" class=\"wp-block-file__button\" download>T\u00e9l\u00e9charger<\/a><\/div>\n\n\n\n<div class=\"wp-block-file\"><a href=\"https:\/\/www.mouthiers-sur-boeme.fr\/wp-content\/uploads\/2024\/02\/D_2023_6_4-OPH-convention-de-location-55-rue-de-la-boeme.pdf\">D_2023_6_4 OPH convention de location 55 rue de la Bo\u00ebme<\/a><a href=\"https:\/\/www.mouthiers-sur-boeme.fr\/wp-content\/uploads\/2024\/02\/D_2023_6_4-OPH-convention-de-location-55-rue-de-la-boeme.pdf\" class=\"wp-block-file__button\" download>T\u00e9l\u00e9charger<\/a><\/div>\n\n\n\n<div class=\"wp-block-file\"><a href=\"https:\/\/www.mouthiers-sur-boeme.fr\/wp-content\/uploads\/2024\/02\/D_2023_6_4-OPH-Convention-de-location-annexe.pdf\">D_2023_6_4 OPH Convention de location annexe<\/a><a href=\"https:\/\/www.mouthiers-sur-boeme.fr\/wp-content\/uploads\/2024\/02\/D_2023_6_4-OPH-Convention-de-location-annexe.pdf\" class=\"wp-block-file__button\" download>T\u00e9l\u00e9charger<\/a><\/div>\n\n\n\n<div class=\"wp-block-file\"><a href=\"https:\/\/www.mouthiers-sur-boeme.fr\/wp-content\/uploads\/2024\/02\/D_2023_6_5-acc\u041as-des-v\u0412hicules-de-plus-de-3t5-sur-les-voies-communales.pdf\">D_2023_6_5 acc\u00e8s des v\u00e9hicules de plus de 3t5 sur les voies communales<\/a><a href=\"https:\/\/www.mouthiers-sur-boeme.fr\/wp-content\/uploads\/2024\/02\/D_2023_6_5-acc\u041as-des-v\u0412hicules-de-plus-de-3t5-sur-les-voies-communales.pdf\" class=\"wp-block-file__button\" download>T\u00e9l\u00e9charger<\/a><\/div>\n\n\n\n<div class=\"wp-block-file\"><a href=\"https:\/\/www.mouthiers-sur-boeme.fr\/wp-content\/uploads\/2024\/02\/D_2023_6_6-suppression-r\u0412gie-transport.pdf\">D_2023_6_6 suppression r\u00e9gie transport<\/a><a href=\"https:\/\/www.mouthiers-sur-boeme.fr\/wp-content\/uploads\/2024\/02\/D_2023_6_6-suppression-r\u0412gie-transport.pdf\" class=\"wp-block-file__button\" download>T\u00e9l\u00e9charger<\/a><\/div>\n\n\n\n<div class=\"wp-block-file\"><a href=\"https:\/\/www.mouthiers-sur-boeme.fr\/wp-content\/uploads\/2024\/02\/D_2023_6_7-tarification-r\u0412gie-transport-2023-2024.pdf\">D_2023_6_7 tarification r\u00e9gie transport 2023 2024<\/a><a href=\"https:\/\/www.mouthiers-sur-boeme.fr\/wp-content\/uploads\/2024\/02\/D_2023_6_7-tarification-r\u0412gie-transport-2023-2024.pdf\" class=\"wp-block-file__button\" download>T\u00e9l\u00e9charger<\/a><\/div>\n\n\n\n<div class=\"wp-block-file\"><a href=\"https:\/\/www.mouthiers-sur-boeme.fr\/wp-content\/uploads\/2024\/02\/D_2023_6_8-installation-bache-incendie-signature-conv-mise-a-dispo-terrain.pdf\">D_2023_6_8 installation b\u00e2che incendie &#8211; signature convention mise a disposition terrain<\/a><a href=\"https:\/\/www.mouthiers-sur-boeme.fr\/wp-content\/uploads\/2024\/02\/D_2023_6_8-installation-bache-incendie-signature-conv-mise-a-dispo-terrain.pdf\" class=\"wp-block-file__button\" download>T\u00e9l\u00e9charger<\/a><\/div>\n\n\n\n<div class=\"wp-block-file\"><a href=\"https:\/\/www.mouthiers-sur-boeme.fr\/wp-content\/uploads\/2024\/02\/D_2023_6_9-Convention-servitude-logement-34-av-du-24-ao\u0426t-1944.pdf\">D_2023_6_9 Convention servitude logement 34 av du 24 ao\u00fbt 1944<\/a><a href=\"https:\/\/www.mouthiers-sur-boeme.fr\/wp-content\/uploads\/2024\/02\/D_2023_6_9-Convention-servitude-logement-34-av-du-24-ao\u0426t-1944.pdf\" class=\"wp-block-file__button\" download>T\u00e9l\u00e9charger<\/a><\/div>\n\n\n\n<div class=\"wp-block-file\"><a href=\"https:\/\/www.mouthiers-sur-boeme.fr\/wp-content\/uploads\/2024\/02\/D_2023_6_10-motion-contre-les-bassines-collectives-BNM.pdf\">D_2023_6_10 motion contre les bassines collectives BNM<\/a><a href=\"https:\/\/www.mouthiers-sur-boeme.fr\/wp-content\/uploads\/2024\/02\/D_2023_6_10-motion-contre-les-bassines-collectives-BNM.pdf\" class=\"wp-block-file__button\" download>T\u00e9l\u00e9charger<\/a><\/div>\n\n\n\n<div class=\"wp-block-file\"><a href=\"https:\/\/www.mouthiers-sur-boeme.fr\/wp-content\/uploads\/2024\/02\/D_2023_6_11-prise-en-charge-frais-acquisition-Amenagement-RD35.pdf\">D_2023_6_11 prise en charge frais acquisition Am\u00e9nagement RD35<\/a><a href=\"https:\/\/www.mouthiers-sur-boeme.fr\/wp-content\/uploads\/2024\/02\/D_2023_6_11-prise-en-charge-frais-acquisition-Amenagement-RD35.pdf\" class=\"wp-block-file__button\" download>T\u00e9l\u00e9charger<\/a><\/div>\n\n\n\n<div class=\"wp-block-file\"><a href=\"https:\/\/www.mouthiers-sur-boeme.fr\/wp-content\/uploads\/2024\/02\/D_2023_6_12-Fond-de-concours-EHPAD.pdf\">D_2023_6_12 Fond de concours EHPAD<\/a><a href=\"https:\/\/www.mouthiers-sur-boeme.fr\/wp-content\/uploads\/2024\/02\/D_2023_6_12-Fond-de-concours-EHPAD.pdf\" class=\"wp-block-file__button\" download>T\u00e9l\u00e9charger<\/a><\/div>\n\n\n\n<div class=\"wp-block-file\"><a href=\"https:\/\/www.mouthiers-sur-boeme.fr\/wp-content\/uploads\/2024\/02\/D_2023_6_13-ORT-multi-sites-GA.pdf\">D_2023_6_13 ORT (op\u00e9rations de revitalisation des territoires) multi sites GA<\/a><a href=\"https:\/\/www.mouthiers-sur-boeme.fr\/wp-content\/uploads\/2024\/02\/D_2023_6_13-ORT-multi-sites-GA.pdf\" class=\"wp-block-file__button\" download>T\u00e9l\u00e9charger<\/a><\/div>\n\n\n\n<p><strong>Juillet 2023<\/strong><\/p>\n\n\n\n<div class=\"wp-block-file\"><a href=\"https:\/\/www.mouthiers-sur-boeme.fr\/wp-content\/uploads\/2024\/02\/D_2023_7_1-adoption-de-la-nomenclature-M57.pdf\">D_2023_7_1 adoption de la nomenclature M57<\/a><a href=\"https:\/\/www.mouthiers-sur-boeme.fr\/wp-content\/uploads\/2024\/02\/D_2023_7_1-adoption-de-la-nomenclature-M57.pdf\" class=\"wp-block-file__button\" download>T\u00e9l\u00e9charger<\/a><\/div>\n\n\n\n<div class=\"wp-block-file\"><a href=\"https:\/\/www.mouthiers-sur-boeme.fr\/wp-content\/uploads\/2024\/02\/D_2023_7_2-Budget-transport-DM-1.pdf\">D_2023_7_2 Budget transport DM 1<\/a><a href=\"https:\/\/www.mouthiers-sur-boeme.fr\/wp-content\/uploads\/2024\/02\/D_2023_7_2-Budget-transport-DM-1.pdf\" class=\"wp-block-file__button\" download>T\u00e9l\u00e9charger<\/a><\/div>\n\n\n\n<div class=\"wp-block-file\"><a href=\"https:\/\/www.mouthiers-sur-boeme.fr\/wp-content\/uploads\/2024\/02\/D_2023_7_3-Budget-transport-effacement-de-dettes.pdf\">D_2023_7_3 Budget transport effacement de dettes<\/a><a href=\"https:\/\/www.mouthiers-sur-boeme.fr\/wp-content\/uploads\/2024\/02\/D_2023_7_3-Budget-transport-effacement-de-dettes.pdf\" class=\"wp-block-file__button\" download>T\u00e9l\u00e9charger<\/a><\/div>\n\n\n\n<div class=\"wp-block-file\"><a href=\"https:\/\/www.mouthiers-sur-boeme.fr\/wp-content\/uploads\/2024\/02\/D_2023_7_4-Autonomie-financi\u041are-du-budget-SPIC-photovoltaique.pdf\">D_2023_7_4 Autonomie financi\u00e8re du budget SPIC photovolta\u00efque<\/a><a href=\"https:\/\/www.mouthiers-sur-boeme.fr\/wp-content\/uploads\/2024\/02\/D_2023_7_4-Autonomie-financi\u041are-du-budget-SPIC-photovoltaique.pdf\" class=\"wp-block-file__button\" download>T\u00e9l\u00e9charger<\/a><\/div>\n\n\n\n<div class=\"wp-block-file\"><a href=\"https:\/\/www.mouthiers-sur-boeme.fr\/wp-content\/uploads\/2024\/02\/D_2023_7_5A-Cr\u0412ation-emploi-non-permanent-adj-technique.pdf\">D_2023_7_5A Cr\u00e9ation emploi non permanent adjoint technique<\/a><a href=\"https:\/\/www.mouthiers-sur-boeme.fr\/wp-content\/uploads\/2024\/02\/D_2023_7_5A-Cr\u0412ation-emploi-non-permanent-adj-technique.pdf\" class=\"wp-block-file__button\" download>T\u00e9l\u00e9charger<\/a><\/div>\n\n\n\n<div class=\"wp-block-file\"><a href=\"https:\/\/www.mouthiers-sur-boeme.fr\/wp-content\/uploads\/2024\/02\/D_2023_7_6-indemnit\u0412-de-gardiennage-2023.pdf\">D_2023_7_6 indemnit\u00e9 de gardiennage 2023<\/a><a href=\"https:\/\/www.mouthiers-sur-boeme.fr\/wp-content\/uploads\/2024\/02\/D_2023_7_6-indemnit\u0412-de-gardiennage-2023.pdf\" class=\"wp-block-file__button\" download>T\u00e9l\u00e9charger<\/a><\/div>\n\n\n\n<div class=\"wp-block-file\"><a href=\"https:\/\/www.mouthiers-sur-boeme.fr\/wp-content\/uploads\/2024\/02\/D_2023_7_7-signature-dune-convention-de-servitude-avec-ENEDIS.pdf\">D_2023_7_7 signature d&rsquo;une convention de servitude avec ENEDIS<\/a><a href=\"https:\/\/www.mouthiers-sur-boeme.fr\/wp-content\/uploads\/2024\/02\/D_2023_7_7-signature-dune-convention-de-servitude-avec-ENEDIS.pdf\" class=\"wp-block-file__button\" download>T\u00e9l\u00e9charger<\/a><\/div>\n\n\n\n<div class=\"wp-block-file\"><a href=\"https:\/\/www.mouthiers-sur-boeme.fr\/wp-content\/uploads\/2024\/02\/D_2023_7_8-GRDF-Redevance-Occupation-du-Domaine-Public.pdf\">D_2023_7_8 GRDF Redevance Occupation du Domaine Public<\/a><a href=\"https:\/\/www.mouthiers-sur-boeme.fr\/wp-content\/uploads\/2024\/02\/D_2023_7_8-GRDF-Redevance-Occupation-du-Domaine-Public.pdf\" class=\"wp-block-file__button\" download>T\u00e9l\u00e9charger<\/a><\/div>\n\n\n\n<div class=\"wp-block-file\"><a href=\"https:\/\/www.mouthiers-sur-boeme.fr\/wp-content\/uploads\/2024\/02\/D_2023_7_9-signature-convention-PEDT-Plan-mercredi.pdf\">D_2023_7_9 signature convention PEDT Plan mercredi<\/a><a href=\"https:\/\/www.mouthiers-sur-boeme.fr\/wp-content\/uploads\/2024\/02\/D_2023_7_9-signature-convention-PEDT-Plan-mercredi.pdf\" class=\"wp-block-file__button\" download>T\u00e9l\u00e9charger<\/a><\/div>\n\n\n\n<div class=\"wp-block-file\"><a href=\"https:\/\/www.mouthiers-sur-boeme.fr\/wp-content\/uploads\/2024\/02\/D_2023_7_10-\u0412volution-projet-cr\u041ache.pdf\">D_2023_7_10 \u00c9volution projet cr\u00e8che<\/a><a href=\"https:\/\/www.mouthiers-sur-boeme.fr\/wp-content\/uploads\/2024\/02\/D_2023_7_10-\u0412volution-projet-cr\u041ache.pdf\" class=\"wp-block-file__button\" download>T\u00e9l\u00e9charger<\/a><\/div>\n\n\n\n<p><strong>Ao\u00fbt 2023<\/strong><\/p>\n\n\n\n<div class=\"wp-block-file\"><a href=\"https:\/\/www.mouthiers-sur-boeme.fr\/wp-content\/uploads\/2024\/02\/D_2023_8_1-budget-g\u0412n\u0412ral-DM-2.pdf\">D_2023_8_1 budget g\u00e9n\u00e9ral DM 2<\/a><a href=\"https:\/\/www.mouthiers-sur-boeme.fr\/wp-content\/uploads\/2024\/02\/D_2023_8_1-budget-g\u0412n\u0412ral-DM-2.pdf\" class=\"wp-block-file__button\" download>T\u00e9l\u00e9charger<\/a><\/div>\n\n\n\n<div class=\"wp-block-file\"><a href=\"https:\/\/www.mouthiers-sur-boeme.fr\/wp-content\/uploads\/2024\/02\/D_2023_8_2-march\u0412-multi-accueil-familial-p\u0412nalit\u0412s-maitre-doeuvre.pdf\">D_2023_8_2 march\u00e9 multi accueil familial p\u00e9nalit\u00e9s ma\u00eetre d\u2019\u0153uvre<\/a><a href=\"https:\/\/www.mouthiers-sur-boeme.fr\/wp-content\/uploads\/2024\/02\/D_2023_8_2-march\u0412-multi-accueil-familial-p\u0412nalit\u0412s-maitre-doeuvre.pdf\" class=\"wp-block-file__button\" download>T\u00e9l\u00e9charger<\/a><\/div>\n\n\n\n<div class=\"wp-block-file\"><a href=\"https:\/\/www.mouthiers-sur-boeme.fr\/wp-content\/uploads\/2024\/02\/D_2023_8_3-candidature-territoire-engag\u0412-pour-la-nature.pdf\">D_2023_8_3 candidature territoire engag\u00e9 pour la nature<\/a><a href=\"https:\/\/www.mouthiers-sur-boeme.fr\/wp-content\/uploads\/2024\/02\/D_2023_8_3-candidature-territoire-engag\u0412-pour-la-nature.pdf\" class=\"wp-block-file__button\" download>T\u00e9l\u00e9charger<\/a><\/div>\n\n\n\n<div class=\"wp-block-file\"><a href=\"https:\/\/www.mouthiers-sur-boeme.fr\/wp-content\/uploads\/2024\/02\/D_2023_8_4-cession-de-la-voie-communale-n\u00b05-au-lieu-dit-le-Gagnier.pdf\">D_2023_8_4 cession de la voie communale n\u00b05 au lieu-dit le Gagnier<\/a><a href=\"https:\/\/www.mouthiers-sur-boeme.fr\/wp-content\/uploads\/2024\/02\/D_2023_8_4-cession-de-la-voie-communale-n\u00b05-au-lieu-dit-le-Gagnier.pdf\" class=\"wp-block-file__button\" download>T\u00e9l\u00e9charger<\/a><\/div>\n\n\n\n<div class=\"wp-block-file\"><a href=\"https:\/\/www.mouthiers-sur-boeme.fr\/wp-content\/uploads\/2024\/02\/D_2023_8_5-don-de-la-fontaines-des-barres-parcelle-9-section-ZI.pdf\">D_2023_8_5 don de la fontaines des barres parcelle 9 section ZI<\/a><a href=\"https:\/\/www.mouthiers-sur-boeme.fr\/wp-content\/uploads\/2024\/02\/D_2023_8_5-don-de-la-fontaines-des-barres-parcelle-9-section-ZI.pdf\" class=\"wp-block-file__button\" download>T\u00e9l\u00e9charger<\/a><\/div>\n\n\n\n<div class=\"wp-block-file\"><a href=\"https:\/\/www.mouthiers-sur-boeme.fr\/wp-content\/uploads\/2024\/02\/D_2023_8_6-Contrat-MAD-GE16-du-161023-au-190424_BRILLOUET.pdf\">D_2023_8_6 Contrat Mise \u00e0 Disposition GE16 du 161023 au 190424_BRILLOUET<\/a><a href=\"https:\/\/www.mouthiers-sur-boeme.fr\/wp-content\/uploads\/2024\/02\/D_2023_8_6-Contrat-MAD-GE16-du-161023-au-190424_BRILLOUET.pdf\" class=\"wp-block-file__button\" download>T\u00e9l\u00e9charger<\/a><\/div>\n\n\n\n<div class=\"wp-block-file\"><a href=\"https:\/\/www.mouthiers-sur-boeme.fr\/wp-content\/uploads\/2024\/02\/D_2023_8_6-Signature-contrat-de-MAD-avec-GE16.pdf\">D_2023_8_6 Signature contrat de Mise \u00e0 Disposition avec GE16<\/a><a href=\"https:\/\/www.mouthiers-sur-boeme.fr\/wp-content\/uploads\/2024\/02\/D_2023_8_6-Signature-contrat-de-MAD-avec-GE16.pdf\" class=\"wp-block-file__button\" download>T\u00e9l\u00e9charger<\/a><\/div>\n\n\n\n<div class=\"wp-block-file\"><a href=\"https:\/\/www.mouthiers-sur-boeme.fr\/wp-content\/uploads\/2024\/02\/D_2023_8_7-fonds-de-concours-solidarit\u0412-2023.pdf\">D_2023_8_7 fonds de concours solidarit\u00e9 2023<\/a><a href=\"https:\/\/www.mouthiers-sur-boeme.fr\/wp-content\/uploads\/2024\/02\/D_2023_8_7-fonds-de-concours-solidarit\u0412-2023.pdf\" class=\"wp-block-file__button\" download>T\u00e9l\u00e9charger<\/a><\/div>\n\n\n\n<p><strong>Septembre 2023<\/strong><\/p>\n\n\n\n<div class=\"wp-block-file\"><a href=\"https:\/\/www.mouthiers-sur-boeme.fr\/wp-content\/uploads\/2024\/02\/D_2023_9_1-cession-de-limprimante-de-la-cr\u041ache.pdf\">D_2023_9_1 cession de l&rsquo;imprimante de la cr\u00e8che<\/a><a href=\"https:\/\/www.mouthiers-sur-boeme.fr\/wp-content\/uploads\/2024\/02\/D_2023_9_1-cession-de-limprimante-de-la-cr\u041ache.pdf\" class=\"wp-block-file__button\" download>T\u00e9l\u00e9charger<\/a><\/div>\n\n\n\n<div class=\"wp-block-file\"><a href=\"https:\/\/www.mouthiers-sur-boeme.fr\/wp-content\/uploads\/2024\/02\/D_2023_9_2-mod\u041ale-convention-pour-pr\u0418t-du-minibus-aux-associations.pdf\">D_2023_9_2 mod\u00e8le convention pour pr\u00eat du minibus aux associations<\/a><a href=\"https:\/\/www.mouthiers-sur-boeme.fr\/wp-content\/uploads\/2024\/02\/D_2023_9_2-mod\u041ale-convention-pour-pr\u0418t-du-minibus-aux-associations.pdf\" class=\"wp-block-file__button\" download>T\u00e9l\u00e9charger<\/a><\/div>\n\n\n\n<div class=\"wp-block-file\"><a href=\"https:\/\/www.mouthiers-sur-boeme.fr\/wp-content\/uploads\/2024\/02\/D_2023_9_2-tarifs-de-mise-\u0415-dispo-du-minibus-aux-associations.pdf\">D_2023_9_2 tarifs de mise \u00e0 disposition du minibus aux associations<\/a><a href=\"https:\/\/www.mouthiers-sur-boeme.fr\/wp-content\/uploads\/2024\/02\/D_2023_9_2-tarifs-de-mise-\u0415-dispo-du-minibus-aux-associations.pdf\" class=\"wp-block-file__button\" download>T\u00e9l\u00e9charger<\/a><\/div>\n\n\n\n<div class=\"wp-block-file\"><a href=\"https:\/\/www.mouthiers-sur-boeme.fr\/wp-content\/uploads\/2024\/02\/D_2023_9_3-cr\u0412ation-et-suppression-de-postes-pour-avancement-de-grades-2023.pdf\">D_2023_9_3 cr\u00e9ation et suppression de postes pour avancement de grades 2023<\/a><a href=\"https:\/\/www.mouthiers-sur-boeme.fr\/wp-content\/uploads\/2024\/02\/D_2023_9_3-cr\u0412ation-et-suppression-de-postes-pour-avancement-de-grades-2023.pdf\" class=\"wp-block-file__button\" download>T\u00e9l\u00e9charger<\/a><\/div>\n\n\n\n<div class=\"wp-block-file\"><a href=\"https:\/\/www.mouthiers-sur-boeme.fr\/wp-content\/uploads\/2024\/02\/D_2023_9_4-convention-avec-la-chambre-dagriculture-MPP-2023.pdf\">D_2023_9_4 convention avec la chambre d&rsquo;agriculture March\u00e9 de Pays Producteurs 2023<\/a><a href=\"https:\/\/www.mouthiers-sur-boeme.fr\/wp-content\/uploads\/2024\/02\/D_2023_9_4-convention-avec-la-chambre-dagriculture-MPP-2023.pdf\" class=\"wp-block-file__button\" download>T\u00e9l\u00e9charger<\/a><\/div>\n\n\n\n<div class=\"wp-block-file\"><a href=\"https:\/\/www.mouthiers-sur-boeme.fr\/wp-content\/uploads\/2024\/02\/D_2023_9_5-convention-de-mise-\u0415-dispo-local-secours-populaire.pdf\">D_2023_9_5 convention de mise \u00e0 disposition local secours populaire<\/a><a href=\"https:\/\/www.mouthiers-sur-boeme.fr\/wp-content\/uploads\/2024\/02\/D_2023_9_5-convention-de-mise-\u0415-dispo-local-secours-populaire.pdf\" class=\"wp-block-file__button\" download>T\u00e9l\u00e9charger<\/a><\/div>\n\n\n\n<div class=\"wp-block-file\"><a href=\"https:\/\/www.mouthiers-sur-boeme.fr\/wp-content\/uploads\/2024\/02\/D_2023_9_6-Cession-de-la-parcelle-C1895-rue-du-Bois-Rablon.pdf\">D_2023_9_6 Cession de la parcelle C1895 rue du Bois Rablons<\/a><a href=\"https:\/\/www.mouthiers-sur-boeme.fr\/wp-content\/uploads\/2024\/02\/D_2023_9_6-Cession-de-la-parcelle-C1895-rue-du-Bois-Rablon.pdf\" class=\"wp-block-file__button\" download>T\u00e9l\u00e9charger<\/a><\/div>\n\n\n\n<div class=\"wp-block-file\"><a href=\"https:\/\/www.mouthiers-sur-boeme.fr\/wp-content\/uploads\/2024\/02\/D_2023_9_7-Reglement-aire-camping-cars-Mouthiers.pdf\">D_2023_9_7 R\u00e8glement aire camping cars Mouthiers sur Bo\u00ebme<\/a><a href=\"https:\/\/www.mouthiers-sur-boeme.fr\/wp-content\/uploads\/2024\/02\/D_2023_9_7-Reglement-aire-camping-cars-Mouthiers.pdf\" class=\"wp-block-file__button\" download>T\u00e9l\u00e9charger<\/a><\/div>\n\n\n\n<div class=\"wp-block-file\"><a href=\"https:\/\/www.mouthiers-sur-boeme.fr\/wp-content\/uploads\/2024\/02\/D_2023_9_7-r\u0412glement-de-stationnement-camping-cars.pdf\">D_2023_9_7 r\u00e8glement de stationnement camping cars<\/a><a href=\"https:\/\/www.mouthiers-sur-boeme.fr\/wp-content\/uploads\/2024\/02\/D_2023_9_7-r\u0412glement-de-stationnement-camping-cars.pdf\" class=\"wp-block-file__button\" download>T\u00e9l\u00e9charger<\/a><\/div>\n\n\n\n<div class=\"wp-block-file\"><a href=\"https:\/\/www.mouthiers-sur-boeme.fr\/wp-content\/uploads\/2024\/02\/D_2023_9_8-motion-relative-au-renforcement-de-la-legislation-visant-\u0415-proteger-les-\u0412lus.pdf\">D_2023_9_8 motion relative au renforcement de la l\u00e9gislation visant \u00e0 prot\u00e9ger les \u00c9lus<\/a><a href=\"https:\/\/www.mouthiers-sur-boeme.fr\/wp-content\/uploads\/2024\/02\/D_2023_9_8-motion-relative-au-renforcement-de-la-legislation-visant-\u0415-proteger-les-\u0412lus.pdf\" class=\"wp-block-file__button\" download>T\u00e9l\u00e9charger<\/a><\/div>\n\n\n\n<p><strong>Octobre 2023<\/strong><\/p>\n\n\n\n<div class=\"wp-block-file\"><a href=\"https:\/\/www.mouthiers-sur-boeme.fr\/wp-content\/uploads\/2024\/02\/D_2023_10_1-cr\u0412ation-de-ZAENR-ANNEXE-carte-PV-sol.pdf\">D_2023_10_1 cr\u00e9ation de ZAENR (zones d&rsquo;acc\u00e9l\u00e9ration des \u00e9nergies renouvelables) ANNEXE carte PV sol<\/a><a href=\"https:\/\/www.mouthiers-sur-boeme.fr\/wp-content\/uploads\/2024\/02\/D_2023_10_1-cr\u0412ation-de-ZAENR-ANNEXE-carte-PV-sol.pdf\" class=\"wp-block-file__button\" download>T\u00e9l\u00e9charger<\/a><\/div>\n\n\n\n<div class=\"wp-block-file\"><a href=\"https:\/\/www.mouthiers-sur-boeme.fr\/wp-content\/uploads\/2024\/02\/D_2023_10_1-cr\u0412ation-de-ZAENR-ANNEXE-carte-PV-thermique.pdf\">D_2023_10_1 cr\u00e9ation de ZAENR (zones d&rsquo;acc\u00e9l\u00e9ration des \u00e9nergies renouvelables) ANNEXE carte PV thermique<\/a><a href=\"https:\/\/www.mouthiers-sur-boeme.fr\/wp-content\/uploads\/2024\/02\/D_2023_10_1-cr\u0412ation-de-ZAENR-ANNEXE-carte-PV-thermique.pdf\" class=\"wp-block-file__button\" download>T\u00e9l\u00e9charger<\/a><\/div>\n\n\n\n<div class=\"wp-block-file\"><a href=\"https:\/\/www.mouthiers-sur-boeme.fr\/wp-content\/uploads\/2024\/02\/D_2023_10_1-cr\u0412ation-de-ZAENR-ANNEXE-carte-PV-toiture.pdf\">D_2023_10_1 cr\u00e9ation de ZAENR (zones d&rsquo;acc\u00e9l\u00e9ration des \u00e9nergies renouvelables) ANNEXE carte PV toiture<\/a><a href=\"https:\/\/www.mouthiers-sur-boeme.fr\/wp-content\/uploads\/2024\/02\/D_2023_10_1-cr\u0412ation-de-ZAENR-ANNEXE-carte-PV-toiture.pdf\" class=\"wp-block-file__button\" download>T\u00e9l\u00e9charger<\/a><\/div>\n\n\n\n<div class=\"wp-block-file\"><a href=\"https:\/\/www.mouthiers-sur-boeme.fr\/wp-content\/uploads\/2024\/02\/D_2023_10_2A-budget-g\u0412n\u0412ral-DM-3.pdf\">D_2023_10_2A budget g\u00e9n\u00e9ral DM 3<\/a><a href=\"https:\/\/www.mouthiers-sur-boeme.fr\/wp-content\/uploads\/2024\/02\/D_2023_10_2A-budget-g\u0412n\u0412ral-DM-3.pdf\" class=\"wp-block-file__button\" download>T\u00e9l\u00e9charger<\/a><\/div>\n\n\n\n<div class=\"wp-block-file\"><a href=\"https:\/\/www.mouthiers-sur-boeme.fr\/wp-content\/uploads\/2024\/02\/D_2023_10_3-r\u0412gime-des-amortissements-des-immobilisations.pdf\">D_2023_10_3 r\u00e9gime des amortissements des immobilisations<\/a><a href=\"https:\/\/www.mouthiers-sur-boeme.fr\/wp-content\/uploads\/2024\/02\/D_2023_10_3-r\u0412gime-des-amortissements-des-immobilisations.pdf\" class=\"wp-block-file__button\" download>T\u00e9l\u00e9charger<\/a><\/div>\n\n\n\n<div class=\"wp-block-file\"><a href=\"https:\/\/www.mouthiers-sur-boeme.fr\/wp-content\/uploads\/2024\/02\/D_2023_10_3-r\u0412gime-des-amortissements-des-immobilisations-ANNEXE.pdf\">D_2023_10_3 r\u00e9gime des amortissements des immobilisations ANNEXE<\/a><a href=\"https:\/\/www.mouthiers-sur-boeme.fr\/wp-content\/uploads\/2024\/02\/D_2023_10_3-r\u0412gime-des-amortissements-des-immobilisations-ANNEXE.pdf\" class=\"wp-block-file__button\" download>T\u00e9l\u00e9charger<\/a><\/div>\n\n\n\n<div class=\"wp-block-file\"><a href=\"https:\/\/www.mouthiers-sur-boeme.fr\/wp-content\/uploads\/2024\/02\/D_2023_10_4A-r\u0412f\u0412rent-d\u0412ontologue-de-l\u0412lu-local.pdf\">D_2023_10_4A r\u00e9f\u00e9rent d\u00e9ontologue de l\u2019\u00c9lu local<\/a><a href=\"https:\/\/www.mouthiers-sur-boeme.fr\/wp-content\/uploads\/2024\/02\/D_2023_10_4A-r\u0412f\u0412rent-d\u0412ontologue-de-l\u0412lu-local.pdf\" class=\"wp-block-file__button\" download>T\u00e9l\u00e9charger<\/a><\/div>\n\n\n\n<div class=\"wp-block-file\"><a href=\"https:\/\/www.mouthiers-sur-boeme.fr\/wp-content\/uploads\/2024\/02\/D_2023_10_5-signature-convention-frais-de-scolarit\u0412-Fl\u0412ac.pdf\">D_2023_10_5 signature convention frais de scolarit\u00e9 Fl\u00e9ac<\/a><a href=\"https:\/\/www.mouthiers-sur-boeme.fr\/wp-content\/uploads\/2024\/02\/D_2023_10_5-signature-convention-frais-de-scolarit\u0412-Fl\u0412ac.pdf\" class=\"wp-block-file__button\" download>T\u00e9l\u00e9charger<\/a><\/div>\n\n\n\n<div class=\"wp-block-file\"><a href=\"https:\/\/www.mouthiers-sur-boeme.fr\/wp-content\/uploads\/2024\/02\/D_2023_10_6-signature-convention-frais-de-scolarit\u0412-La-Couronne.pdf\">D_2023_10_6 signature convention frais de scolarit\u00e9 La Couronne<\/a><a href=\"https:\/\/www.mouthiers-sur-boeme.fr\/wp-content\/uploads\/2024\/02\/D_2023_10_6-signature-convention-frais-de-scolarit\u0412-La-Couronne.pdf\" class=\"wp-block-file__button\" download>T\u00e9l\u00e9charger<\/a><\/div>\n\n\n\n<div class=\"wp-block-file\"><a href=\"https:\/\/www.mouthiers-sur-boeme.fr\/wp-content\/uploads\/2024\/02\/D_2023_10_7-versement-prime-pouvoir-dachat-exceptionnelle-2023.pdf\">D_2023_10_7 versement prime pouvoir d&rsquo;achat exceptionnelle 2023<\/a><a href=\"https:\/\/www.mouthiers-sur-boeme.fr\/wp-content\/uploads\/2024\/02\/D_2023_10_7-versement-prime-pouvoir-dachat-exceptionnelle-2023.pdf\" class=\"wp-block-file__button\" download>T\u00e9l\u00e9charger<\/a><\/div>\n\n\n\n<p><strong>Novembre 2023<\/strong><\/p>\n\n\n\n\n\n<p><strong>D\u00e9cembre 2023<\/strong><\/p>\n\n\n\n<p><\/p>\n\n\n\n<p><\/p>\n","protected":false},"excerpt":{"rendered":"<p>Janvier 2023 D_2023_1_1 Caisse des \u00c9coles avance sur subvention D_2023_1_2 ouverture des cr\u00e9dits en section d\u2019investissement D_2023_1_3 Imputation en section d\u2019investissement des biens meubles inf\u00e9rieurs \u00e0 500\u20ac D_2023_1_4 Annexe_Actualisation Tableau des emplois permanents D_2023_1_4 Suppressions de postes vacants et Actualisation du tableau des emplois D_2023_1_5 projet du programme pluriannuel 2022 2023 bassins de la Bo\u00ebme &hellip; <a href=\"https:\/\/www.mouthiers-sur-boeme.fr\/?page_id=10675\" class=\"more-link\">Continuer la lecture de <span class=\"screen-reader-text\">D\u00e9lib\u00e9rations 2023<\/span>  <span class=\"meta-nav\">&rarr;<\/span><\/a><\/p>\n","protected":false},"author":22,"featured_media":0,"parent":0,"menu_order":0,"comment_status":"closed","ping_status":"closed","template":"","meta":[],"_links":{"self":[{"href":"https:\/\/www.mouthiers-sur-boeme.fr\/index.php?rest_route=\/wp\/v2\/pages\/10675"}],"collection":[{"href":"https:\/\/www.mouthiers-sur-boeme.fr\/index.php?rest_route=\/wp\/v2\/pages"}],"about":[{"href":"https:\/\/www.mouthiers-sur-boeme.fr\/index.php?rest_route=\/wp\/v2\/types\/page"}],"author":[{"embeddable":true,"href":"https:\/\/www.mouthiers-sur-boeme.fr\/index.php?rest_route=\/wp\/v2\/users\/22"}],"replies":[{"embeddable":true,"href":"https:\/\/www.mouthiers-sur-boeme.fr\/index.php?rest_route=%2Fwp%2Fv2%2Fcomments&post=10675"}],"version-history":[{"count":28,"href":"https:\/\/www.mouthiers-sur-boeme.fr\/index.php?rest_route=\/wp\/v2\/pages\/10675\/revisions"}],"predecessor-version":[{"id":11040,"href":"https:\/\/www.mouthiers-sur-boeme.fr\/index.php?rest_route=\/wp\/v2\/pages\/10675\/revisions\/11040"}],"wp:attachment":[{"href":"https:\/\/www.mouthiers-sur-boeme.fr\/index.php?rest_route=%2Fwp%2Fv2%2Fmedia&parent=10675"}],"curies":[{"name":"wp","href":"https:\/\/api.w.org\/{rel}","templated":true}]}}