{"id":1701,"date":"2014-09-20T09:11:23","date_gmt":"2014-09-20T08:11:23","guid":{"rendered":"http:\/\/blogpeda.ac-poitiers.fr\/iufm6\/?page_id=1701"},"modified":"2026-01-10T10:27:45","modified_gmt":"2026-01-10T09:27:45","slug":"conseil-local-des-parents-deleves","status":"publish","type":"page","link":"https:\/\/www.mouthiers-sur-boeme.fr\/?page_id=1701","title":{"rendered":"Association des parents d&rsquo;\u00e9l\u00e8ves"},"content":{"rendered":"<p>L&rsquo;\u00a0association de parents d\u2019\u00e9l\u00e8ves a pour objet la d\u00e9fense des int\u00e9r\u00eats moraux et mat\u00e9riels communs aux parents d\u2019\u00e9l\u00e8ves.\u00a0Elle ne regroupe que des parents d\u2019\u00e9l\u00e8ves, auxquels sont assimil\u00e9es les personnes ayant la responsabilit\u00e9 l\u00e9gale d\u2019un ou plusieurs \u00e9l\u00e8ves.<\/p>\n<p><img loading=\"lazy\" class=\"alignnone size-medium wp-image-7940\" src=\"https:\/\/www.mouthiers-sur-boeme.fr\/wp-content\/uploads\/2014\/09\/LOGO-APE-300x253.png\" alt=\"\" width=\"300\" height=\"253\" srcset=\"https:\/\/www.mouthiers-sur-boeme.fr\/wp-content\/uploads\/2014\/09\/LOGO-APE-300x253.png 300w, https:\/\/www.mouthiers-sur-boeme.fr\/wp-content\/uploads\/2014\/09\/LOGO-APE-768x648.png 768w, https:\/\/www.mouthiers-sur-boeme.fr\/wp-content\/uploads\/2014\/09\/LOGO-APE-1024x865.png 1024w, https:\/\/www.mouthiers-sur-boeme.fr\/wp-content\/uploads\/2014\/09\/LOGO-APE.png 1490w\" sizes=\"(max-width: 300px) 100vw, 300px\" \/><\/p>\n<p>Nous menons \u00e9galement\u00a0certaines actions, afin d&rsquo;aider \u00e0 financer les activit\u00e9s des enfants \u00e0 l\u2019\u00e9cole, comme les spectacles de No\u00ebl.<\/p>\n<p>Venez soutenir les membres de l\u2019APE durant les diverses manifestations organis\u00e9es tout au long de l&rsquo;ann\u00e9e.<a href=\"https:\/\/www.mouthiers-sur-boeme.fr\/wp-content\/uploads\/2014\/09\/Chasse-au-tr\u00e9sor-2.jpg\"><img loading=\"lazy\" class=\"aligncenter size-medium wp-image-5622\" src=\"https:\/\/www.mouthiers-sur-boeme.fr\/wp-content\/uploads\/2014\/09\/Chasse-au-tr\u00e9sor-2-300x202.jpg\" alt=\"\" width=\"300\" height=\"202\" srcset=\"https:\/\/www.mouthiers-sur-boeme.fr\/wp-content\/uploads\/2014\/09\/Chasse-au-tr\u00e9sor-2-300x202.jpg 300w, https:\/\/www.mouthiers-sur-boeme.fr\/wp-content\/uploads\/2014\/09\/Chasse-au-tr\u00e9sor-2-768x518.jpg 768w, https:\/\/www.mouthiers-sur-boeme.fr\/wp-content\/uploads\/2014\/09\/Chasse-au-tr\u00e9sor-2-1024x690.jpg 1024w\" sizes=\"(max-width: 300px) 100vw, 300px\" \/><\/a><\/p>\n<p>Pr\u00e9sident : NATHANA\u00cbL CALONNE<\/p>\n<p>Vice pr\u00e9sidente : JENNIFER BARBERA<br \/>Secr\u00e9taire : JESSICA PAQUEREAU<br \/>Secr\u00e9taire adjointe : SOL\u00c8NE BLOUIN<\/p>\n<p>Tr\u00e9sori\u00e8re : FABIENNE DUMAS<br \/>Tr\u00e9sori\u00e8re adjointe : M\u00c9LANIE J\u00c9R\u00d4ME-ALVES<\/p>\n<p>Nous contacter par courrier :<\/p>\n<p>Conseil local FCPE des parents d&rsquo;\u00e9l\u00e8ves<br \/>34 rue du <span id=\"OBJ_PREFIX_DWT49_com_zimbra_date\" class=\"Object\" role=\"link\">24 ao\u00fbt 1944<\/span><br \/>16440 Mouthiers Sur Bo\u00ebme<\/p>\n<p>Mail : <span id=\"OBJ_PREFIX_DWT50_ZmEmailObjectHandler\" class=\"Object\" role=\"link\">ape.mouthiers@gmail.com<\/span><\/p>\n<p>Page facebook : APE Mouthiers<\/p>\n\n\n<p class=\"has-text-color\" style=\"color:#ef360c\"><\/p>\n","protected":false},"excerpt":{"rendered":"<p>L&rsquo;\u00a0association de parents d\u2019\u00e9l\u00e8ves a pour objet la d\u00e9fense des int\u00e9r\u00eats moraux et mat\u00e9riels communs aux parents d\u2019\u00e9l\u00e8ves.\u00a0Elle ne regroupe que des parents d\u2019\u00e9l\u00e8ves, auxquels sont assimil\u00e9es les personnes ayant la responsabilit\u00e9 l\u00e9gale d\u2019un ou plusieurs \u00e9l\u00e8ves. Nous menons \u00e9galement\u00a0certaines actions, afin d&rsquo;aider \u00e0 financer les activit\u00e9s des enfants \u00e0 l\u2019\u00e9cole, comme les spectacles de &hellip; <a href=\"https:\/\/www.mouthiers-sur-boeme.fr\/?page_id=1701\" class=\"more-link\">Continuer la lecture de <span class=\"screen-reader-text\">Association des parents d&rsquo;\u00e9l\u00e8ves<\/span>  <span class=\"meta-nav\">&rarr;<\/span><\/a><\/p>\n","protected":false},"author":22,"featured_media":0,"parent":0,"menu_order":0,"comment_status":"closed","ping_status":"closed","template":"","meta":[],"_links":{"self":[{"href":"https:\/\/www.mouthiers-sur-boeme.fr\/index.php?rest_route=\/wp\/v2\/pages\/1701"}],"collection":[{"href":"https:\/\/www.mouthiers-sur-boeme.fr\/index.php?rest_route=\/wp\/v2\/pages"}],"about":[{"href":"https:\/\/www.mouthiers-sur-boeme.fr\/index.php?rest_route=\/wp\/v2\/types\/page"}],"author":[{"embeddable":true,"href":"https:\/\/www.mouthiers-sur-boeme.fr\/index.php?rest_route=\/wp\/v2\/users\/22"}],"replies":[{"embeddable":true,"href":"https:\/\/www.mouthiers-sur-boeme.fr\/index.php?rest_route=%2Fwp%2Fv2%2Fcomments&post=1701"}],"version-history":[{"count":10,"href":"https:\/\/www.mouthiers-sur-boeme.fr\/index.php?rest_route=\/wp\/v2\/pages\/1701\/revisions"}],"predecessor-version":[{"id":12758,"href":"https:\/\/www.mouthiers-sur-boeme.fr\/index.php?rest_route=\/wp\/v2\/pages\/1701\/revisions\/12758"}],"wp:attachment":[{"href":"https:\/\/www.mouthiers-sur-boeme.fr\/index.php?rest_route=%2Fwp%2Fv2%2Fmedia&parent=1701"}],"curies":[{"name":"wp","href":"https:\/\/api.w.org\/{rel}","templated":true}]}}