{"id":1749,"date":"2014-09-20T09:26:57","date_gmt":"2014-09-20T08:26:57","guid":{"rendered":"http:\/\/blogpeda.ac-poitiers.fr\/iufm6\/?page_id=1749"},"modified":"2025-01-07T14:21:25","modified_gmt":"2025-01-07T13:21:25","slug":"aller-a","status":"publish","type":"page","link":"https:\/\/www.mouthiers-sur-boeme.fr\/?page_id=1749","title":{"rendered":"Conseil de d\u00e9veloppement"},"content":{"rendered":"\n<figure class=\"wp-block-image size-large\"><a href=\"https:\/\/www.mouthiers-sur-boeme.fr\/wp-content\/uploads\/2024\/01\/image-3.png\"><img loading=\"lazy\" width=\"816\" height=\"237\" src=\"https:\/\/www.mouthiers-sur-boeme.fr\/wp-content\/uploads\/2024\/01\/image-3.png\" alt=\"\" class=\"wp-image-10323\" srcset=\"https:\/\/www.mouthiers-sur-boeme.fr\/wp-content\/uploads\/2024\/01\/image-3.png 816w, https:\/\/www.mouthiers-sur-boeme.fr\/wp-content\/uploads\/2024\/01\/image-3-300x87.png 300w, https:\/\/www.mouthiers-sur-boeme.fr\/wp-content\/uploads\/2024\/01\/image-3-768x223.png 768w\" sizes=\"(max-width: 816px) 100vw, 816px\" \/><\/a><\/figure>\n\n\n\n<figure class=\"wp-block-image size-large\"><a href=\"https:\/\/www.mouthiers-sur-boeme.fr\/wp-content\/uploads\/2025\/01\/RENCONTRE-CITOYENNE-AFFICHE-A3-VD-scaled.jpg\"><img loading=\"lazy\" width=\"724\" height=\"1024\" src=\"https:\/\/www.mouthiers-sur-boeme.fr\/wp-content\/uploads\/2025\/01\/RENCONTRE-CITOYENNE-AFFICHE-A3-VD-724x1024.jpg\" alt=\"\" class=\"wp-image-11883\" srcset=\"https:\/\/www.mouthiers-sur-boeme.fr\/wp-content\/uploads\/2025\/01\/RENCONTRE-CITOYENNE-AFFICHE-A3-VD-724x1024.jpg 724w, https:\/\/www.mouthiers-sur-boeme.fr\/wp-content\/uploads\/2025\/01\/RENCONTRE-CITOYENNE-AFFICHE-A3-VD-212x300.jpg 212w, https:\/\/www.mouthiers-sur-boeme.fr\/wp-content\/uploads\/2025\/01\/RENCONTRE-CITOYENNE-AFFICHE-A3-VD-768x1086.jpg 768w, https:\/\/www.mouthiers-sur-boeme.fr\/wp-content\/uploads\/2025\/01\/RENCONTRE-CITOYENNE-AFFICHE-A3-VD-1086x1536.jpg 1086w, https:\/\/www.mouthiers-sur-boeme.fr\/wp-content\/uploads\/2025\/01\/RENCONTRE-CITOYENNE-AFFICHE-A3-VD-1448x2048.jpg 1448w, https:\/\/www.mouthiers-sur-boeme.fr\/wp-content\/uploads\/2025\/01\/RENCONTRE-CITOYENNE-AFFICHE-A3-VD-scaled.jpg 1810w\" sizes=\"(max-width: 724px) 100vw, 724px\" \/><\/a><\/figure>\n\n\n\n<div class=\"wp-block-file\"><a href=\"https:\/\/www.mouthiers-sur-boeme.fr\/wp-content\/uploads\/2024\/11\/GDA-BILAN-MI-MANDAT-web.pdf\">GDA-BILAN-MI-MANDAT-web<\/a><a href=\"https:\/\/www.mouthiers-sur-boeme.fr\/wp-content\/uploads\/2024\/11\/GDA-BILAN-MI-MANDAT-web.pdf\" class=\"wp-block-file__button\" download>T\u00e9l\u00e9charger<\/a><\/div>\n\n\n\n<p id=\"block-5f7523b8-f7d3-42b0-bf47-ee7508a8cd25\">L\u2019alimentation, la mobilit\u00e9, la r\u00e9duction des d\u00e9chets, les usages de l\u2019eau, le changement climatique et le climat sont des sujets qui vous interpellent ?<\/p>\n\n\n\n<p id=\"block-eca3cbf7-bc95-418a-8f04-e03ede7b22b8\">Pour le Conseil de d\u00e9veloppement (CDD) de GrandAngoul\u00eame, aussi, c\u2019est important.<\/p>\n\n\n\n<p id=\"block-7e0d4078-2f49-4f9d-81b2-37edd6faa561\">La mission du Conseil de d\u00e9veloppement est de s\u2019emparer de tous ces sujets (et bien d\u2019autres) pour exprimer des avis sur les politiques locales et les grands enjeux soci\u00e9taux qui fa\u00e7onnent notre vie de tous les jours, notre territoire.<\/p>\n\n\n\n<!--more-->\n\n\n\n<p id=\"block-651d4d2d-8082-41c9-9c76-ff8afdc0a756\">Le Conseil de d\u00e9veloppement de GrandAngoul\u00eame n&rsquo;est pas seulement un lieu de d\u00e9bat, c&rsquo;est aussi un espace vibrant d&rsquo;\u00e9change, de r\u00e9flexion et de partage. Nous sommes l\u00e0 pour \u00e9couter, rencontrer les habitants et les acteurs du territoire, et faire remonter la parole citoyenne avec objectivit\u00e9 et authenticit\u00e9.<\/p>\n\n\n\n<p id=\"block-a38df7fe-66ae-4b5d-9437-469648d9d533\">Chaque citoyen peut devenir membre et contribuer aux avis remis aux \u00e9lu.e.s de la communaut\u00e9 d\u2019agglom\u00e9ration.<\/p>\n\n\n\n<p id=\"block-c2c8981f-ea05-4175-b439-b98dc1738161\"><strong>INFOS PRATIQUES<\/strong><\/p>\n\n\n\n<p id=\"block-9f58a3da-3653-4852-a207-67c9a57e03ad\">Les groupes de travail se r\u00e9unissent environ 1 fois par mois en fonction des th\u00e9matiques<\/p>\n\n\n\n<p id=\"block-1c391326-f224-4f98-88c8-b50fea4edcab\">En visio et en pr\u00e9sentiel au si\u00e8ge de GrandAngoul\u00eame ou dans l\u2019une des communes du territoire<\/p>\n\n\n\n<p id=\"block-73a47fa1-eaf4-4664-b8e9-bdb135ddf1fc\"><strong>COMMENT \u00c7A MARCHE ?<\/strong><\/p>\n\n\n\n<p id=\"block-e59b0614-8806-4920-9c13-e775176b07f4\">3 coll\u00e8ges : habitant.e.s\/ acteur\u00b7rice.s \/ repr\u00e9sentant.e.s des communes<\/p>\n\n\n\n<p id=\"block-5278502e-00a0-4e8f-b2fc-1286ce8ba799\">2 copr\u00e9sident.e.s et 1 comit\u00e9 d\u2019animation<\/p>\n\n\n\n<p id=\"block-e52a07e3-7308-4cfd-8356-2e5b0d00e047\">130 membres permanents (maximum)<\/p>\n\n\n\n<p id=\"block-0bc904d8-69cd-4d74-8a71-1103048df553\">2 pl\u00e9ni\u00e8res par an<\/p>\n\n\n\n<p id=\"block-cb441aa8-6c83-43d4-ad1b-ab3e120b1f07\">4 \u00e0 5 groupes de travail th\u00e9matiques<\/p>\n\n\n\n<p id=\"block-e030643d-bc06-4ca7-98d8-25884151911d\"><strong>CONTRIBUTION ALIMENTATION<\/strong><\/p>\n\n\n\n<div class=\"wp-block-image\"><figure class=\"alignright is-resized\"><img loading=\"lazy\" src=\"https:\/\/www.mouthiers-sur-boeme.fr\/wp-content\/uploads\/2024\/01\/image-1.png\" alt=\"\" width=\"94\" height=\"162\"\/><\/figure><\/div>\n\n\n\n<p id=\"block-7ee06fbb-fa67-4284-a6cf-d0cef18e1723\"><strong>Le dernier travail de groupe porte sur la th\u00e9matique de l\u2019alimentation et s\u2019intitule \u00ab&nbsp;De la r\u00e9colte \u00e0 la popote&nbsp;\u00bb.<\/strong><\/p>\n\n\n\n<p id=\"block-fe75af71-1d9e-4069-99b2-bf4acb482ad8\">Sous forme d\u2019illustration, imagin\u00e9e par Ang\u00e8le Villeuneuve, cette contribution permet de montrer, autour de 6 grandes th\u00e9matiques, l\u2019interaction entre tous les acteurs du territoire vers une r\u00e9silience alimentaire concert\u00e9e et \u00e9quitable pour toutes et tous.<\/p>\n\n\n\n<p id=\"block-592f5c5c-8698-40d2-b91f-f43889ef04d1\"><strong>A retrouver sur le site <a rel=\"noreferrer noopener\" href=\"http:\/\/www.codevgrandangouleme.fr\" target=\"_blank\">http:\/\/www.codevgrandangouleme.fr<\/a><\/strong><\/p>\n\n\n\n<p><strong>NOUS CONTACTER<\/strong><\/p>\n\n\n\n<p>Conseil de d\u00e9veloppement de GrandAngoul\u00eame<\/p>\n\n\n\n<p>25, Bd Besson Bey, 16023 ANGOULEME CEDEX<\/p>\n\n\n\n<p>06 27 13 37 00 \/ 06 22 97 66 99<\/p>\n\n\n\n<p>conseildedeveloppement@grandangouleme.fr<\/p>\n\n\n\n<p>www.codevgrandangouleme.fr<\/p>\n\n\n\n<p>Facebook&nbsp;: Codevangouleme16<\/p>\n\n\n\n<p>Linkedin&nbsp;: company\/codev-grandangoul\u00eame<\/p>\n\n\n\n<p>Le site<a rel=\"noreferrer noopener\" href=\"http:\/\/www.codevgrandangouleme.fr\/\" data-type=\"URL\" data-id=\"http:\/\/www.codevgrandangouleme.fr\/\" target=\"_blank\">  ICI<\/a><\/p>\n","protected":false},"excerpt":{"rendered":"<p>L\u2019alimentation, la mobilit\u00e9, la r\u00e9duction des d\u00e9chets, les usages de l\u2019eau, le changement climatique et le climat sont des sujets qui vous interpellent ? Pour le Conseil de d\u00e9veloppement (CDD) de GrandAngoul\u00eame, aussi, c\u2019est important. La mission du Conseil de d\u00e9veloppement est de s\u2019emparer de tous ces sujets (et bien d\u2019autres) pour exprimer des avis &hellip; <a href=\"https:\/\/www.mouthiers-sur-boeme.fr\/?page_id=1749\" class=\"more-link\">Continuer la lecture de <span class=\"screen-reader-text\">Conseil de d\u00e9veloppement<\/span>  <span class=\"meta-nav\">&rarr;<\/span><\/a><\/p>\n","protected":false},"author":22,"featured_media":0,"parent":0,"menu_order":0,"comment_status":"closed","ping_status":"closed","template":"","meta":[],"_links":{"self":[{"href":"https:\/\/www.mouthiers-sur-boeme.fr\/index.php?rest_route=\/wp\/v2\/pages\/1749"}],"collection":[{"href":"https:\/\/www.mouthiers-sur-boeme.fr\/index.php?rest_route=\/wp\/v2\/pages"}],"about":[{"href":"https:\/\/www.mouthiers-sur-boeme.fr\/index.php?rest_route=\/wp\/v2\/types\/page"}],"author":[{"embeddable":true,"href":"https:\/\/www.mouthiers-sur-boeme.fr\/index.php?rest_route=\/wp\/v2\/users\/22"}],"replies":[{"embeddable":true,"href":"https:\/\/www.mouthiers-sur-boeme.fr\/index.php?rest_route=%2Fwp%2Fv2%2Fcomments&post=1749"}],"version-history":[{"count":12,"href":"https:\/\/www.mouthiers-sur-boeme.fr\/index.php?rest_route=\/wp\/v2\/pages\/1749\/revisions"}],"predecessor-version":[{"id":11885,"href":"https:\/\/www.mouthiers-sur-boeme.fr\/index.php?rest_route=\/wp\/v2\/pages\/1749\/revisions\/11885"}],"wp:attachment":[{"href":"https:\/\/www.mouthiers-sur-boeme.fr\/index.php?rest_route=%2Fwp%2Fv2%2Fmedia&parent=1749"}],"curies":[{"name":"wp","href":"https:\/\/api.w.org\/{rel}","templated":true}]}}