{"id":1774,"date":"2014-09-20T09:38:11","date_gmt":"2014-09-20T08:38:11","guid":{"rendered":"http:\/\/blogpeda.ac-poitiers.fr\/iufm6\/?page_id=1774"},"modified":"2026-01-10T10:14:09","modified_gmt":"2026-01-10T09:14:09","slug":"collecte-et-traitement-des-ordures","status":"publish","type":"page","link":"https:\/\/www.mouthiers-sur-boeme.fr\/?page_id=1774","title":{"rendered":"Collecte et traitement des ordures"},"content":{"rendered":"\n<p class=\"western\"><span style=\"font-size: large;\"><b>\u00ab&nbsp;la collecte des d\u00e9chets&nbsp;\u00bb<\/b><\/span><\/p>\n\n\n\n<p><a href=\"https:\/\/ppmv.grandangouleme.fr\/quand-sortir-ma-poubelle\/\" data-type=\"URL\" data-id=\"https:\/\/ppmv.grandangouleme.fr\/quand-sortir-ma-poubelle\/\">QUAND SORTIR MA POUBELLE ?<\/a><\/p>\n\n\n\n<div class=\"wp-block-file\"><a href=\"https:\/\/www.mouthiers-sur-boeme.fr\/wp-content\/uploads\/2026\/01\/cALENCRIER-COLLECTE-2026.pdf\">CALENDRIER-COLLECTE-2026<\/a><a href=\"https:\/\/www.mouthiers-sur-boeme.fr\/wp-content\/uploads\/2026\/01\/cALENCRIER-COLLECTE-2026.pdf\" class=\"wp-block-file__button\" download>T\u00e9l\u00e9charger<\/a><\/div>\n\n\n\n<p class=\"western\"><span style=\"font-size: medium;\">Les d\u00e9chets m\u00e9nagers sont collect\u00e9s par le Grand-Angoul\u00eame<\/span><\/p>\n\n\n\n<p class=\"western\"><span style=\"font-size: medium;\">Vous pouvez retrouvez le calendrier des collectes des ordures m\u00e9nag\u00e8res et de tri, la localisation des conteneurs \u00e0 verres, ou l&rsquo;attribution de bac de collecte sur leur site internet : <a href=\"https:\/\/ppmv.grandangouleme.fr\/\" data-type=\"URL\" data-id=\"https:\/\/ppmv.grandangouleme.fr\/\" target=\"_blank\" rel=\"noreferrer noopener\">Plus propre ma ville<\/a><\/span><\/p>\n\n\n\n<p class=\"western\"><span style=\"font-size: medium;\"><u><b>En r\u00e8gle g\u00e9n\u00e9ral les collectes sont&nbsp;:<\/b><\/u><\/span><\/p>\n\n\n\n<p class=\"western\"><span style=\"font-size: medium;\"><strong>Jour(s) de collecte des ordures m\u00e9nag\u00e8res<\/strong> TOUS LES  15 JOURS<br>Lundi matin, \u00e0 partir de 5h00 (pr\u00e9sentation la veille)<br><strong>Jour(s) de collecte du tri<\/strong><br>Vendredi soir, \u00e0 partir de 20h00 (pr\u00e9sentation avant 20h00)<\/span><\/p>\n\n\n\n<p class=\"western\"><span style=\"font-size: medium;\">Pour avoir des informations sur la d\u00e9chetterie de Mouthiers, vous pouvez \u00e9galement consulter&nbsp;:<a rel=\"noreferrer noopener\" href=\"https:\/\/ppmv.grandangouleme.fr\/trier\/les-decheteries\/decheterie-de-mouthiers-sur-boeme\/\" data-type=\"URL\" data-id=\"https:\/\/ppmv.grandangouleme.fr\/trier\/les-decheteries\/decheterie-de-mouthiers-sur-boeme\/\" target=\"_blank\"> Mouthiers<\/a><br><\/span><\/p>\n\n\n\n<h1 class=\"has-small-font-size\">P\u00f4le de Valorisation de Mouthiers-sur-Bo\u00ebme (d\u00e9ch\u00e8terie)<\/h1>\n\n\n\n<h6>Horaires<\/h6>\n\n\n\n<p class=\"has-small-font-size\">P\u00f4les de Valorisation ouverts toute l&rsquo;ann\u00e9e du lundi au samedi <strong>de&nbsp;9h \u00e0 12h et de 14h \u00e0 18h<\/strong><\/p>\n\n\n\n<p class=\"has-small-font-size\">Ferm\u00e9es le dimanche et jours f\u00e9ri\u00e9s<\/p>\n","protected":false},"excerpt":{"rendered":"<p>\u00ab&nbsp;la collecte des d\u00e9chets&nbsp;\u00bb QUAND SORTIR MA POUBELLE ? Les d\u00e9chets m\u00e9nagers sont collect\u00e9s par le Grand-Angoul\u00eame Vous pouvez retrouvez le calendrier des collectes des ordures m\u00e9nag\u00e8res et de tri, la localisation des conteneurs \u00e0 verres, ou l&rsquo;attribution de bac de collecte sur leur site internet : Plus propre ma ville En r\u00e8gle g\u00e9n\u00e9ral les &hellip; <a href=\"https:\/\/www.mouthiers-sur-boeme.fr\/?page_id=1774\" class=\"more-link\">Continuer la lecture de <span class=\"screen-reader-text\">Collecte et traitement des ordures<\/span>  <span class=\"meta-nav\">&rarr;<\/span><\/a><\/p>\n","protected":false},"author":22,"featured_media":0,"parent":0,"menu_order":0,"comment_status":"closed","ping_status":"closed","template":"","meta":[],"_links":{"self":[{"href":"https:\/\/www.mouthiers-sur-boeme.fr\/index.php?rest_route=\/wp\/v2\/pages\/1774"}],"collection":[{"href":"https:\/\/www.mouthiers-sur-boeme.fr\/index.php?rest_route=\/wp\/v2\/pages"}],"about":[{"href":"https:\/\/www.mouthiers-sur-boeme.fr\/index.php?rest_route=\/wp\/v2\/types\/page"}],"author":[{"embeddable":true,"href":"https:\/\/www.mouthiers-sur-boeme.fr\/index.php?rest_route=\/wp\/v2\/users\/22"}],"replies":[{"embeddable":true,"href":"https:\/\/www.mouthiers-sur-boeme.fr\/index.php?rest_route=%2Fwp%2Fv2%2Fcomments&post=1774"}],"version-history":[{"count":18,"href":"https:\/\/www.mouthiers-sur-boeme.fr\/index.php?rest_route=\/wp\/v2\/pages\/1774\/revisions"}],"predecessor-version":[{"id":12754,"href":"https:\/\/www.mouthiers-sur-boeme.fr\/index.php?rest_route=\/wp\/v2\/pages\/1774\/revisions\/12754"}],"wp:attachment":[{"href":"https:\/\/www.mouthiers-sur-boeme.fr\/index.php?rest_route=%2Fwp%2Fv2%2Fmedia&parent=1774"}],"curies":[{"name":"wp","href":"https:\/\/api.w.org\/{rel}","templated":true}]}}