{"id":2327,"date":"2015-01-14T15:28:16","date_gmt":"2015-01-14T14:28:16","guid":{"rendered":"https:\/\/www.mouthiers-sur-boeme.fr\/?page_id=2327"},"modified":"2023-10-29T11:48:58","modified_gmt":"2023-10-29T10:48:58","slug":"conseil-municipal-des-jeunes","status":"publish","type":"page","link":"https:\/\/www.mouthiers-sur-boeme.fr\/?page_id=2327","title":{"rendered":"Conseil Municipal des Jeunes"},"content":{"rendered":"<p>Mandat 2018\/2020<\/p>\n<p>Les 14&nbsp; \u00e9lus&nbsp; :<\/p>\n<p>Marianne AGARD<\/p>\n<p>Arthur CHARLEBOIS (d\u00e9mission en 2019)<\/p>\n<p>Matthieu CL\u00c9MENT<\/p>\n<p>Lucien DUBREUIL<\/p>\n<p>Caroline GIRAUD<\/p>\n<p>Ma\u00ebl LAURENT<\/p>\n<p>L\u00e9a MAILLARD-MATTUIZI<\/p>\n<p>Clarisse MESLIER<\/p>\n<p>Louis MESLIER<\/p>\n<p>Cl\u00e9ment REIGNIER<\/p>\n<p>Lilou ROBIN<\/p>\n<p>Ma\u00e9 RONDEAU<\/p>\n<p>Hugo SEGUIN<\/p>\n<p>Marjane SHOCK GIACOMOTTO<\/p>\n<p>&nbsp;<\/p>\n<p><!--more--><\/p>\n<figure id=\"attachment_4447\" aria-describedby=\"caption-attachment-4447\" style=\"width: 300px\" class=\"wp-caption alignnone\"><a href=\"https:\/\/www.mouthiers-sur-boeme.fr\/wp-content\/uploads\/2015\/01\/Conseil-des-jeunes-premi\u00e8re-r\u00e9union.jpg\"><img loading=\"lazy\" class=\"wp-image-4447 size-medium\" src=\"https:\/\/www.mouthiers-sur-boeme.fr\/wp-content\/uploads\/2015\/01\/Conseil-des-jeunes-premi\u00e8re-r\u00e9union-300x172.jpg\" alt=\"Conseil Municipal des Jeunes \u00e9lu le 10\/12\/2016\" width=\"300\" height=\"172\" srcset=\"https:\/\/www.mouthiers-sur-boeme.fr\/wp-content\/uploads\/2015\/01\/Conseil-des-jeunes-premi\u00e8re-r\u00e9union-300x172.jpg 300w, https:\/\/www.mouthiers-sur-boeme.fr\/wp-content\/uploads\/2015\/01\/Conseil-des-jeunes-premi\u00e8re-r\u00e9union-768x440.jpg 768w, https:\/\/www.mouthiers-sur-boeme.fr\/wp-content\/uploads\/2015\/01\/Conseil-des-jeunes-premi\u00e8re-r\u00e9union-1024x586.jpg 1024w\" sizes=\"(max-width: 300px) 100vw, 300px\" \/><\/a><figcaption id=\"caption-attachment-4447\" class=\"wp-caption-text\">Conseil Municipal des Jeunes \u00e9lu le 10\/12\/2016<\/figcaption><\/figure>\n<p><strong>Nouveau CMJ : \u00e9lections du 10 d\u00e9cembre 2016<\/strong><\/p>\n<p>16 jeunes conseillers ont \u00e9t\u00e9 \u00e9lus<\/p>\n<p>AGARD Marianne<\/p>\n<p>CHARDAC A\u00efna<\/p>\n<p>CL\u00c9MENT Matthieu<\/p>\n<p>DA ROS \u00c9lina (2\u00e8me mandat)<\/p>\n<p>DUBOIS Angeline<\/p>\n<p>GODREAU Baptiste<\/p>\n<p>GODREAU Camille<\/p>\n<p>HOMON Cyrielle<\/p>\n<p>LILLAUD-CAMUT Baptiste<\/p>\n<p>MATHIEU-DOSB\u00c2A Paul<\/p>\n<p>MESLIER Clarisse<\/p>\n<p>ORGAZ Angel (2\u00e8me mandat)<\/p>\n<p>PORTE Gis\u00e8le (2\u00e8me mandat)<\/p>\n<p>ROBIN Lilou<\/p>\n<p>RONDEAU Ma\u00e9<\/p>\n<p>SARDIN Simon (2\u00e8me mandat)<\/p>\n<p>&nbsp;<\/p>\n<p><strong>Les 15&nbsp; jeunes conseillers \u00e9lus le 6 d\u00e9cembre 2014<br \/>\n<\/strong><\/p>\n<p>BOEUF Aurore<\/p>\n<p>CHAGNAUD Opaline<\/p>\n<p>DA ROS Elina<\/p>\n<p>DA ROS Ma\u00eblys<\/p>\n<p>DUBOIS Capucine<\/p>\n<p>FAYE Alexandre<\/p>\n<p>MONTEIRO Pauline<\/p>\n<p>MOREAU Clara<\/p>\n<p>NOBLE Mathis<\/p>\n<p>ORGAZ Angel<\/p>\n<p>PESCHET Louis<\/p>\n<p>PORTE Gis\u00e8le<\/p>\n<p>SARDIN Simon<\/p>\n<p>SOULET Hugo<\/p>\n<p>TROUSSICOT Alexis<\/p>\n<p><a href=\"https:\/\/www.mouthiers-sur-boeme.fr\/wp-content\/uploads\/2015\/01\/SAM_0706.jpg\"><img loading=\"lazy\" class=\"alignnone size-medium wp-image-2337\" src=\"https:\/\/www.mouthiers-sur-boeme.fr\/wp-content\/uploads\/2015\/01\/SAM_0706-225x300.jpg\" alt=\"SAM_0706\" width=\"225\" height=\"300\" srcset=\"https:\/\/www.mouthiers-sur-boeme.fr\/wp-content\/uploads\/2015\/01\/SAM_0706-225x300.jpg 225w, https:\/\/www.mouthiers-sur-boeme.fr\/wp-content\/uploads\/2015\/01\/SAM_0706.jpg 480w\" sizes=\"(max-width: 225px) 100vw, 225px\" \/><\/a><\/p>\n<p><strong>LES COMMISSIONS<\/strong><\/p>\n<p>1\/ OP\u00c9RATIONS&nbsp; SOLIDAIRES<br \/>\n5 membres :<br \/>\n\u00c9lina DA ROS<br \/>\nMa\u00eblys DA ROS<br \/>\nCapucine DUBOIS<br \/>\nMathis NOBLE<br \/>\nAngel ORGAZ<\/p>\n<p>2\/ AM\u00c9NAGEMENT DE LA COMMUNE<br \/>\n4 membres :<br \/>\nClara MOREAU<br \/>\nLouis PESCHET<br \/>\nHugo SOULET<br \/>\nAlexis TROUSSICOT<\/p>\n<p>3\/ ENTRETIEN DE LA COMMUNE<br \/>\n6 membres :<br \/>\nAurore BOEUF<br \/>\nOpaline CHAGNAUD<br \/>\nAlexandre FAYE<br \/>\nPauline MONTEIRO<br \/>\nGis\u00e8le PORTE<br \/>\nSimon SARDIN<\/p>\n<figure id=\"attachment_2336\" aria-describedby=\"caption-attachment-2336\" style=\"width: 300px\" class=\"wp-caption alignnone\"><a href=\"https:\/\/www.mouthiers-sur-boeme.fr\/wp-content\/uploads\/2015\/01\/SAM_0708.jpg\"><img loading=\"lazy\" class=\"size-medium wp-image-2336\" src=\"https:\/\/www.mouthiers-sur-boeme.fr\/wp-content\/uploads\/2015\/01\/SAM_0708-300x225.jpg\" alt=\"\" width=\"300\" height=\"225\" srcset=\"https:\/\/www.mouthiers-sur-boeme.fr\/wp-content\/uploads\/2015\/01\/SAM_0708-300x225.jpg 300w, https:\/\/www.mouthiers-sur-boeme.fr\/wp-content\/uploads\/2015\/01\/SAM_0708.jpg 640w\" sizes=\"(max-width: 300px) 100vw, 300px\" \/><\/a><figcaption id=\"caption-attachment-2336\" class=\"wp-caption-text\">Le CMJ r\u00e9uni pour la premi\u00e8re fois (12\/12\/2014) &#8211; Photo Mairie<\/figcaption><\/figure>\n<p>&nbsp;<\/p>\n<p>&nbsp;<\/p>\n","protected":false},"excerpt":{"rendered":"<p>Mandat 2018\/2020 Les 14&nbsp; \u00e9lus&nbsp; : Marianne AGARD Arthur CHARLEBOIS (d\u00e9mission en 2019) Matthieu CL\u00c9MENT Lucien DUBREUIL Caroline GIRAUD Ma\u00ebl LAURENT L\u00e9a MAILLARD-MATTUIZI Clarisse MESLIER Louis MESLIER Cl\u00e9ment REIGNIER Lilou ROBIN Ma\u00e9 RONDEAU Hugo SEGUIN Marjane SHOCK GIACOMOTTO &nbsp;<\/p>\n","protected":false},"author":22,"featured_media":0,"parent":0,"menu_order":0,"comment_status":"closed","ping_status":"open","template":"","meta":[],"_links":{"self":[{"href":"https:\/\/www.mouthiers-sur-boeme.fr\/index.php?rest_route=\/wp\/v2\/pages\/2327"}],"collection":[{"href":"https:\/\/www.mouthiers-sur-boeme.fr\/index.php?rest_route=\/wp\/v2\/pages"}],"about":[{"href":"https:\/\/www.mouthiers-sur-boeme.fr\/index.php?rest_route=\/wp\/v2\/types\/page"}],"author":[{"embeddable":true,"href":"https:\/\/www.mouthiers-sur-boeme.fr\/index.php?rest_route=\/wp\/v2\/users\/22"}],"replies":[{"embeddable":true,"href":"https:\/\/www.mouthiers-sur-boeme.fr\/index.php?rest_route=%2Fwp%2Fv2%2Fcomments&post=2327"}],"version-history":[{"count":12,"href":"https:\/\/www.mouthiers-sur-boeme.fr\/index.php?rest_route=\/wp\/v2\/pages\/2327\/revisions"}],"predecessor-version":[{"id":10083,"href":"https:\/\/www.mouthiers-sur-boeme.fr\/index.php?rest_route=\/wp\/v2\/pages\/2327\/revisions\/10083"}],"wp:attachment":[{"href":"https:\/\/www.mouthiers-sur-boeme.fr\/index.php?rest_route=%2Fwp%2Fv2%2Fmedia&parent=2327"}],"curies":[{"name":"wp","href":"https:\/\/api.w.org\/{rel}","templated":true}]}}