{"id":5264,"date":"2018-04-06T17:24:59","date_gmt":"2018-04-06T16:24:59","guid":{"rendered":"https:\/\/www.mouthiers-sur-boeme.fr\/?page_id=5264"},"modified":"2023-10-29T11:58:15","modified_gmt":"2023-10-29T10:58:15","slug":"les-partenaires-du-festival","status":"publish","type":"page","link":"https:\/\/www.mouthiers-sur-boeme.fr\/?page_id=5264","title":{"rendered":"Les Partenaires du Festival"},"content":{"rendered":"<p><strong>Mouthiers f\u00eate la biodiversit\u00e9\u2026<\/strong><\/p>\n<p><strong>\u2026 Les partenaires<\/strong><\/p>\n<p><strong>Charente nature (CN)<\/strong><\/p>\n<p><a href=\"http:\/\/www.charente-nature.org\/\">http:\/\/www.charente-nature.org\/<\/a><\/p>\n<p><a href=\"https:\/\/www.facebook.com\/CharenteNature\/\">https:\/\/www.facebook.com\/CharenteNature\/<\/a><\/p>\n<p><strong>&nbsp;<\/strong><strong>Ligue pour la Protection des Oiseaux (LPO)<\/strong><\/p>\n<p><a href=\"https:\/\/www.lpo.fr\/\">https:\/\/www.lpo.fr\/<\/a><\/p>\n<p><a href=\"http:\/\/valleesangoumoisines.n2000.fr\/\">http:\/\/valleesangoumoisines.n2000.fr\/<\/a><\/p>\n<p><strong>&nbsp;<\/strong><strong>Les Compagnons du V\u00e9g\u00e9tal (LCDV)<\/strong><\/p>\n<p><a href=\"http:\/\/compagnonsduvegetal.eklablog.com\/\">http:\/\/compagnonsduvegetal.eklablog.com\/<\/a><\/p>\n<p><a href=\"https:\/\/www.facebook.com\/lescompagnonsduvegetal\/\">https:\/\/www.facebook.com\/lescompagnonsduvegetal\/<\/a><\/p>\n<p><strong>&nbsp;<\/strong><strong>Les Jardins respectueux <\/strong><\/p>\n<p><a href=\"https:\/\/www.facebook.com\/jardinrespectueux\/?hc_ref=ARS9lJbLSHQcdP6cFrufn1tB9IDezHiVGiNWFuNCbv6FdqxLx6ZHMBX4q1rubyjVl2M\">https:\/\/www.facebook.com\/jardinrespectueux\/<\/a><\/p>\n<p><a href=\"http:\/\/lesjardinsrespectueux.fr\/\">http:\/\/lesjardinsrespectueux.fr\/<\/a><\/p>\n<p><strong>&nbsp;<\/strong><strong>Les Jardins d\u2019Isis<\/strong><\/p>\n<p><a href=\"http:\/\/www.lesjardinsdisis.com\/\">http:\/\/www.lesjardinsdisis.com\/<\/a><\/p>\n<p><strong>Centre d\u2019Etudes Techniques Environnemental et Forestier (CETEF)<\/strong><\/p>\n<p><strong>Centre R\u00e9gional de la Propri\u00e9t\u00e9 Foresti\u00e8re<\/strong> (<strong>CRPF)<\/strong><\/p>\n<p><a href=\"https:\/\/nouvelle-aquitaine.cnpf.fr\/\">https:\/\/nouvelle-aquitaine.cnpf.fr\/<\/a><\/p>\n<p><strong>&nbsp;<\/strong><strong>Conservatoire R\u00e9gional des Espaces Naturels (CREN)<\/strong><\/p>\n<p><a href=\"http:\/\/www.cren-poitou-charentes.org\/\">http:\/\/www.cren-poitou-charentes.org\/<\/a><\/p>\n<p><a href=\"https:\/\/www.facebook.com\/CRENpoitoucharentes\/\">https:\/\/www.facebook.com\/CRENpoitoucharentes\/<\/a><\/p>\n<p><strong>M\u00e9moire Fruiti\u00e8re Des Charentes (MFDC)<\/strong><\/p>\n<p><a href=\"http:\/\/memoirefruitieredescharentes.fr\/\">http:\/\/memoirefruitieredescharentes.fr\/<\/a><\/p>\n<p><a href=\"https:\/\/www.facebook.com\/verger.MFDC\/\">https:\/\/www.facebook.com\/verger.MFDC\/<\/a><\/p>\n<p><strong>&nbsp;<\/strong><strong>Croqueurs de Pommes Ouest Limousin (CPOL)<\/strong><\/p>\n<p><a href=\"http:\/\/croqpomlim.fr\/\">http:\/\/croqpomlim.fr\/<\/a><\/p>\n<p><strong>&nbsp;<\/strong><strong>Prom\u2019haies<\/strong><\/p>\n<p><a href=\"http:\/\/www.promhaies.net\/\">http:\/\/www.promhaies.net\/<\/a><\/p>\n<p><a href=\"https:\/\/www.facebook.com\/PromHaies\/\">https:\/\/www.facebook.com\/PromHaies\/<\/a><\/p>\n<p><strong>FREDON Poitou-Charentes<\/strong><\/p>\n<p><a href=\"https:\/\/www.fredonpc.fr\/contact\">https:\/\/www.fredonpc.fr\/contact<\/a><\/p>\n<p><strong>&nbsp;<\/strong><strong>Lyme sans fronti\u00e8re<\/strong><\/p>\n<p><a href=\"http:\/\/www.associationlymesansfrontieres.com\/\">http:\/\/www.associationlymesansfrontieres.com\/<\/a><\/p>\n<p><a href=\"https:\/\/www.facebook.com\/associationLymeSansFrontieres\/\">https:\/\/www.facebook.com\/associationLymeSansFrontieres\/<\/a><\/p>\n<p><strong>&nbsp;<\/strong><strong>Soci\u00e9t\u00e9 d\u2019HOrticulture de Charente (SHOC)<\/strong><\/p>\n<p><strong>CSCS Effervescentre<\/strong><\/p>\n<p><a href=\"http:\/\/www.effervescentre.fr\/\">http:\/\/www.effervescentre.fr\/<\/a><\/p>\n<p><a href=\"https:\/\/www.facebook.com\/effervescentre\/?ref=br_rs\">https:\/\/www.facebook.com\/effervescentre\/?ref=br_rs<\/a><\/p>\n<p><a href=\"https:\/\/www.facebook.com\/secteurjeuneseffervescentre\/?ref=br_rs\">https:\/\/www.facebook.com\/secteurjeuneseffervescentre\/?ref=br_rs<\/a><\/p>\n<p><strong>Sham\u2019rock<\/strong><\/p>\n<p><strong>&nbsp;<\/strong><strong>Clap Solidarit\u00e9<\/strong><\/p>\n<p><a href=\"https:\/\/www.clapsolidarite.com\/\">https:\/\/www.clapsolidarite.com\/<\/a><\/p>\n<p><a href=\"https:\/\/www.facebook.com\/clapsolidarite\/\">https:\/\/www.facebook.com\/clapsolidarite\/<\/a><\/p>\n<p><strong>&nbsp;<\/strong><strong>Conteuses<\/strong><\/p>\n<p><strong>Marc Pouyet<\/strong><\/p>\n<p><a href=\"http:\/\/www.marc-pouyet.net\/\">http:\/\/www.marc-pouyet.net\/<\/a><\/p>\n<p><a href=\"https:\/\/www.facebook.com\/marc.pouyet\">https:\/\/www.facebook.com\/marc.pouyet<\/a><\/p>\n<p><strong>&nbsp;<\/strong><strong>Format Plein air<\/strong><\/p>\n<p><a href=\"https:\/\/www.formatpleinair.com\/\">https:\/\/www.formatpleinair.com\/<\/a><\/p>\n<p><a href=\"https:\/\/www.facebook.com\/formatpleinair\/\">https:\/\/www.facebook.com\/formatpleinair\/<\/a><\/p>\n<p><strong>&nbsp;<\/strong><strong>Pile-Poil et Cie<\/strong><\/p>\n<p><a href=\"http:\/\/www.pilepoilplanete.com\/rififi_pres.html\">http:\/\/www.pilepoilplanete.com\/rififi_pres.html<\/a><\/p>\n<p><a href=\"https:\/\/www.facebook.com\/pilepoilcompagnie\/\">https:\/\/www.facebook.com\/pilepoilcompagnie\/<\/a><\/p>\n<p><strong>&nbsp;<\/strong><strong>Jean-No\u00ebl Godard et Cie<\/strong><\/p>\n<p><a href=\"http:\/\/www.naia-livre.com\/\">http:\/\/www.naia-livre.com\/<\/a><\/p>\n<p><a href=\"https:\/\/www.facebook.com\/naia.livre\/\">https:\/\/www.facebook.com\/naia.livre\/<\/a><\/p>\n<p><strong>&nbsp;<\/strong><strong>Les Cagettes de l\u2019Ouest<\/strong><\/p>\n<p><a href=\"https:\/\/cagettesdelouest.com\/\">https:\/\/cagettesdelouest.com\/<\/a><\/p>\n<p><a href=\"https:\/\/www.facebook.com\/lescagettesdelouest\/\">https:\/\/www.facebook.com\/lescagettesdelouest\/<\/a><\/p>\n<p><strong>&nbsp;<\/strong><strong>Espace Mend\u00e8s France (EMF)<\/strong><\/p>\n<p><a href=\"https:\/\/emf.fr\/\">https:\/\/emf.fr\/<\/a><\/p>\n<p><a href=\"https:\/\/www.facebook.com\/emfccsti\/\">https:\/\/www.facebook.com\/emfccsti\/<\/a><\/p>\n<p><strong>&nbsp;<\/strong><strong>MJC Jules Berry<\/strong><\/p>\n<p><a href=\"https:\/\/www.facebook.com\/mjc.julesberry\/\">https:\/\/www.facebook.com\/mjc.julesberry\/<\/a><\/p>\n<p><strong>Grand Angoul\u00eame<\/strong><\/p>\n<p><a href=\"http:\/\/www.grandangouleme.fr\/\">http:\/\/www.grandangouleme.fr\/<\/a><\/p>\n<p><a href=\"https:\/\/www.facebook.com\/CommunauteAggloGrandAngouleme\/\">https:\/\/www.facebook.com\/CommunauteAggloGrandAngouleme\/<\/a><\/p>\n<p><strong>D\u00e9partement de la Charente<\/strong><\/p>\n<p><a href=\"https:\/\/www.lacharente.fr\/\">https:\/\/www.lacharente.fr\/<\/a><\/p>\n<p><a href=\"https:\/\/www.facebook.com\/departementdelacharente\/\">https:\/\/www.facebook.com\/departementdelacharente\/<\/a><\/p>\n<p><strong>R\u00e9gion Nouvelle-Aquitaine<\/strong><\/p>\n<p><a href=\"https:\/\/www.nouvelle-aquitaine.fr\/\">https:\/\/www.nouvelle-aquitaine.fr\/<\/a><\/p>\n<p><a href=\"https:\/\/www.facebook.com\/nouvelleaquitaine\/\">https:\/\/www.facebook.com\/nouvelleaquitaine\/<\/a><\/p>\n\n\n<div class=\"wp-block-image\"><figure class=\"aligncenter size-large is-resized\"><a href=\"https:\/\/www.mouthiers-sur-boeme.fr\/wp-content\/uploads\/2021\/12\/5-Logo-UE-FEADER-LEADER-quadrichromie-3.jpg\"><img loading=\"lazy\" src=\"https:\/\/www.mouthiers-sur-boeme.fr\/wp-content\/uploads\/2021\/12\/5-Logo-UE-FEADER-LEADER-quadrichromie-3.jpg\" alt=\"\" class=\"wp-image-8854\" width=\"228\" height=\"136\" srcset=\"https:\/\/www.mouthiers-sur-boeme.fr\/wp-content\/uploads\/2021\/12\/5-Logo-UE-FEADER-LEADER-quadrichromie-3.jpg 800w, https:\/\/www.mouthiers-sur-boeme.fr\/wp-content\/uploads\/2021\/12\/5-Logo-UE-FEADER-LEADER-quadrichromie-3-300x179.jpg 300w, https:\/\/www.mouthiers-sur-boeme.fr\/wp-content\/uploads\/2021\/12\/5-Logo-UE-FEADER-LEADER-quadrichromie-3-768x457.jpg 768w\" sizes=\"(max-width: 228px) 100vw, 228px\" \/><\/a><\/figure><\/div>\n\n\n\n<p><a href=\"https:\/\/www.europe-en-france.gouv.fr\/fr\/fonds-europeens\/fonds-europeen-agricole-pour-le-developpement-rural-FEADER\">https:\/\/www.europe-en-france.gouv.fr\/fr\/fonds-europeens\/fonds-europeen-agricole-pour-le-developpement-rural-FEADER<\/a><\/p>\n","protected":false},"excerpt":{"rendered":"<p>Mouthiers f\u00eate la biodiversit\u00e9\u2026 \u2026 Les partenaires Charente nature (CN) http:\/\/www.charente-nature.org\/ https:\/\/www.facebook.com\/CharenteNature\/ &nbsp;Ligue pour la Protection des Oiseaux (LPO) https:\/\/www.lpo.fr\/ http:\/\/valleesangoumoisines.n2000.fr\/ &nbsp;Les Compagnons du V\u00e9g\u00e9tal (LCDV) http:\/\/compagnonsduvegetal.eklablog.com\/ https:\/\/www.facebook.com\/lescompagnonsduvegetal\/ &nbsp;Les Jardins respectueux https:\/\/www.facebook.com\/jardinrespectueux\/ http:\/\/lesjardinsrespectueux.fr\/ &nbsp;Les Jardins d\u2019Isis http:\/\/www.lesjardinsdisis.com\/ Centre d\u2019Etudes Techniques Environnemental et Forestier (CETEF) Centre R\u00e9gional de la Propri\u00e9t\u00e9 Foresti\u00e8re (CRPF) https:\/\/nouvelle-aquitaine.cnpf.fr\/ &nbsp;Conservatoire R\u00e9gional des &hellip; <a href=\"https:\/\/www.mouthiers-sur-boeme.fr\/?page_id=5264\" class=\"more-link\">Continuer la lecture de <span class=\"screen-reader-text\">Les Partenaires du Festival<\/span>  <span class=\"meta-nav\">&rarr;<\/span><\/a><\/p>\n","protected":false},"author":22,"featured_media":5266,"parent":0,"menu_order":0,"comment_status":"closed","ping_status":"closed","template":"","meta":[],"_links":{"self":[{"href":"https:\/\/www.mouthiers-sur-boeme.fr\/index.php?rest_route=\/wp\/v2\/pages\/5264"}],"collection":[{"href":"https:\/\/www.mouthiers-sur-boeme.fr\/index.php?rest_route=\/wp\/v2\/pages"}],"about":[{"href":"https:\/\/www.mouthiers-sur-boeme.fr\/index.php?rest_route=\/wp\/v2\/types\/page"}],"author":[{"embeddable":true,"href":"https:\/\/www.mouthiers-sur-boeme.fr\/index.php?rest_route=\/wp\/v2\/users\/22"}],"replies":[{"embeddable":true,"href":"https:\/\/www.mouthiers-sur-boeme.fr\/index.php?rest_route=%2Fwp%2Fv2%2Fcomments&post=5264"}],"version-history":[{"count":6,"href":"https:\/\/www.mouthiers-sur-boeme.fr\/index.php?rest_route=\/wp\/v2\/pages\/5264\/revisions"}],"predecessor-version":[{"id":10103,"href":"https:\/\/www.mouthiers-sur-boeme.fr\/index.php?rest_route=\/wp\/v2\/pages\/5264\/revisions\/10103"}],"wp:featuredmedia":[{"embeddable":true,"href":"https:\/\/www.mouthiers-sur-boeme.fr\/index.php?rest_route=\/wp\/v2\/media\/5266"}],"wp:attachment":[{"href":"https:\/\/www.mouthiers-sur-boeme.fr\/index.php?rest_route=%2Fwp%2Fv2%2Fmedia&parent=5264"}],"curies":[{"name":"wp","href":"https:\/\/api.w.org\/{rel}","templated":true}]}}