{"id":5649,"date":"2018-11-02T17:14:21","date_gmt":"2018-11-02T16:14:21","guid":{"rendered":"https:\/\/www.mouthiers-sur-boeme.fr\/?page_id=5649"},"modified":"2026-04-04T16:14:08","modified_gmt":"2026-04-04T15:14:08","slug":"atlas-de-la-biodiversite-communale","status":"publish","type":"page","link":"https:\/\/www.mouthiers-sur-boeme.fr\/?page_id=5649","title":{"rendered":"Atlas de la Biodiversit\u00e9 Communale"},"content":{"rendered":"<p>Pr\u00e9sent\u00e9 par Charente Nature lors de la r\u00e9union publique du 12 octobre 2018, l\u2019Atlas de la Biodiversit\u00e9 Communale (A.B.C.) livre en plus d\u2019une centaine de pages, une synth\u00e8se des observations naturalistes effectu\u00e9es pendant de nombreuses ann\u00e9es, et actualis\u00e9es au cours des douze derniers mois.<br \/>\nCe document t\u00e9l\u00e9chargeable ici, <a href=\"https:\/\/www.mouthiers-sur-boeme.fr\/wp-content\/uploads\/2018\/11\/Rapport-ABC-Mouthiers.pdf\">Rapport ABC Mouthiers<\/a>, dresse l&rsquo;\u00e9tat des habitats, de la flore, de la faune sur le territoire communal. Il indique aussi<br \/>\nle niveau de protection des esp\u00e8ces patrimoniales.<a href=\"https:\/\/www.mouthiers-sur-boeme.fr\/wp-content\/uploads\/2018\/11\/Logo-Charente-Nature.jpg\"><img loading=\"lazy\" class=\"aligncenter size-medium wp-image-5651\" src=\"https:\/\/www.mouthiers-sur-boeme.fr\/wp-content\/uploads\/2018\/11\/Logo-Charente-Nature-300x159.jpg\" alt=\"\" width=\"300\" height=\"159\" srcset=\"https:\/\/www.mouthiers-sur-boeme.fr\/wp-content\/uploads\/2018\/11\/Logo-Charente-Nature-300x159.jpg 300w, https:\/\/www.mouthiers-sur-boeme.fr\/wp-content\/uploads\/2018\/11\/Logo-Charente-Nature-768x407.jpg 768w, https:\/\/www.mouthiers-sur-boeme.fr\/wp-content\/uploads\/2018\/11\/Logo-Charente-Nature.jpg 945w\" sizes=\"(max-width: 300px) 100vw, 300px\" \/><\/a><a href=\"https:\/\/www.mouthiers-sur-boeme.fr\/wp-content\/uploads\/2018\/11\/LOGO-REGION-NOUVELLE-AQUITAINE.jpeg\"><img loading=\"lazy\" class=\"aligncenter size-medium wp-image-5981\" src=\"https:\/\/www.mouthiers-sur-boeme.fr\/wp-content\/uploads\/2018\/11\/LOGO-REGION-NOUVELLE-AQUITAINE-273x300.jpeg\" alt=\"\" width=\"273\" height=\"300\" srcset=\"https:\/\/www.mouthiers-sur-boeme.fr\/wp-content\/uploads\/2018\/11\/LOGO-REGION-NOUVELLE-AQUITAINE-273x300.jpeg 273w, https:\/\/www.mouthiers-sur-boeme.fr\/wp-content\/uploads\/2018\/11\/LOGO-REGION-NOUVELLE-AQUITAINE.jpeg 401w\" sizes=\"(max-width: 273px) 100vw, 273px\" \/><\/a><\/p>\n","protected":false},"excerpt":{"rendered":"<p>Pr\u00e9sent\u00e9 par Charente Nature lors de la r\u00e9union publique du 12 octobre 2018, l\u2019Atlas de la Biodiversit\u00e9 Communale (A.B.C.) livre en plus d\u2019une centaine de pages, une synth\u00e8se des observations naturalistes effectu\u00e9es pendant de nombreuses ann\u00e9es, et actualis\u00e9es au cours des douze derniers mois. Ce document t\u00e9l\u00e9chargeable ici, Rapport ABC Mouthiers, dresse l&rsquo;\u00e9tat des habitats, &hellip; <a href=\"https:\/\/www.mouthiers-sur-boeme.fr\/?page_id=5649\" class=\"more-link\">Continuer la lecture de <span class=\"screen-reader-text\">Atlas de la Biodiversit\u00e9 Communale<\/span>  <span class=\"meta-nav\">&rarr;<\/span><\/a><\/p>\n","protected":false},"author":22,"featured_media":0,"parent":5260,"menu_order":0,"comment_status":"closed","ping_status":"closed","template":"","meta":[],"_links":{"self":[{"href":"https:\/\/www.mouthiers-sur-boeme.fr\/index.php?rest_route=\/wp\/v2\/pages\/5649"}],"collection":[{"href":"https:\/\/www.mouthiers-sur-boeme.fr\/index.php?rest_route=\/wp\/v2\/pages"}],"about":[{"href":"https:\/\/www.mouthiers-sur-boeme.fr\/index.php?rest_route=\/wp\/v2\/types\/page"}],"author":[{"embeddable":true,"href":"https:\/\/www.mouthiers-sur-boeme.fr\/index.php?rest_route=\/wp\/v2\/users\/22"}],"replies":[{"embeddable":true,"href":"https:\/\/www.mouthiers-sur-boeme.fr\/index.php?rest_route=%2Fwp%2Fv2%2Fcomments&post=5649"}],"version-history":[{"count":5,"href":"https:\/\/www.mouthiers-sur-boeme.fr\/index.php?rest_route=\/wp\/v2\/pages\/5649\/revisions"}],"predecessor-version":[{"id":13014,"href":"https:\/\/www.mouthiers-sur-boeme.fr\/index.php?rest_route=\/wp\/v2\/pages\/5649\/revisions\/13014"}],"up":[{"embeddable":true,"href":"https:\/\/www.mouthiers-sur-boeme.fr\/index.php?rest_route=\/wp\/v2\/pages\/5260"}],"wp:attachment":[{"href":"https:\/\/www.mouthiers-sur-boeme.fr\/index.php?rest_route=%2Fwp%2Fv2%2Fmedia&parent=5649"}],"curies":[{"name":"wp","href":"https:\/\/api.w.org\/{rel}","templated":true}]}}