{"id":7070,"date":"2019-08-22T08:42:26","date_gmt":"2019-08-22T07:42:26","guid":{"rendered":"https:\/\/www.mouthiers-sur-boeme.fr\/?page_id=7070"},"modified":"2023-10-29T11:52:35","modified_gmt":"2023-10-29T10:52:35","slug":"deliberation-2018","status":"publish","type":"page","link":"https:\/\/www.mouthiers-sur-boeme.fr\/?page_id=7070","title":{"rendered":"D\u00e9lib\u00e9rations 2018"},"content":{"rendered":"<p style=\"text-align: center;\"><strong>F\u00e9vrier 2018<\/strong><\/p>\n<p><a href=\"https:\/\/www.mouthiers-sur-boeme.fr\/wp-content\/uploads\/2019\/08\/D_2018_1_9-D\u00e9cision-modificative-n\u00b05-Budget-Principal-2017.pdf\">D_2018_1_9 D\u00e9cision modificative n\u00b05 &#8211; Budget Principal 2017<\/a><\/p>\n<p><a href=\"https:\/\/www.mouthiers-sur-boeme.fr\/wp-content\/uploads\/2019\/08\/D_2018_1_8-Subvention-2018-Association-Carnaval-de-Mouthiers.pdf\">D_2018_1_8 Subvention 2018 &#8211; Association Carnaval de Mouthiers<\/a><\/p>\n<p><a href=\"https:\/\/www.mouthiers-sur-boeme.fr\/wp-content\/uploads\/2019\/08\/D_2018_1_7-Avance-sur-subvention-Caisse-des-Ecoles.pdf\">D_2018_1_7 Avance sur subvention &#8211; Caisse des Ecoles<\/a><\/p>\n<p><a href=\"https:\/\/www.mouthiers-sur-boeme.fr\/wp-content\/uploads\/2019\/08\/D_2018_1_6-Fixation-de-lindemnit\u00e9-repr\u00e9sentative-IRL-pour-2017.pdf\">D_2018_1_6 Fixation de l&rsquo;indemnit\u00e9 repr\u00e9sentative (IRL) pour 2017<\/a><\/p>\n<p><a href=\"https:\/\/www.mouthiers-sur-boeme.fr\/wp-content\/uploads\/2019\/08\/D_2018_1_5-D\u00e9lib\u00e9ration-cadre-annuelle-pour-imputation-en-investissement-des-biens-meubles-inf.-\u00e0-500\u20ac.pdf\">D_2018_1_5 D\u00e9lib\u00e9ration cadre annuelle pour imputation en investissement des biens meubles inf. \u00e0 500\u20ac<\/a><\/p>\n<p><a href=\"https:\/\/www.mouthiers-sur-boeme.fr\/wp-content\/uploads\/2019\/08\/D_2018_1_4-Autorisation-pour-lengagement-de-d\u00e9penses-en-investissement-avant-budget.pdf\">D_2018_1_4 Autorisation pour l&rsquo;engagement de d\u00e9penses en investissement avant budget<\/a><\/p>\n<p><a href=\"https:\/\/www.mouthiers-sur-boeme.fr\/wp-content\/uploads\/2019\/08\/D_2018_1_3-Personnel-Communal-Cr\u00e9ation-de-postes-emplois-d\u00e9t\u00e9-et-accroissement-temporaire-dactivit\u00e9s.pdf\">D_2018_1_3 Personnel Communal &#8211; Cr\u00e9ation de postes (emplois d&rsquo;\u00e9t\u00e9 et accroissement temporaire d&rsquo;activit\u00e9s)<\/a><\/p>\n<p><a href=\"https:\/\/www.mouthiers-sur-boeme.fr\/wp-content\/uploads\/2019\/08\/D_2018_1_2-Modification-du-p\u00e9rim\u00e8tre-de-protection-de-l\u00e9glise-de-la-Chaire-\u00e0-Calvin-et-de-la-Croix-de-Gersac.pdf\">D_2018_1_2 Modification du p\u00e9rim\u00e8tre de protection de l&rsquo;\u00e9glise, de la Chaire \u00e0 Calvin et de la Croix de Gersac<\/a><\/p>\n<p><a href=\"https:\/\/www.mouthiers-sur-boeme.fr\/wp-content\/uploads\/2019\/08\/D_2018_1_1-Approbation-du-compte-rendu-du-Conseil-Municipal-du-8-d\u00e9cembre-2017.pdf\">D_2018_1_1 Approbation du compte-rendu du Conseil Municipal du 8 d\u00e9cembre 2017<\/a><\/p>\n<p style=\"text-align: center;\"><strong>Mars 2018<\/strong><\/p>\n<p><a href=\"https:\/\/www.mouthiers-sur-boeme.fr\/wp-content\/uploads\/2019\/08\/D_2018_3_10-Avenant-n\u00b01-March\u00e9-Am\u00e9nagement-Hameau-de-la-Chauv\u00e8terie.pdf\">D_2018_3_10 Avenant n\u00b01 March\u00e9 Am\u00e9nagement &#8211; Hameau de la Chauv\u00e8terie<\/a><\/p>\n<p><a href=\"https:\/\/www.mouthiers-sur-boeme.fr\/wp-content\/uploads\/2019\/08\/D_2018_3_9-Demande-de-subvention-relative-\u00e0-laide-\u00e0-la-diffusion-de-spectacle-vivant-2018.pdf\">D_2018_3_9 Demande de subvention relative \u00e0 l&rsquo;aide \u00e0 la diffusion de spectacle vivant 2018<\/a><\/p>\n<p><a href=\"https:\/\/www.mouthiers-sur-boeme.fr\/wp-content\/uploads\/2019\/08\/D_2018_3_8-Sollicitation-du-FDAC-Programme-voirie.pdf\">D_2018_3_8 Sollicitation du FDAC &#8211; Programme voirie<\/a><\/p>\n<p><a href=\"https:\/\/www.mouthiers-sur-boeme.fr\/wp-content\/uploads\/2019\/08\/D_2018_3_7-Travaux-d\u00e9clairage-public-Remplacement-de-projecteurs-v\u00e9tustes-\u00e0-lavant-de-lEglise.pdf\">D_2018_3_7 Travaux d&rsquo;\u00e9clairage public &#8211; Remplacement de projecteurs v\u00e9tustes \u00e0 l&rsquo;avant de l&rsquo;Eglise<\/a><\/p>\n<p><a href=\"https:\/\/www.mouthiers-sur-boeme.fr\/wp-content\/uploads\/2019\/08\/D_2018_3_6-Participation-de-la-commune-aux-entr\u00e9es-cin\u00e9ma-2017-MJC-Jules-Berry.pdf\">D_2018_3_6 Participation de la commune aux entr\u00e9es cin\u00e9ma 2017 &#8211; MJC Jules Berry<\/a><\/p>\n<p><a href=\"https:\/\/www.mouthiers-sur-boeme.fr\/wp-content\/uploads\/2019\/08\/D_2018_3_5-Convention-relative-au-remboursement-des-journ\u00e9es-ALSH-\u00e0-GrandAngoul\u00eame.pdf\">D_2018_3_5 Convention relative au remboursement des journ\u00e9es ALSH \u00e0 GrandAngoul\u00eame<\/a><\/p>\n<p><a href=\"https:\/\/www.mouthiers-sur-boeme.fr\/wp-content\/uploads\/2019\/08\/D_2018_3_4-Recrutement-dun-agent-contractuel-de-droit-public-Responsable-Service-Technique.pdf\">D_2018_3_4 Recrutement d&rsquo;un agent contractuel de droit public &#8211; Responsable Service Technique<\/a><\/p>\n<p><a href=\"https:\/\/www.mouthiers-sur-boeme.fr\/wp-content\/uploads\/2019\/08\/D_2018_3_3-D\u00e9lib\u00e9ration-de-principe-instaurant-le-temps-partiel.pdf\">D_2018_3_3 D\u00e9lib\u00e9ration de principe instaurant le temps partiel<\/a><\/p>\n<p><a href=\"https:\/\/www.mouthiers-sur-boeme.fr\/wp-content\/uploads\/2019\/08\/D_2018_3_2-Organisation-des-temps-scolaires.pdf\">D_2018_3_2 Organisation des temps scolaires<\/a><\/p>\n<p><a href=\"https:\/\/www.mouthiers-sur-boeme.fr\/wp-content\/uploads\/2019\/08\/D_2018_3_1-Approbation-du-compte-rendu-de-la-s\u00e9ance-du-Conseil-Municipal-du-9-f\u00e9vrier-2018.pdf\">D_2018_3_1 Approbation du compte rendu de la s\u00e9ance du Conseil Municipal du 9 f\u00e9vrier 2018<\/a><\/p>\n<p><a href=\"https:\/\/www.mouthiers-sur-boeme.fr\/wp-content\/uploads\/2019\/08\/D_2018_2_2_1-Convention-versement-fonds-concours-travaux-points-lumineux-hameau-La-Chauv\u00e8terie.pdf\">D_2018_2_2_1 Convention versement fonds concours &#8211; travaux points lumineux hameau La Chauv\u00e8terie<\/a><\/p>\n<p><a href=\"https:\/\/www.mouthiers-sur-boeme.fr\/wp-content\/uploads\/2019\/08\/D_2018_2_7-Acquisition-de-parcelles-bois\u00e9es-La-Font-des-Quatre-Francs.pdf\">D_2018_2_7 Acquisition de parcelles bois\u00e9es La Font des Quatre Francs<\/a><\/p>\n<p><a href=\"https:\/\/www.mouthiers-sur-boeme.fr\/wp-content\/uploads\/2019\/08\/D_2018_2_8-Proposition-de-don-local-pour-chasseurs.pdf\">D_2018_2_8 Proposition de don local pour chasseurs<\/a><\/p>\n<p><a href=\"https:\/\/www.mouthiers-sur-boeme.fr\/wp-content\/uploads\/2019\/08\/D_2018_2_6-Convention-adh\u00e9sion-Syndicat-Mixte-Fourri\u00e8re-Animale.pdf\">D_2018_2_6 Convention adh\u00e9sion Syndicat Mixte Fourri\u00e8re Animale<\/a><\/p>\n<p><a href=\"https:\/\/www.mouthiers-sur-boeme.fr\/wp-content\/uploads\/2019\/08\/D_2018_2_5-Avenant-1-Convention-partenariat-PEDT.pdf\">D_2018_2_5 Avenant 1 Convention partenariat PEDT<\/a><\/p>\n<p><a href=\"https:\/\/www.mouthiers-sur-boeme.fr\/wp-content\/uploads\/2019\/08\/D_2018_2_4-Tarifs-pour-occupation-domaine-public-March\u00e9s-et-Forains.pdf\">D_2018_2_4 Tarifs pour occupation domaine public &#8211; March\u00e9s et Forains<\/a><\/p>\n<p><a href=\"https:\/\/www.mouthiers-sur-boeme.fr\/wp-content\/uploads\/2019\/08\/D_2018_2_3-Acquisition-parcelles-Chez-Bournet-Am\u00e9nagement-bassins-pluviaux.pdf\">D_2018_2_3 Acquisition parcelles Chez Bournet &#8211; Am\u00e9nagement bassins pluviaux<\/a><\/p>\n<p><a href=\"https:\/\/www.mouthiers-sur-boeme.fr\/wp-content\/uploads\/2019\/08\/D_2018_2_1-Approbation-du-compte-rendu-du-Conseil-Municipal-du-12-janvier-2018.pdf\">D_2018_2_1 Approbation du compte rendu du Conseil Municipal du 12 janvier 2018<\/a><\/p>\n<p style=\"text-align: center;\"><strong>Avril 2018<\/strong><\/p>\n<p><a href=\"https:\/\/www.mouthiers-sur-boeme.fr\/wp-content\/uploads\/2019\/08\/D_2018_5_11-Cr\u00e9ation-dune-r\u00e9gie-de-recettes-Spectacles-et-Animations.pdf\">D_2018_5_11 Cr\u00e9ation d&rsquo;une r\u00e9gie de recettes Spectacles et Animations<\/a><\/p>\n<p><a href=\"https:\/\/www.mouthiers-sur-boeme.fr\/wp-content\/uploads\/2019\/08\/D_2018_5_12-Tarifs-des-spectacles-communaux-sur-la-commune.pdf\">D_2018_5_12 Tarifs des spectacles communaux sur la commune<\/a><\/p>\n<p><a href=\"https:\/\/www.mouthiers-sur-boeme.fr\/wp-content\/uploads\/2019\/08\/D_2018_4_12-Vote-des-taux-des-taxes-locales-2018-Commune.pdf\">D_2018_4_12 Vote des taux des taxes locales 2018 &#8211; Commune<\/a><\/p>\n<p><a href=\"https:\/\/www.mouthiers-sur-boeme.fr\/wp-content\/uploads\/2019\/08\/D_2018_4_11-Budget-Primitif-2018-Commune.pdf\">D_2018_4_11 Budget Primitif 2018 &#8211; Commune<\/a><\/p>\n<p><a href=\"https:\/\/www.mouthiers-sur-boeme.fr\/wp-content\/uploads\/2019\/08\/D_2018_4_4-Affectation-de-r\u00e9sultats-dexploitation-2017-Commune.pdf\">D_2018_4_4 Affectation de r\u00e9sultats d&rsquo;exploitation 2017 &#8211; Commune<\/a><\/p>\n<p><a href=\"https:\/\/www.mouthiers-sur-boeme.fr\/wp-content\/uploads\/2019\/08\/D_2018_4_3-Compte-administratif-2017-Commune.pdf\">D_2018_4_3 Compte administratif 2017 &#8211; Commune<\/a><\/p>\n<p><a href=\"https:\/\/www.mouthiers-sur-boeme.fr\/wp-content\/uploads\/2019\/08\/D_2018_4_2-Approbation-du-compte-de-gestion-2017-Commune.pdf\">D_2018_4_2 Approbation du compte de gestion 2017 &#8211; Commune<\/a><\/p>\n<p><a href=\"https:\/\/www.mouthiers-sur-boeme.fr\/wp-content\/uploads\/2019\/08\/D_2018_4_9-Compte-administratif-2017-Photovolta\u00efque.pdf\">D_2018_4_9 Compte administratif 2017 &#8211; Photovolta\u00efque<\/a><\/p>\n<p><a href=\"https:\/\/www.mouthiers-sur-boeme.fr\/wp-content\/uploads\/2019\/08\/D_2018_4_8-Approbation-du-compte-de-gestion-2017-Photovolta\u00efque.pdf\">D_2018_4_8 Approbation du compte de gestion 2017 &#8211; Photovolta\u00efque<\/a><\/p>\n<p><a href=\"https:\/\/www.mouthiers-sur-boeme.fr\/wp-content\/uploads\/2019\/08\/D_2018_4_6-Compte-administratif-2017-R\u00e9gie-de-transport.pdf\">D_2018_4_6 Compte administratif 2017 &#8211; R\u00e9gie de transport<\/a><\/p>\n<p><a href=\"https:\/\/www.mouthiers-sur-boeme.fr\/wp-content\/uploads\/2019\/08\/D_2018_4_5-Approbation-du-compte-de-gestion-2017-R\u00e9gie-de-transport.pdf\">D_2018_4_5 Approbation du compte de gestion 2017 &#8211; R\u00e9gie de transport<\/a><\/p>\n<p><a href=\"https:\/\/www.mouthiers-sur-boeme.fr\/wp-content\/uploads\/2019\/08\/D_2018_4_13-Budget-Primitif-2018-R\u00e9gie-de-transport.pdf\">D_2018_4_13 Budget Primitif 2018 &#8211; R\u00e9gie de transport<\/a><\/p>\n<p><a href=\"https:\/\/www.mouthiers-sur-boeme.fr\/wp-content\/uploads\/2019\/08\/D_2018_4_7-Affectation-de-r\u00e9sultats-dexploitation-2017-R\u00e9gie-de-transport.pdf\">D_2018_4_7 Affectation de r\u00e9sultats d&rsquo;exploitation 2017 &#8211; R\u00e9gie de transport<\/a><\/p>\n<p><a href=\"https:\/\/www.mouthiers-sur-boeme.fr\/wp-content\/uploads\/2019\/08\/D_2018_4_14-Budget-Primitif-2018-Photovolta\u00efque.pdf\">D_2018_4_14 Budget Primitif 2018 &#8211; Photovolta\u00efque<\/a><\/p>\n<p><a href=\"https:\/\/www.mouthiers-sur-boeme.fr\/wp-content\/uploads\/2019\/08\/D_2018_4_10-Affectation-de-r\u00e9sultats-dexploitation-2017-Photovolta\u00efque.pdf\">D_2018_4_10 Affectation de r\u00e9sultats d&rsquo;exploitation 2017 &#8211; Photovolta\u00efque<\/a><\/p>\n<p><a href=\"https:\/\/www.mouthiers-sur-boeme.fr\/wp-content\/uploads\/2019\/08\/D_2018_4_1-Approbation-du-CR-de-la-s\u00e9ance-du-9-mars-2018.pdf\">D_2018_4_1 Approbation du CR de la s\u00e9ance du 9 mars 2018<\/a><\/p>\n<p><a href=\"https:\/\/www.mouthiers-sur-boeme.fr\/wp-content\/uploads\/2019\/08\/D_2018_4_15-D\u00e9nomination-de-voies-communales.pdf\">D_2018_4_15 D\u00e9nomination de voies communales<\/a><\/p>\n<p style=\"text-align: center;\"><strong>Mai 2018<\/strong><\/p>\n<p><a href=\"https:\/\/www.mouthiers-sur-boeme.fr\/wp-content\/uploads\/2019\/08\/D_2018_5_3-Subventions-communales-associations-2018.pdf\">D_2018_5_3 Subventions communales associations 2018<\/a><\/p>\n<p><a href=\"https:\/\/www.mouthiers-sur-boeme.fr\/wp-content\/uploads\/2019\/08\/D_2018_5_5-Cr\u00e9ation-de-poste-suite-\u00e0-un-avancement-de-grade.pdf\">D_2018_5_5 Cr\u00e9ation de poste suite \u00e0 un avancement de grade<\/a><\/p>\n<p><a href=\"https:\/\/www.mouthiers-sur-boeme.fr\/wp-content\/uploads\/2019\/08\/D_2018_5_15-Convention-de-mise-\u00e0-disposition-dun-lecteur-de-puce-\u00e9lectronique-Syndicat-de-fourri\u00e8re.pdf\">D_2018_5_15 Convention de mise \u00e0 disposition d&rsquo;un lecteur de puce \u00e9lectronique &#8211; Syndicat de fourri\u00e8re<\/a><\/p>\n<p><a href=\"https:\/\/www.mouthiers-sur-boeme.fr\/wp-content\/uploads\/2019\/08\/D_2018_5_16-Suppression-de-la-r\u00e9gie-communale-biblioth\u00e8que.pdf\">D_2018_5_16 Suppression de la r\u00e9gie communale biblioth\u00e8que<\/a><\/p>\n<p><a href=\"https:\/\/www.mouthiers-sur-boeme.fr\/wp-content\/uploads\/2019\/08\/D_2018_5_14-Approbation-de-modification-des-statuts-du-Syndicat-de-fourri\u00e8re.pdf\">D_2018_5_14 Approbation de modification des statuts du Syndicat de fourri\u00e8re<\/a><\/p>\n<p><a href=\"https:\/\/www.mouthiers-sur-boeme.fr\/wp-content\/uploads\/2019\/08\/D_2018_5_13-Convention-CCAS-Commune-Intervention-petits-travaux.pdf\">D_2018_5_13 Convention CCAS-Commune Intervention petits travaux<\/a><\/p>\n<p><a href=\"https:\/\/www.mouthiers-sur-boeme.fr\/wp-content\/uploads\/2019\/08\/D_2018_5_10-Demande-de-subvention-aide-\u00e0-la-diffusion-spectacles-vivants-CD16-Mouthiers-f\u00eate-la-biodiversit\u00e9.pdf\">D_2018_5_10 Demande de subvention aide \u00e0 la diffusion spectacles vivants CD16 &#8211; Mouthiers f\u00eate la biodiversit\u00e9<\/a><\/p>\n<p><a href=\"https:\/\/www.mouthiers-sur-boeme.fr\/wp-content\/uploads\/2019\/08\/D_2018_5_9-BUDGET-PR\u00c9VISIONNEL-festival-Mouthiers-f\u00eate-la-biodiversit\u00e9.pdf\">D_2018_5_9 BUDGET PR\u00c9VISIONNEL festival Mouthiers f\u00eate la biodiversit\u00e9<\/a><\/p>\n<p><a href=\"https:\/\/www.mouthiers-sur-boeme.fr\/wp-content\/uploads\/2019\/08\/D_2018_5_9-Demande-de-soutien-festival-Mouthiers-f\u00eate-la-biodiversit\u00e9.pdf\">D_2018_5_9 Demande de soutien festival Mouthiers f\u00eate la biodiversit\u00e9<\/a><\/p>\n<p><a href=\"https:\/\/www.mouthiers-sur-boeme.fr\/wp-content\/uploads\/2019\/08\/D_2018_5_4-Participations-de-la-commune-aux-organismes-publics.pdf\">D_2018_5_4 Participations de la commune aux organismes publics<\/a><\/p>\n<p><a href=\"https:\/\/www.mouthiers-sur-boeme.fr\/wp-content\/uploads\/2019\/08\/D_2018_5_8-Adh\u00e9sion-de-la-commune-\u00e0-la-Charte-NATURA-2000.pdf\">D_2018_5_8 Adh\u00e9sion de la commune \u00e0 la Charte NATURA 2000<\/a><\/p>\n<p><a href=\"https:\/\/www.mouthiers-sur-boeme.fr\/wp-content\/uploads\/2019\/08\/D_2018_5_7-Adh\u00e9sion-\u00e0-loption-AMO-voirie-de-lATD16.pdf\">D_2018_5_7 Adh\u00e9sion \u00e0 l&rsquo;option AMO voirie de l&rsquo;ATD16<\/a><\/p>\n<p><a href=\"https:\/\/www.mouthiers-sur-boeme.fr\/wp-content\/uploads\/2019\/08\/D_2018_5_6-D\u00e9signation-dun-responsable-de-la-r\u00e9gie-de-transport.pdf\">D_2018_5_6 D\u00e9signation d&rsquo;un responsable de la r\u00e9gie de transport<\/a><\/p>\n<p><a href=\"https:\/\/www.mouthiers-sur-boeme.fr\/wp-content\/uploads\/2019\/08\/D_2018_5_2-Approbation-du-CR-de-la-s\u00e9ance-du-CM-du-23-mars-2018.pdf\">D_2018_5_2 Approbation du CR de la s\u00e9ance du CM du 23 mars 2018<\/a><\/p>\n<p><a href=\"https:\/\/www.mouthiers-sur-boeme.fr\/wp-content\/uploads\/2019\/08\/D_2018_5_1-Installation-dun-nouveau-Conseiller-Municipal.pdf\">D_2018_5_1 Installation d&rsquo;un nouveau Conseiller Municipal<\/a><\/p>\n<p style=\"text-align: center;\"><strong>Juin 2018<\/strong><\/p>\n<p><a href=\"https:\/\/www.mouthiers-sur-boeme.fr\/wp-content\/uploads\/2019\/08\/D_2018_6_17-Renouvellement-de-ladh\u00e9sion-de-la-commune-au-CNAS.pdf\">D_2018_6_17 Renouvellement de l&rsquo;adh\u00e9sion de la commune au CNAS<\/a><\/p>\n<p><a href=\"https:\/\/www.mouthiers-sur-boeme.fr\/wp-content\/uploads\/2019\/08\/D_2018_6_16-Bail-commercial-Caf\u00e9-de-la-Bo\u00ebme.pdf\">D_2018_6_16 Bail commercial &#8211; Caf\u00e9 de la Bo\u00ebme<\/a><\/p>\n<p><a href=\"https:\/\/www.mouthiers-sur-boeme.fr\/wp-content\/uploads\/2019\/08\/D_2018_6_15-RGPD-D\u00e9signation-dun-d\u00e9l\u00e9gu\u00e9-\u00e0-la-protection-des-donn\u00e9es.pdf\">D_2018_6_15 RGPD &#8211; D\u00e9signation d&rsquo;un d\u00e9l\u00e9gu\u00e9 \u00e0 la protection des donn\u00e9es<\/a><\/p>\n<p><a href=\"https:\/\/www.mouthiers-sur-boeme.fr\/wp-content\/uploads\/2019\/08\/D_2018_6_14-D\u00e9cision-modificative-n\u00b01-Budget-R\u00e9gie-de-Transport.pdf\">D_2018_6_14 D\u00e9cision modificative n\u00b01 &#8211; Budget R\u00e9gie de Transport<\/a><\/p>\n<p><a href=\"https:\/\/www.mouthiers-sur-boeme.fr\/wp-content\/uploads\/2019\/08\/D_2018_6_13-D\u00e9cision-modificative-n\u00b01-Budget-Principal.pdf\">D_2018_6_13 D\u00e9cision modificative n\u00b01 &#8211; Budget Principal<\/a><\/p>\n<p><a href=\"https:\/\/www.mouthiers-sur-boeme.fr\/wp-content\/uploads\/2019\/08\/D_2018_6_12-Demande-de-subvention-2018-Tour-de-la-Bo\u00ebme-Association-CO-Couronnais-Cyclisme.pdf\">D_2018_6_12 Demande de subvention 2018 Tour de la Bo\u00ebme &#8211; Association CO Couronnais Cyclisme<\/a><\/p>\n<p><a href=\"https:\/\/www.mouthiers-sur-boeme.fr\/wp-content\/uploads\/2019\/08\/D_2018_6_11-Participation-service-m\u00e9diation-sur-le-territoire-Association-OMEGA.pdf\">D_2018_6_11 Participation service m\u00e9diation sur le territoire &#8211; Association OMEGA<\/a><\/p>\n<p><a href=\"https:\/\/www.mouthiers-sur-boeme.fr\/wp-content\/uploads\/2019\/08\/D_2018_6_10-Convention-de-partenariat-avec-lassociation-Les-compagnons-du-v\u00e9g\u00e9tal.pdf\">D_2018_6_10 Convention de partenariat avec l&rsquo;association Les compagnons du v\u00e9g\u00e9tal<\/a> <a href=\"https:\/\/www.mouthiers-sur-boeme.fr\/wp-content\/uploads\/2019\/08\/CONV-ANGOULEME-R\u00e9partition-charges-fonctionnement-\u00e9coles-publiques-2017-2018.pdf\">CONV ANGOULEME &#8211; R\u00e9partition charges fonctionnement \u00e9coles publiques 2017-2018<\/a><\/p>\n<p><a href=\"https:\/\/www.mouthiers-sur-boeme.fr\/wp-content\/uploads\/2019\/08\/D_2018_6_9-R\u00e9partition-des-charges-de-fonctionnement-\u00e9coles-publiques-2017-2018-Ville-dAngoul\u00eame.pdf\">D_2018_6_9 R\u00e9partition des charges de fonctionnement \u00e9coles publiques 2017-2018 &#8211; Ville d&rsquo;Angoul\u00eame<\/a><\/p>\n<p><a href=\"https:\/\/www.mouthiers-sur-boeme.fr\/wp-content\/uploads\/2019\/08\/D_2018_6_7-Projet-r\u00e9gional-Trame-Verte-et-Bleue-2018-2020.pdf\">D_2018_6_7 Projet r\u00e9gional Trame Verte et Bleue 2018-2020<\/a><\/p>\n<p><a href=\"https:\/\/www.mouthiers-sur-boeme.fr\/wp-content\/uploads\/2019\/08\/D_2018_6_6-Acquisition-fonci\u00e8re-Impasse-des-Gen\u00e9vriers.pdf\">D_2018_6_6 Acquisition fonci\u00e8re Impasse des Gen\u00e9vriers<\/a><\/p>\n<p><a href=\"https:\/\/www.mouthiers-sur-boeme.fr\/wp-content\/uploads\/2019\/08\/D_2018_6_5-Acquisition-dun-bus-pour-le-transport-scolaire.pdf\">D_2018_6_5 Acquisition d&rsquo;un bus pour le transport scolaire<\/a><\/p>\n<p><a href=\"https:\/\/www.mouthiers-sur-boeme.fr\/wp-content\/uploads\/2019\/08\/D_2018_6_4-Tarifs-du-transport-scolaire-2018-2019.pdf\">D_2018_6_4 Tarifs du transport scolaire 2018-2019<\/a><\/p>\n<p><a href=\"https:\/\/www.mouthiers-sur-boeme.fr\/wp-content\/uploads\/2019\/08\/D_2018_6_3-ANNEXE-Exercice-du-droit-de-pr\u00e9emption-urbain-PLU.pdf\">D_2018_6_3 ANNEXE Exercice du droit de pr\u00e9emption urbain &#8211; PLU<\/a><\/p>\n<p><a href=\"https:\/\/www.mouthiers-sur-boeme.fr\/wp-content\/uploads\/2019\/08\/D_2018_6_3-Exercice-du-droit-de-pr\u00e9emption-urbain-PLU.pdf\">D_2018_6_3 Exercice du droit de pr\u00e9emption urbain &#8211; PLU<\/a><\/p>\n<p><a href=\"https:\/\/www.mouthiers-sur-boeme.fr\/wp-content\/uploads\/2019\/08\/D_2018_6_2-Approbation-du-compte-rendu-de-la-s\u00e9ance-du-13-avril-2018.pdf\">D_2018_6_2 Approbation du compte-rendu de la s\u00e9ance du 13 avril 2018<\/a><\/p>\n<p><a href=\"https:\/\/www.mouthiers-sur-boeme.fr\/wp-content\/uploads\/2019\/08\/D_2018_6_1-Approbation-du-compte-rendu-de-la-s\u00e9ance-du-23-mars-2018.pdf\">D_2018_6_1 Approbation du compte-rendu de la s\u00e9ance du 23 mars 2018<\/a><\/p>\n<p style=\"text-align: center;\"><strong>Juillet 2018<\/strong><\/p>\n<p><a href=\"https:\/\/www.mouthiers-sur-boeme.fr\/wp-content\/uploads\/2019\/08\/D_2018_7_8-Groupement-de-commande-biod\u00e9chets-collecte-s\u00e9parative-GrandAngoul\u00eame.pdf\">D_2018_7_8 Groupement de commande biod\u00e9chets collecte s\u00e9parative -GrandAngoul\u00eame<\/a><\/p>\n<p><a href=\"https:\/\/www.mouthiers-sur-boeme.fr\/wp-content\/uploads\/2019\/08\/D_2018_7_7-Convention-prestation-de-service-du-stockage-des-animaux-morts-Ville-dAngoul\u00eame.pdf\">D_2018_7_7 Convention prestation de service du stockage des animaux morts &#8211; Ville d&rsquo;Angoul\u00eame<\/a><\/p>\n<p><a href=\"https:\/\/www.mouthiers-sur-boeme.fr\/wp-content\/uploads\/2019\/08\/D_2018_7_6-Convention-Caisse-des-Ecoles-et-Commune-pour-la-r\u00e9partition-des-charges-de-lensemble-des-fluides.pdf\">D_2018_7_6 Convention Caisse des Ecoles et Commune pour la r\u00e9partition des charges de l&rsquo;ensemble des fluides<\/a><\/p>\n<p><a href=\"https:\/\/www.mouthiers-sur-boeme.fr\/wp-content\/uploads\/2019\/08\/D_2018_7_5-Fixation-des-loyers-des-logements-communaux.pdf\">D_2018_7_5 Fixation des loyers des logements communaux<\/a><\/p>\n<p><a href=\"https:\/\/www.mouthiers-sur-boeme.fr\/wp-content\/uploads\/2019\/08\/D_2018_7_4-Admission-en-non-valeur-des-produits-irr\u00e9couvrables.pdf\">D_2018_7_4 Admission en non-valeur des produits irr\u00e9couvrables<\/a><\/p>\n<p><a href=\"https:\/\/www.mouthiers-sur-boeme.fr\/wp-content\/uploads\/2019\/08\/D_2018_7_3-ANNEXE-Tableau-damortissement-juillet-2018.pdf\">D_2018_7_3 ANNEXE Tableau d&rsquo;amortissement juillet 2018<\/a><\/p>\n<p><a href=\"https:\/\/www.mouthiers-sur-boeme.fr\/wp-content\/uploads\/2019\/08\/D_2018_7_3-Dur\u00e9e-damortissement-des-immobilisations-corporelles.pdf\">D_2018_7_3 Dur\u00e9e d&rsquo;amortissement des immobilisations corporelles<\/a><\/p>\n<p><a href=\"https:\/\/www.mouthiers-sur-boeme.fr\/wp-content\/uploads\/2019\/08\/D_2018_7_2-R\u00e9alisation-dun-emprunt-pour-le-financement-des-logements-communaux-Choix-de-lorganisme.pdf\">D_2018_7_2 R\u00e9alisation d&rsquo;un emprunt pour le financement des logements communaux &#8211; Choix de l&rsquo;organisme<\/a><\/p>\n<p><a href=\"https:\/\/www.mouthiers-sur-boeme.fr\/wp-content\/uploads\/2019\/08\/D_2018_7_1-Approbation-du-compte-rendu-de-la-s\u00e9ance-du-Conseil-Municipal-du-8-juin-2018.pdf\">D_2018_7_1 Approbation du compte-rendu de la s\u00e9ance du Conseil Municipal du 8 juin 2018<\/a><\/p>\n<p><a href=\"https:\/\/www.mouthiers-sur-boeme.fr\/wp-content\/uploads\/2019\/08\/D_2018_6_8-Organisation-des-temps-scolaires.pdf\">D_2018_6_8 Organisation des temps scolaires<\/a><\/p>\n<p style=\"text-align: center;\"><strong>Septembre 2018<\/strong><\/p>\n<p><a href=\"https:\/\/www.mouthiers-sur-boeme.fr\/wp-content\/uploads\/2019\/08\/D_2018_8_11-Contrat-dapprentissage-au-Service-Technique.pdf\">D_2018_8_11 Contrat d&rsquo;apprentissage au Service Technique<\/a><\/p>\n<p style=\"text-align: center;\"><strong>Octobre 2018<\/strong><\/p>\n<p><a href=\"https:\/\/www.mouthiers-sur-boeme.fr\/wp-content\/uploads\/2019\/08\/D_2018_9_5-Mode-de-gestion-du-fauchage-des-bas-c\u00f4t\u00e9s-des-chemins-et-routes-communales.pdf\">D_2018_9_5 Mode de gestion du fauchage des bas c\u00f4t\u00e9s des chemins et routes communales<\/a><\/p>\n<p><a href=\"https:\/\/www.mouthiers-sur-boeme.fr\/wp-content\/uploads\/2019\/08\/D_2018_9_8-Redevance-occupation-du-domaine-public-2018-GRDF.pdf\">D_2018_9_8 Redevance occupation du domaine public 2018 &#8211; GRDF<\/a><\/p>\n<p><a href=\"https:\/\/www.mouthiers-sur-boeme.fr\/wp-content\/uploads\/2019\/08\/D_2018_9_9-Admission-en-non-valeur-Budget-R\u00e9gie-de-Transport.pdf\">D_2018_9_9 Admission en non valeur &#8211; Budget R\u00e9gie de Transport<\/a><\/p>\n<p><a href=\"https:\/\/www.mouthiers-sur-boeme.fr\/wp-content\/uploads\/2019\/08\/D_2018_9_7-Eclairage-public-Campagne-de-r\u00e9sorption-des-lampes-\u00e0-vapeur-de-mercure.pdf\">D_2018_9_7 Eclairage public &#8211; Campagne de r\u00e9sorption des lampes \u00e0 vapeur de mercure<\/a><\/p>\n<p><a href=\"https:\/\/www.mouthiers-sur-boeme.fr\/wp-content\/uploads\/2019\/08\/D_2018_9_6-Vente-dun-mat\u00e9riel-communal.pdf\">D_2018_9_6 Vente d&rsquo;un mat\u00e9riel communal<\/a><\/p>\n<p><a href=\"https:\/\/www.mouthiers-sur-boeme.fr\/wp-content\/uploads\/2019\/08\/D_2018_9_4-Convention-mise-\u00e0-dispo-presbyt\u00e8re-Association-Dioc\u00e9saine-dAngoul\u00eame.pdf\">D_2018_9_4 Convention mise \u00e0 dispo presbyt\u00e8re &#8211; Association Dioc\u00e9saine d&rsquo;Angoul\u00eame<\/a><\/p>\n<p><a href=\"https:\/\/www.mouthiers-sur-boeme.fr\/wp-content\/uploads\/2019\/08\/D_2018_9_3-D\u00e9finition-des-charges-pour-les-logements-communaux.pdf\">D_2018_9_3 D\u00e9finition des charges pour les logements communaux<\/a><\/p>\n<p><a href=\"https:\/\/www.mouthiers-sur-boeme.fr\/wp-content\/uploads\/2019\/08\/D_2018_9_2-Cr\u00e9ation-dun-budget-annexe-Logements-locatifs.pdf\">D_2018_9_2 Cr\u00e9ation d&rsquo;un budget annexe &#8211; Logements locatifs<\/a><\/p>\n<p><a href=\"https:\/\/www.mouthiers-sur-boeme.fr\/wp-content\/uploads\/2019\/08\/D_2018_9_1-Approbation-du-compte-rendu-de-la-s\u00e9ance-du-14-septembre-2018.pdf\">D_2018_9_1 Approbation du compte-rendu de la s\u00e9ance du 14 septembre 2018<\/a><\/p>\n<p><a href=\"https:\/\/www.mouthiers-sur-boeme.fr\/wp-content\/uploads\/2019\/08\/D_2018_8_14-Convention-dhonoraires-Cabinet-dAvocats-Proc\u00e9dure-dappel-Affaire-commune-Ministre-de-lInt\u00e9rieur.pdf\">D_2018_8_14 Convention d&rsquo;honoraires Cabinet d&rsquo;Avocats &#8211; Proc\u00e9dure d&rsquo;appel Affaire commune-Ministre de l&rsquo;Int\u00e9rieur<\/a><\/p>\n<p><a href=\"https:\/\/www.mouthiers-sur-boeme.fr\/wp-content\/uploads\/2019\/08\/D_2018_8_13-D\u00e9signation-dun-d\u00e9l\u00e9gu\u00e9-repr\u00e9sentant-la-commune-au-S.I.L.F.A..pdf\">D_2018_8_13 D\u00e9signation d&rsquo;un d\u00e9l\u00e9gu\u00e9 repr\u00e9sentant la commune au S.I.L.F.A.<\/a><\/p>\n<p><a href=\"https:\/\/www.mouthiers-sur-boeme.fr\/wp-content\/uploads\/2019\/08\/D_2018_8_12-Approbation-du-rapport-dactivit\u00e9-2017-produit-par-Calitom.pdf\">D_2018_8_12 Approbation du rapport d&rsquo;activit\u00e9 2017 produit par Calitom<\/a><\/p>\n<p><a href=\"https:\/\/www.mouthiers-sur-boeme.fr\/wp-content\/uploads\/2019\/08\/D_2018_8_10-Cr\u00e9ation-de-poste-pour-le-recrutement-de-personnel-au-multi-accueil-familial.pdf\">D_2018_8_10 Cr\u00e9ation de poste pour le recrutement de personnel au multi-accueil familial<\/a><\/p>\n<p><a href=\"https:\/\/www.mouthiers-sur-boeme.fr\/wp-content\/uploads\/2019\/08\/D_2018_8_9-Prise-en-charge-des-frais-des-\u00e9lus-pour-leur-participation-au-101-\u00e8me-congr\u00e8s-de-lAMF.pdf\">D_2018_8_9 Prise en charge des frais des \u00e9lus pour leur participation au 101 \u00e8me congr\u00e8s de l&rsquo;AMF<\/a><\/p>\n<p><a href=\"https:\/\/www.mouthiers-sur-boeme.fr\/wp-content\/uploads\/2019\/08\/D_2018_8_8-D\u00e9cision-Modificative-n\u00b02-Budget-R\u00e9gie-de-Transport.pdf\">D_2018_8_8 D\u00e9cision Modificative n\u00b02 &#8211; Budget R\u00e9gie de Transport<\/a><\/p>\n<p><a href=\"https:\/\/www.mouthiers-sur-boeme.fr\/wp-content\/uploads\/2019\/08\/D_2018_8_7-D\u00e9cision-Modificative-n\u00b02-Budget-Principal.pdf\">D_2018_8_7 D\u00e9cision Modificative n\u00b02 &#8211; Budget Principal<\/a><\/p>\n<p><a href=\"https:\/\/www.mouthiers-sur-boeme.fr\/wp-content\/uploads\/2019\/08\/D_2018_8_6-Acquisition-de-terrain-parcelle-n\u00b0AD0017-Chez-B\u00e2ty-V1.pdf\">D_2018_8_6 Acquisition de terrain parcelle n\u00b0AD0017 Chez B\u00e2ty V1<\/a><\/p>\n<p><a href=\"https:\/\/www.mouthiers-sur-boeme.fr\/wp-content\/uploads\/2019\/08\/D_2018_8_5-Acquisition-de-terrain-parcelle-section-C-n\u00b02397-La-Combe-Noire.pdf\">D_2018_8_5 Acquisition de terrain parcelle section C n\u00b02397 &#8211; La Combe Noire<\/a><\/p>\n<p><a href=\"https:\/\/www.mouthiers-sur-boeme.fr\/wp-content\/uploads\/2019\/08\/D_2018_8_4-Acquisition-de-terrain-aux-Erableaux-pour-\u00e9largissement-de-voie.pdf\">D_2018_8_4 Acquisition de terrain aux Erableaux <\/a><a href=\"https:\/\/www.mouthiers-sur-boeme.fr\/wp-content\/uploads\/2019\/08\/D_2018_8_4-Acquisition-de-terrain-aux-Erableaux-pour-\u00e9largissement-de-voie.pdf\">pour \u00e9largissement de voie<\/a><\/p>\n<p><a href=\"https:\/\/www.mouthiers-sur-boeme.fr\/wp-content\/uploads\/2019\/08\/D_2018_8_3-Voies-communales-Mise-\u00e0-jour-relative-\u00e0-la-d\u00e9nomination-et-\u00e0-la-num\u00e9rotation.pdf\">D_2018_8_3 Voies communales &#8211; Mise \u00e0 jour relative \u00e0 la d\u00e9nomination et \u00e0 la num\u00e9rotation<\/a><\/p>\n<p><a href=\"https:\/\/www.mouthiers-sur-boeme.fr\/wp-content\/uploads\/2019\/08\/D_2018_8_2-Bilan-du-plan-dactions-communal-Trame-Verte-et-Bleue-2016-2018.pdf\">D_2018_8_2 Bilan du plan d&rsquo;actions communal Trame Verte et Bleue 2016-2018<\/a><\/p>\n<p><a href=\"https:\/\/www.mouthiers-sur-boeme.fr\/wp-content\/uploads\/2019\/08\/D_2018_8_1-Approbation-du-compte-rendu-de-la-s\u00e9ance-du-6-juillet-2018.pdf\">D_2018_8_1 Approbation du compte-rendu de la s\u00e9ance du 6 juillet 2018<\/a><\/p>\n<p style=\"text-align: center;\"><strong>Novembre 2018<\/strong><\/p>\n<p><a href=\"https:\/\/www.mouthiers-sur-boeme.fr\/wp-content\/uploads\/2019\/08\/D_2018_10_7-Accompagnement-mise-en-oeuvre-RGPD-ATD16.pdf\">D_2018_10_7 Accompagnement mise en oeuvre RGPD &#8211; ATD16<\/a><\/p>\n<p><a href=\"https:\/\/www.mouthiers-sur-boeme.fr\/wp-content\/uploads\/2019\/08\/D_2018_10_6-Prise-en-charge-destruction-nids-frelons-asiatiques.pdf\">D_2018_10_6 Prise en charge destruction nids frelons asiatiques<\/a><\/p>\n<p><a href=\"https:\/\/www.mouthiers-sur-boeme.fr\/wp-content\/uploads\/2019\/08\/D_2018_10_5-Mise-en-place-d\u00e9part-suppl\u00e9mentaire-pour-\u00e9clairage-diff\u00e9renci\u00e9-Chez-B\u00e2ty.pdf\">D_2018_10_5 Mise en place d\u00e9part suppl\u00e9mentaire pour \u00e9clairage diff\u00e9renci\u00e9 Chez B\u00e2ty<\/a><\/p>\n<p><a href=\"https:\/\/www.mouthiers-sur-boeme.fr\/wp-content\/uploads\/2019\/08\/D_2018_10_4-R\u00e9trocession-parcelles-All\u00e9e-des-gen\u00e9vriers.pdf\">D_2018_10_4 R\u00e9trocession parcelles All\u00e9e des gen\u00e9vriers<\/a><\/p>\n<p><a href=\"https:\/\/www.mouthiers-sur-boeme.fr\/wp-content\/uploads\/2019\/08\/D_2018_10_3-Reprise-de-la-concession-fun\u00e9raire-n\u00b051-ancien-cimeti\u00e8re.pdf\">D_2018_10_3 Reprise de la concession fun\u00e9raire n\u00b051 ancien cimeti\u00e8re<\/a><\/p>\n<p><a href=\"https:\/\/www.mouthiers-sur-boeme.fr\/wp-content\/uploads\/2019\/08\/D_2018_10_2-Approbation-du-compte-rendu-de-la-s\u00e9ance-du-10-octobre-2018.pdf\">D_2018_10_2 Approbation du compte-rendu de la s\u00e9ance du 10 octobre 2018<\/a><\/p>\n<p><a href=\"https:\/\/www.mouthiers-sur-boeme.fr\/wp-content\/uploads\/2019\/08\/D_2018_10_1-ANNEXE-Installation-dun-nouveau-conseiller-municipal.pdf\">D_2018_10_1 ANNEXE Installation d&rsquo;un nouveau conseiller municipal<\/a><\/p>\n<p><a href=\"https:\/\/www.mouthiers-sur-boeme.fr\/wp-content\/uploads\/2019\/08\/D_2018_10_1-Installation-dun-nouveau-conseiller-municipal.pdf\">D_2018_10_1 Installation d&rsquo;un nouveau conseiller municipal<\/a><\/p>\n<p><a href=\"https:\/\/www.mouthiers-sur-boeme.fr\/wp-content\/uploads\/2019\/08\/D_2018_10_8-Subvention-DRAC-Diagnostic-global-de-l\u00e9glise-Saint-Hilaire-de-Mouthiers-sur-Bo\u00ebme.pdf\">D_2018_10_8 Subvention DRAC &#8211; Diagnostic global de l&rsquo;\u00e9glise Saint Hilaire de Mouthiers-sur-Bo\u00ebme<\/a><\/p>\n<p style=\"text-align: center;\"><strong>D\u00e9cembre 2018<\/strong><\/p>\n<p><a href=\"https:\/\/www.mouthiers-sur-boeme.fr\/wp-content\/uploads\/2019\/08\/D_2018_11_14-D\u00e9cision-Modificative-n\u00b03-Budget-R\u00e9gie-de-Transport.pdf\">D_2018_11_14 D\u00e9cision Modificative n\u00b03 &#8211; Budget R\u00e9gie de Transport<\/a><\/p>\n<p><a href=\"https:\/\/www.mouthiers-sur-boeme.fr\/wp-content\/uploads\/2019\/08\/D_2018_11_13-Convention-de-st\u00e9rilisation-et-didentification-des-chats-errants-30-Millions-dAmis.pdf\">D_2018_11_13 Convention de st\u00e9rilisation et d&rsquo;identification des chats errants &#8211; 30 Millions d&rsquo;Amis<\/a><\/p>\n<p><a href=\"https:\/\/www.mouthiers-sur-boeme.fr\/wp-content\/uploads\/2019\/08\/D_2018_11_12-Groupement-de-commande-ouvrages-darts-GrandAngoul\u00eame.pdf\">D_2018_11_12 Groupement de commande ouvrages d&rsquo;arts &#8211; GrandAngoul\u00eame<\/a><\/p>\n<p><a href=\"https:\/\/www.mouthiers-sur-boeme.fr\/wp-content\/uploads\/2019\/08\/D_2018_11_11-D\u00e9sision-Modificative-n\u00b03-Budget-Principal.pdf\">D_2018_11_11 D\u00e9sision Modificative n\u00b03 &#8211; Budget Principal<\/a><\/p>\n<p><a href=\"https:\/\/www.mouthiers-sur-boeme.fr\/wp-content\/uploads\/2019\/08\/D_2018_11_10-Remboursement-journ\u00e9es-ALSH-Commune-de-Plassac-Rouffiac.pdf\">D_2018_11_10 Remboursement journ\u00e9es ALSH &#8211; Commune de Plassac-Rouffiac<\/a><\/p>\n<p><a href=\"https:\/\/www.mouthiers-sur-boeme.fr\/wp-content\/uploads\/2019\/08\/D_2018_11_9-Remboursement-d\u00e9pense-culturelle-\u00e0-Mme-LHOMME.pdf\">D_2018_11_9 Remboursement d\u00e9pense culturelle \u00e0 Mme LHOMME<\/a><\/p>\n<p><a href=\"https:\/\/www.mouthiers-sur-boeme.fr\/wp-content\/uploads\/2019\/08\/D_2018_11_8-Demande-de-subvention-pour-des-\u00e9quipements-destin\u00e9s-aux-personnes-malvoyantes.pdf\">D_2018_11_8 Demande de subvention pour des \u00e9quipements destin\u00e9s aux personnes malvoyantes<\/a><\/p>\n<p><a href=\"https:\/\/www.mouthiers-sur-boeme.fr\/wp-content\/uploads\/2019\/08\/D_2018_11_7-Indemnit\u00e9s-2018-pour-le-gardiennage-de-l\u00e9glise-communale.pdf\">D_2018_11_7 Indemnit\u00e9s 2018 pour le gardiennage de l&rsquo;\u00e9glise communale<\/a><\/p>\n<p><a href=\"https:\/\/www.mouthiers-sur-boeme.fr\/wp-content\/uploads\/2019\/08\/D_2018_11_6-R\u00e9vision-des-loyers-communaux-2019.pdf\">D_2018_11_6 R\u00e9vision des loyers communaux 2019<\/a><\/p>\n<p><a href=\"https:\/\/www.mouthiers-sur-boeme.fr\/wp-content\/uploads\/2019\/08\/D_2018_11_5-R\u00e9vision-des-tarifs-municipaux-2019.pdf\">D_2018_11_5 R\u00e9vision des tarifs municipaux 2019<\/a><\/p>\n<p><a href=\"https:\/\/www.mouthiers-sur-boeme.fr\/wp-content\/uploads\/2019\/08\/D_2018_11_4-Mise-en-place-des-astreintes-hebdomadaires-technique-et-d\u00e9cisionnelle.pdf\">D_2018_11_4 Mise en place des astreintes hebdomadaires technique et d\u00e9cisionnelle<\/a><\/p>\n<p><a href=\"https:\/\/www.mouthiers-sur-boeme.fr\/wp-content\/uploads\/2019\/08\/D_2018_11_2-Mise-en-oeuvre-du-r\u00e9gime-indemnitaire-RIFSEEP.pdf\">D_2018_11_2 Mise en oeuvre du r\u00e9gime indemnitaire RIFSEEP<\/a><\/p>\n<p><a href=\"https:\/\/www.mouthiers-sur-boeme.fr\/wp-content\/uploads\/2019\/08\/D_2018_11_3-Actualisation-du-r\u00e9gime-indemnitaire.pdf\">D_2018_11_3 Actualisation du r\u00e9gime indemnitaire<\/a><\/p>\n<p><a href=\"https:\/\/www.mouthiers-sur-boeme.fr\/wp-content\/uploads\/2019\/08\/D_2018_11_1-Approbation-du-compte-rendu-de-la-s\u00e9ance-du-9-novembre-2018.pdf\">D_2018_11_1 Approbation du compte-rendu de la s\u00e9ance du 9 novembre 2018<\/a><\/p>\n","protected":false},"excerpt":{"rendered":"<p>F\u00e9vrier 2018 D_2018_1_9 D\u00e9cision modificative n\u00b05 &#8211; Budget Principal 2017 D_2018_1_8 Subvention 2018 &#8211; Association Carnaval de Mouthiers D_2018_1_7 Avance sur subvention &#8211; Caisse des Ecoles D_2018_1_6 Fixation de l&rsquo;indemnit\u00e9 repr\u00e9sentative (IRL) pour 2017 D_2018_1_5 D\u00e9lib\u00e9ration cadre annuelle pour imputation en investissement des biens meubles inf. \u00e0 500\u20ac D_2018_1_4 Autorisation pour l&rsquo;engagement de d\u00e9penses en &hellip; <a href=\"https:\/\/www.mouthiers-sur-boeme.fr\/?page_id=7070\" class=\"more-link\">Continuer la lecture de <span class=\"screen-reader-text\">D\u00e9lib\u00e9rations 2018<\/span>  <span class=\"meta-nav\">&rarr;<\/span><\/a><\/p>\n","protected":false},"author":22,"featured_media":0,"parent":0,"menu_order":0,"comment_status":"closed","ping_status":"closed","template":"","meta":[],"_links":{"self":[{"href":"https:\/\/www.mouthiers-sur-boeme.fr\/index.php?rest_route=\/wp\/v2\/pages\/7070"}],"collection":[{"href":"https:\/\/www.mouthiers-sur-boeme.fr\/index.php?rest_route=\/wp\/v2\/pages"}],"about":[{"href":"https:\/\/www.mouthiers-sur-boeme.fr\/index.php?rest_route=\/wp\/v2\/types\/page"}],"author":[{"embeddable":true,"href":"https:\/\/www.mouthiers-sur-boeme.fr\/index.php?rest_route=\/wp\/v2\/users\/22"}],"replies":[{"embeddable":true,"href":"https:\/\/www.mouthiers-sur-boeme.fr\/index.php?rest_route=%2Fwp%2Fv2%2Fcomments&post=7070"}],"version-history":[{"count":3,"href":"https:\/\/www.mouthiers-sur-boeme.fr\/index.php?rest_route=\/wp\/v2\/pages\/7070\/revisions"}],"predecessor-version":[{"id":7228,"href":"https:\/\/www.mouthiers-sur-boeme.fr\/index.php?rest_route=\/wp\/v2\/pages\/7070\/revisions\/7228"}],"wp:attachment":[{"href":"https:\/\/www.mouthiers-sur-boeme.fr\/index.php?rest_route=%2Fwp%2Fv2%2Fmedia&parent=7070"}],"curies":[{"name":"wp","href":"https:\/\/api.w.org\/{rel}","templated":true}]}}