{"id":7211,"date":"2019-08-22T09:12:43","date_gmt":"2019-08-22T08:12:43","guid":{"rendered":"https:\/\/www.mouthiers-sur-boeme.fr\/?page_id=7211"},"modified":"2023-10-29T11:52:20","modified_gmt":"2023-10-29T10:52:20","slug":"deliberation-2017","status":"publish","type":"page","link":"https:\/\/www.mouthiers-sur-boeme.fr\/?page_id=7211","title":{"rendered":"D\u00e9lib\u00e9rations 2017"},"content":{"rendered":"<p style=\"text-align: center;\"><strong>Janvier 2017<\/strong><\/p>\n<p><a href=\"https:\/\/www.mouthiers-sur-boeme.fr\/wp-content\/uploads\/2019\/08\/D_2017_1_10-AAUTORISATION-DEPENSES-D-INVESTISSEMENT-2017-AVANT-BP.pdf\">D_2017_1_10 AAUTORISATION DEPENSES D INVESTISSEMENT 2017 AVANT BP<\/a><\/p>\n<p><a href=\"https:\/\/www.mouthiers-sur-boeme.fr\/wp-content\/uploads\/2019\/08\/D_2017_1_10-Autorisation-pour-lengagement-de-d\u00e9penses-en-section-dinvestissement-avant-le-vote-du-budget.pdf\">D_2017_1_10 Autorisation pour l&rsquo;engagement de d\u00e9penses en section d&rsquo;investissement avant le vote du budget<\/a><\/p>\n<p><a href=\"https:\/\/www.mouthiers-sur-boeme.fr\/wp-content\/uploads\/2019\/08\/D_2017_1_8-D\u00e9lib\u00e9ration-cadre-annuelle-pour-imputation-en-section-investissement-des-biens-meubles-inf\u00e9rieurs-\u00e0-500-\u20ac.pdf\">D_2017_1_8 D\u00e9lib\u00e9ration cadre annuelle pour imputation en section investissement des biens meubles inf\u00e9rieurs \u00e0 500 \u20ac<\/a><\/p>\n<p><a href=\"https:\/\/www.mouthiers-sur-boeme.fr\/wp-content\/uploads\/2019\/08\/D_2017_1_7-Indemnit\u00e9-repr\u00e9sentative-logement-2016-pour-les-instituteurs.pdf\">D_2017_1_7 Indemnit\u00e9 repr\u00e9sentative logement 2016 pour les instituteurs<\/a><\/p>\n<p><a href=\"https:\/\/www.mouthiers-sur-boeme.fr\/wp-content\/uploads\/2019\/08\/D_2017_1_6-Convention-de-mise-\u00e0-disposition-de-personnel-Archives-Mairie-de-Roullet-Saint-Est\u00e8phe.pdf\">D_2017_1_6 Convention de mise \u00e0 disposition de personnel &#8211; Archives &#8211; Mairie de Roullet Saint Est\u00e8phe<\/a><\/p>\n<p><a href=\"https:\/\/www.mouthiers-sur-boeme.fr\/wp-content\/uploads\/2019\/08\/D_2017_1_5-Personnel-communal-Cr\u00e9ation-de-postes-emplois-d\u00e9t\u00e9.pdf\">D_2017_1_5 Personnel communal &#8211; Cr\u00e9ation de postes (emplois d&rsquo;\u00e9t\u00e9)<\/a><\/p>\n<p><a href=\"https:\/\/www.mouthiers-sur-boeme.fr\/wp-content\/uploads\/2019\/08\/D_2017_1_4-Personnel-communal-Cr\u00e9ation-de-poste-pour-accroissement-temporaire-dactivit\u00e9s.pdf\">D_2017_1_4 Personnel communal &#8211; Cr\u00e9ation de poste pour accroissement temporaire d&rsquo;activit\u00e9s<\/a><\/p>\n<p><a href=\"https:\/\/www.mouthiers-sur-boeme.fr\/wp-content\/uploads\/2019\/08\/D_2017_1_3-Avance-sur-subvention-Caisse-des-Ecoles.pdf\">D_2017_1_3 Avance sur subvention Caisse des Ecoles<\/a><\/p>\n<p><a href=\"https:\/\/www.mouthiers-sur-boeme.fr\/wp-content\/uploads\/2019\/08\/D_2017_1_2-Election-des-repr\u00e9sentants-de-la-commune-au-CCAS.pdf\">D_2017_1_2 Election des repr\u00e9sentants de la commune au CCAS<\/a><\/p>\n<p><a href=\"https:\/\/www.mouthiers-sur-boeme.fr\/wp-content\/uploads\/2019\/08\/D_2017_1_1-Approbation-du-compte-rendu-du-conseil-municipal-du-15-d\u00e9cembre-2016.pdf\">D_2017_1_1 Approbation du compte rendu du conseil municipal du 15 d\u00e9cembre 2016<\/a><\/p>\n<p><a href=\"https:\/\/www.mouthiers-sur-boeme.fr\/wp-content\/uploads\/2019\/08\/D_2017_1_9-Vente-parcelles-Lotissement-Hameau-de-la-Chauv\u00e8terie.pdf\">D_2017_1_9 Vente parcelles &#8211; Lotissement Hameau de la Chauv\u00e8terie<\/a><\/p>\n<p style=\"text-align: center;\"><strong>F\u00e9vrier 2017<\/strong><\/p>\n<p><a href=\"https:\/\/www.mouthiers-sur-boeme.fr\/wp-content\/uploads\/2019\/08\/D_2017_2_10-Adh\u00e9sion-\u00e0-lassociation-des-Maires-Ruraux-de-France.pdf\">D_2017_2_10 Adh\u00e9sion \u00e0 l&rsquo;association des Maires Ruraux de France<\/a><\/p>\n<p><a href=\"https:\/\/www.mouthiers-sur-boeme.fr\/wp-content\/uploads\/2019\/08\/D_2017_2_9-D\u00e9signation-des-repr\u00e9sentants-\u00e0-la-CLECT-de-GrandAngoul\u00eame.pdf\">D_2017_2_9 D\u00e9signation des repr\u00e9sentants \u00e0 la CLECT de GrandAngoul\u00eame<\/a><\/p>\n<p><a href=\"https:\/\/www.mouthiers-sur-boeme.fr\/wp-content\/uploads\/2019\/08\/D_2017_2_8-D\u00e9signation-des-commissaires-\u00e0-la-CIID-de-GrandAngoul\u00eame.pdf\">D_2017_2_8 D\u00e9signation des commissaires \u00e0 la CIID de GrandAngoul\u00eame<\/a><\/p>\n<p><a href=\"https:\/\/www.mouthiers-sur-boeme.fr\/wp-content\/uploads\/2019\/08\/D_2017_2_7-Renouvellement-bail-des-tourbi\u00e8res-Mme-Tandonnet.pdf\">D_2017_2_7 Renouvellement bail des tourbi\u00e8res &#8211; Mme Tandonnet<\/a><\/p>\n<p><a href=\"https:\/\/www.mouthiers-sur-boeme.fr\/wp-content\/uploads\/2019\/08\/D_2017_2_6-Acquisition-camion-poly-benne.pdf\">D_2017_2_6 Acquisition camion poly-benne<\/a><\/p>\n<p><a href=\"https:\/\/www.mouthiers-sur-boeme.fr\/wp-content\/uploads\/2019\/08\/D_2017_2_5-Extension-du-r\u00e9seau-public-d\u00e9lectricit\u00e9-Chez-les-Rois.pdf\">D_2017_2_5 Extension du r\u00e9seau public d&rsquo;\u00e9lectricit\u00e9 &#8211; Chez les Rois<\/a><\/p>\n<p><a href=\"https:\/\/www.mouthiers-sur-boeme.fr\/wp-content\/uploads\/2019\/08\/D_2017_2_4-ANNEXE-Avenant-\u00e0-la-convention-de-mutualisation-des-moyens-Services-Techniques.pdf\">D_2017_2_4 ANNEXE Avenant \u00e0 la convention de mutualisation des moyens &#8211; Services Techniques<\/a><\/p>\n<p><a href=\"https:\/\/www.mouthiers-sur-boeme.fr\/wp-content\/uploads\/2019\/08\/D_2017_2_4-Avenant-\u00e0-la-convention-de-mutualisation-des-moyens-Services-Techniques.pdf\">D_2017_2_4 Avenant \u00e0 la convention de mutualisation des moyens &#8211; Services Techniques<\/a><\/p>\n<p><a href=\"https:\/\/www.mouthiers-sur-boeme.fr\/wp-content\/uploads\/2019\/08\/D_2017_2_3-Liste-des-d\u00e9penses-\u00e0-imputer-sur-le-compte-6232-F\u00eates-et-c\u00e9r\u00e9monies.pdf\">D_2017_2_3 Liste des d\u00e9penses \u00e0 imputer sur le compte 6232 F\u00eates et c\u00e9r\u00e9monies<\/a><\/p>\n<p><a href=\"https:\/\/www.mouthiers-sur-boeme.fr\/wp-content\/uploads\/2019\/08\/D_2017_2_2-D\u00e9bat-dorientations-budg\u00e9taires-2017.pdf\">D_2017_2_2 D\u00e9bat d&rsquo;orientations budg\u00e9taires 2017<\/a><\/p>\n<p><a href=\"https:\/\/www.mouthiers-sur-boeme.fr\/wp-content\/uploads\/2019\/08\/D_2017_2_1-Approbation-du-compte-rendu-du-conseil-municipal-du-13-janvier-2017.pdf\">D_2017_2_1 Approbation du compte rendu du conseil municipal du 13 janvier 2017<\/a><\/p>\n<p><a href=\"https:\/\/www.mouthiers-sur-boeme.fr\/wp-content\/uploads\/2019\/08\/D_2017_12_6_1-R\u00e9vision-des-loyers-communaux-2018.pdf\">D_2017_12_6_1 R\u00e9vision des loyers communaux 2018<\/a><\/p>\n<p><a href=\"https:\/\/www.mouthiers-sur-boeme.fr\/wp-content\/uploads\/2019\/08\/D_2017_12_2_1-Installation-dun-nouveau-Conseiller-Municipal.pdf\">D_2017_12_2_1 Installation d&rsquo;un nouveau Conseiller Municipal<\/a><\/p>\n<p style=\"text-align: center;\"><strong>Mars 2017<\/strong><\/p>\n<p><a href=\"https:\/\/www.mouthiers-sur-boeme.fr\/wp-content\/uploads\/2019\/08\/D_2017_4_13-Affectation-de-r\u00e9sultats-dexploitation-2016-Photovolta\u00efque.pdf\">D_2017_4_13 Affectation de r\u00e9sultats d&rsquo;exploitation 2016 &#8211; Photovolta\u00efque<\/a><\/p>\n<p><a href=\"https:\/\/www.mouthiers-sur-boeme.fr\/wp-content\/uploads\/2019\/08\/D_2017_4_17-Budget-Primitif-2017-Photovolta\u00efque.pdf\">D_2017_4_17 Budget Primitif 2017 &#8211; Photovolta\u00efque<\/a><\/p>\n<p><a href=\"https:\/\/www.mouthiers-sur-boeme.fr\/wp-content\/uploads\/2019\/08\/D_2017_4_7-Affectation-de-r\u00e9sultats-dexploitation-2016-R\u00e9gie-de-transport.pdf\">D_2017_4_7 Affectation de r\u00e9sultats d&rsquo;exploitation 2016 &#8211; R\u00e9gie de transport<\/a><\/p>\n<p><a href=\"https:\/\/www.mouthiers-sur-boeme.fr\/wp-content\/uploads\/2019\/08\/D_2017_4_16-Budget-Primitif-2017-R\u00e9gie-de-transport.pdf\">D_2017_4_16 Budget Primitif 2017 &#8211; R\u00e9gie de transport<\/a><\/p>\n<p><a href=\"https:\/\/www.mouthiers-sur-boeme.fr\/wp-content\/uploads\/2019\/08\/D_2017_4_10-Affectation-de-r\u00e9sultats-dexploitation-2016-Assainissement-collectif.pdf\">D_2017_4_10 Affectation de r\u00e9sultats d&rsquo;exploitation 2016 &#8211; Assainissement collectif<\/a><\/p>\n<p><a href=\"https:\/\/www.mouthiers-sur-boeme.fr\/wp-content\/uploads\/2019\/08\/D_2017_4_15-Vote-des-taux-des-taxes-locales-2017-Commune.pdf\">D_2017_4_15 Vote des taux des taxes locales 2017 &#8211; Commune<\/a><\/p>\n<p><a href=\"https:\/\/www.mouthiers-sur-boeme.fr\/wp-content\/uploads\/2019\/08\/D_2017_4_14-Budget-Primitif-2017-Commune.pdf\">D_2017_4_14 Budget Primitif 2017 &#8211; Commune<\/a><\/p>\n<p><a href=\"https:\/\/www.mouthiers-sur-boeme.fr\/wp-content\/uploads\/2019\/08\/D_2017_4_4-Affectation-de-r\u00e9sultats-dexploitation-2016-Commune.pdf\">D_2017_4_4 Affectation de r\u00e9sultats d&rsquo;exploitation 2016 &#8211; Commune<\/a><\/p>\n<p><a href=\"https:\/\/www.mouthiers-sur-boeme.fr\/wp-content\/uploads\/2019\/08\/D_2017_4_12-Compte-administratif-2016-Photovolta\u00efque.pdf\">D_2017_4_12 Compte administratif 2016 &#8211; Photovolta\u00efque<\/a><\/p>\n<p><a href=\"https:\/\/www.mouthiers-sur-boeme.fr\/wp-content\/uploads\/2019\/08\/D_2017_4_11-Approbation-du-compte-de-gestion-2016-Photovolta\u00efque.pdf\">D_2017_4_11 Approbation du compte de gestion 2016 &#8211; Photovolta\u00efque<\/a><\/p>\n<p><a href=\"https:\/\/www.mouthiers-sur-boeme.fr\/wp-content\/uploads\/2019\/08\/D_2017_4_9-Compte-administratif-2016-Assainissement-collectif.pdf\">D_2017_4_9 Compte administratif 2016 &#8211; Assainissement collectif<\/a><\/p>\n<p><a href=\"https:\/\/www.mouthiers-sur-boeme.fr\/wp-content\/uploads\/2019\/08\/D_2017_4_8-Approbation-du-compte-de-gestion-2016-Assainissement-collectif.pdf\">D_2017_4_8 Approbation du compte de gestion 2016 &#8211; Assainissement collectif<\/a><\/p>\n<p><a href=\"https:\/\/www.mouthiers-sur-boeme.fr\/wp-content\/uploads\/2019\/08\/D_2017_4_6-Compte-administratif-2016-R\u00e9gie-de-transport.pdf\">D_2017_4_6 Compte administratif 2016 &#8211; R\u00e9gie de transport<\/a><\/p>\n<p><a href=\"https:\/\/www.mouthiers-sur-boeme.fr\/wp-content\/uploads\/2019\/08\/D_2017_4_5-Approbation-du-compte-de-gestion-2016-R\u00e9gie-de-transport.pdf\">D_2017_4_5 Approbation du compte de gestion 2016 &#8211; R\u00e9gie de transport<\/a><\/p>\n<p><a href=\"https:\/\/www.mouthiers-sur-boeme.fr\/wp-content\/uploads\/2019\/08\/D_2017_4_3-Compte-administratif-2016-Commune.pdf\">D_2017_4_3 Compte administratif 2016 &#8211; Commune<\/a><\/p>\n<p><a href=\"https:\/\/www.mouthiers-sur-boeme.fr\/wp-content\/uploads\/2019\/08\/D_2017_4_2-Approbation-du-compte-de-gestion-2016-Commune.pdf\">D_2017_4_2 Approbation du compte de gestion 2016 &#8211; Commune<\/a><\/p>\n<p><a href=\"https:\/\/www.mouthiers-sur-boeme.fr\/wp-content\/uploads\/2019\/08\/D_2017_4_1-Approbation-du-compte-rendu-de-la-s\u00e9ance-du-conseil-du-16-mars-2017.pdf\">D_2017_4_1 Approbation du compte rendu de la s\u00e9ance du conseil du 16 mars 2017<\/a><\/p>\n<p><a href=\"https:\/\/www.mouthiers-sur-boeme.fr\/wp-content\/uploads\/2019\/08\/D_2017_3_9-Achat-dune-gerbe-pour-le-Pr\u00e9sident-MJC-Jules-Berry.pdf\">D_2017_3_9 Achat d&rsquo;une gerbe pour le Pr\u00e9sident MJC Jules Berry<\/a><\/p>\n<p><a href=\"https:\/\/www.mouthiers-sur-boeme.fr\/wp-content\/uploads\/2019\/08\/D_2017_3_8-Renouvellement-du-Conseil-de-D\u00e9veloppement-2017-2020-de-GrandAngoul\u00eame.pdf\">D_2017_3_8 Renouvellement du Conseil de D\u00e9veloppement 2017-2020 de GrandAngoul\u00eame<\/a><\/p>\n<p><a href=\"https:\/\/www.mouthiers-sur-boeme.fr\/wp-content\/uploads\/2019\/08\/D_2017_3_7-Participation-pour-les-entr\u00e9es-cin\u00e9ma-MJC-Jules-Berry.pdf\">D_2017_3_7 Participation pour les entr\u00e9es cin\u00e9ma &#8211; MJC Jules Berry<\/a><\/p>\n<p><a href=\"https:\/\/www.mouthiers-sur-boeme.fr\/wp-content\/uploads\/2019\/08\/D_2017_3_6-Convention-de-destruction-des-archives-communales-GrandAngoul\u00eame.pdf\">D_2017_3_6 Convention de destruction des archives communales &#8211; GrandAngoul\u00eame<\/a><\/p>\n<p><a href=\"https:\/\/www.mouthiers-sur-boeme.fr\/wp-content\/uploads\/2019\/08\/D_2017_3_5-Indemnit\u00e9s-des-\u00e9lus-Revalorisation-de-lindice-terminal.pdf\">D_2017_3_5 Indemnit\u00e9s des \u00e9lus &#8211; Revalorisation de l&rsquo;indice terminal<\/a><\/p>\n<p><a href=\"https:\/\/www.mouthiers-sur-boeme.fr\/wp-content\/uploads\/2019\/08\/D_2017_3_4-Am\u00e9nagement-de-la-route-d\u00e9partementale-427.pdf\">D_2017_3_4 Am\u00e9nagement de la route d\u00e9partementale 427<\/a><\/p>\n<p><a href=\"https:\/\/www.mouthiers-sur-boeme.fr\/wp-content\/uploads\/2019\/08\/D_2017_3_3-Ouverture-de-cr\u00e9dit-section-fonctionnement-\u00e9clairage-public-SDEG16.pdf\">D_2017_3_3 Ouverture de cr\u00e9dit section fonctionnement \u00e9clairage public SDEG16<\/a><\/p>\n<p><a href=\"https:\/\/www.mouthiers-sur-boeme.fr\/wp-content\/uploads\/2019\/08\/D_2017_3_2-Vote-des-Autorisations-de-Programme-Cr\u00e9dits-de-Paiement.pdf\">D_2017_3_2 Vote des Autorisations de Programme Cr\u00e9dits de Paiement<\/a><\/p>\n<p><a href=\"https:\/\/www.mouthiers-sur-boeme.fr\/wp-content\/uploads\/2019\/08\/D_2017_3_1-Approbation-du-compte-rendu-du-conseil-municipal-du-17-f\u00e9vrier-2017.pdf\">D_2017_3_1 Approbation du compte rendu du conseil municipal du 17 f\u00e9vrier 2017<\/a><\/p>\n<p style=\"text-align: center;\"><strong>Avril 2017<\/strong><\/p>\n<p><a href=\"https:\/\/www.mouthiers-sur-boeme.fr\/wp-content\/uploads\/2019\/08\/D_2017_5_10-Modification-du-budget-2017-R\u00e9gie-de-Transport.pdf\">D_2017_5_10 Modification du budget 2017 R\u00e9gie de Transport<\/a><\/p>\n<p><a href=\"https:\/\/www.mouthiers-sur-boeme.fr\/wp-content\/uploads\/2019\/08\/D_2017_5_12-Soutien-\u00e0-Saint-Sulpice-de-Ruffec.pdf\">D_2017_5_12 Soutien \u00e0 Saint-Sulpice-de-Ruffec<\/a><\/p>\n<p><a href=\"https:\/\/www.mouthiers-sur-boeme.fr\/wp-content\/uploads\/2019\/08\/D_2017_5_11-ANNEXE-Convention-de-broyage-Commune-Particulier.pdf\">D_2017_5_11 ANNEXE Convention de broyage Commune-Particulier<\/a><\/p>\n<p><a href=\"https:\/\/www.mouthiers-sur-boeme.fr\/wp-content\/uploads\/2019\/08\/D_2017_5_11-Convention-de-broyage-Commune-Particulier.pdf\">D_2017_5_11 Convention de broyage Commune-Particulier<\/a><\/p>\n<p><a href=\"https:\/\/www.mouthiers-sur-boeme.fr\/wp-content\/uploads\/2019\/08\/D_2017_5_9-Adh\u00e9sion-au-volet-num\u00e9rique-et-informatique-de-lATD16.pdf\">D_2017_5_9 Adh\u00e9sion au volet num\u00e9rique et informatique de l&rsquo;ATD16<\/a><\/p>\n<p><a href=\"https:\/\/www.mouthiers-sur-boeme.fr\/wp-content\/uploads\/2019\/08\/D_2017_5_8-Indemnit\u00e9s-de-fonctions-des-\u00e9lus-Revalorisation-de-lindice-terminal.pdf\">D_2017_5_8 Indemnit\u00e9s de fonctions des \u00e9lus &#8211; Revalorisation de l&rsquo;indice terminal<\/a><\/p>\n<p><a href=\"https:\/\/www.mouthiers-sur-boeme.fr\/wp-content\/uploads\/2019\/08\/D_2017_5_7-ANNEXE-Contrat-de-cession-de-droits-\u00e0-limage.pdf\">D_2017_5_7 ANNEXE Contrat de cession de droits \u00e0 l&rsquo;image<\/a><\/p>\n<p><a href=\"https:\/\/www.mouthiers-sur-boeme.fr\/wp-content\/uploads\/2019\/08\/D_2017_5_7-Contrat-de-cession-de-droits-\u00e0-limage.pdf\">D_2017_5_7 Contrat de cession de droits \u00e0 l&rsquo;image<\/a><\/p>\n<p><a href=\"https:\/\/www.mouthiers-sur-boeme.fr\/wp-content\/uploads\/2019\/08\/D_2017_5_6-Num\u00e9risation-des-registres-de-lEtat-Civil-et-des-d\u00e9lib\u00e9rations-et-subvention-DRAC.pdf\">D_2017_5_6 Num\u00e9risation des registres de l&rsquo;Etat Civil et des d\u00e9lib\u00e9rations et subvention DRAC<\/a><\/p>\n<p><a href=\"https:\/\/www.mouthiers-sur-boeme.fr\/wp-content\/uploads\/2019\/08\/D_2017_5_5-ANNEXE-D\u00e9ploiement-de-bornes-de-charge-\u00e9lectrique-en-Charente-SDEG-16.pdf\">D_2017_5_5 ANNEXE D\u00e9ploiement de bornes de charge \u00e9lectrique en Charente &#8211; SDEG 16<\/a><\/p>\n<p><a href=\"https:\/\/www.mouthiers-sur-boeme.fr\/wp-content\/uploads\/2019\/08\/D_2017_5_5-D\u00e9ploiement-de-bornes-de-charge-\u00e9lectrique-en-Charente-SDEG-16.pdf\">D_2017_5_5 D\u00e9ploiement de bornes de charge \u00e9lectrique en Charente &#8211; SDEG 16<\/a><\/p>\n<p><a href=\"https:\/\/www.mouthiers-sur-boeme.fr\/wp-content\/uploads\/2019\/08\/D_2017_5_3-Participation-de-la-commune-\u00e0-des-organismes-publics.pdf\">D_2017_5_3 Participation de la commune \u00e0 des organismes publics<\/a><\/p>\n<p><a href=\"https:\/\/www.mouthiers-sur-boeme.fr\/wp-content\/uploads\/2019\/08\/D_2017_5_2-Vote-des-subventions-2017.pdf\">D_2017_5_2 Vote des subventions 2017<\/a><\/p>\n<p><a href=\"https:\/\/www.mouthiers-sur-boeme.fr\/wp-content\/uploads\/2019\/08\/D_2017_5_1-Approbation-du-compte-rendu-du-conseil-municipal-du-24-mars-2017.pdf\">D_2017_5_1 Approbation du compte rendu du conseil municipal du 24 mars 2017<\/a><\/p>\n<p><a href=\"https:\/\/www.mouthiers-sur-boeme.fr\/wp-content\/uploads\/2019\/08\/D_2017_5_4-Plan-de-financement-DETR-2017.pdf\">D_2017_5_4 Plan de financement DETR 2017<\/a><\/p>\n<p style=\"text-align: center;\"><strong>Juin 2017<\/strong><\/p>\n<p><a href=\"https:\/\/www.mouthiers-sur-boeme.fr\/wp-content\/uploads\/2019\/08\/D_2017_7_13-Modification-des-statuts-du-SDITEC-16.pdf\">D_2017_7_13 Modification des statuts du SDITEC 16<\/a><\/p>\n<p><a href=\"https:\/\/www.mouthiers-sur-boeme.fr\/wp-content\/uploads\/2019\/08\/D_2017_7_9-Convention-de-mise-\u00e0-disposition-dune-semi-remorque-F\u00eate-de-la-musique.pdf\">D_2017_7_9 Convention de mise \u00e0 disposition d&rsquo;une semi-remorque &#8211; F\u00eate de la musique<\/a><\/p>\n<p><a href=\"https:\/\/www.mouthiers-sur-boeme.fr\/wp-content\/uploads\/2019\/08\/D_2017_7_11-R\u00e9partition-des-charges-de-fonctionnement-des-\u00e9coles-publiques-2016-2017-Ville-dAngoul\u00eame.pdf\">D_2017_7_11 R\u00e9partition des charges de fonctionnement des \u00e9coles publiques 2016-2017 &#8211; Ville d&rsquo;Angoul\u00eame<\/a><\/p>\n<p><a href=\"https:\/\/www.mouthiers-sur-boeme.fr\/wp-content\/uploads\/2019\/08\/D_2017_7_14-Motion-de-soutien-\u00e0-la-candidature-de-Paris-pour-les-jeux-Olympiques-et-Paralympiques-2024.pdf\">D_2017_7_14 Motion de soutien \u00e0 la candidature de Paris pour les jeux Olympiques et Paralympiques 2024<\/a><\/p>\n<p><a href=\"https:\/\/www.mouthiers-sur-boeme.fr\/wp-content\/uploads\/2019\/08\/D_2017_7_12-D\u00e9cision-Modificative-n\u00b02-Budget-Principal.pdf\">D_2017_7_12 D\u00e9cision Modificative n\u00b02 &#8211; Budget Principal<\/a><\/p>\n<p><a href=\"https:\/\/www.mouthiers-sur-boeme.fr\/wp-content\/uploads\/2019\/08\/D_2017_7_10-Tarifs-transport-scolaire-2017-2018.pdf\">D_2017_7_10 Tarifs transport scolaire 2017-2018<\/a><\/p>\n<p><a href=\"https:\/\/www.mouthiers-sur-boeme.fr\/wp-content\/uploads\/2019\/08\/D_2017_7_8-Demande-de-subvention-exceptionnelle-SCM-Football-D\u00e9placement-Petite-Rosselle.pdf\">D_2017_7_8 Demande de subvention exceptionnelle SCM Football &#8211; D\u00e9placement Petite-Rosselle<\/a><\/p>\n<p><a href=\"https:\/\/www.mouthiers-sur-boeme.fr\/wp-content\/uploads\/2019\/08\/D_2017_7_7-Convention-de-pr\u00eat-de-tivoli-sur-les-espaces-priv\u00e9s-lors-des-repas-de-quartier.pdf\">D_2017_7_7 Convention de pr\u00eat de tivoli sur les espaces priv\u00e9s lors des repas de quartier<\/a><\/p>\n<p><a href=\"https:\/\/www.mouthiers-sur-boeme.fr\/wp-content\/uploads\/2019\/08\/D_2017_7_6-Convention-relative-\u00e0-la-cr\u00e9ation-de-plantation-\u00e0-lentr\u00e9e-sud-du-bourg-sur-la-RD-12.pdf\">D_2017_7_6 Convention relative \u00e0 la cr\u00e9ation de plantation \u00e0 l&rsquo;entr\u00e9e sud du bourg sur la RD 12<\/a><\/p>\n<p><a href=\"https:\/\/www.mouthiers-sur-boeme.fr\/wp-content\/uploads\/2019\/08\/D_2017_7_5-Convention-dentretien-des-bas-c\u00f4t\u00e9s-des-chemins-dexploitation-de-lAssociation-Fonci\u00e8re.pdf\">D_2017_7_5 Convention d&rsquo;entretien des bas-c\u00f4t\u00e9s des chemins d&rsquo;exploitation de l&rsquo;Association Fonci\u00e8re<\/a><\/p>\n<p><a href=\"https:\/\/www.mouthiers-sur-boeme.fr\/wp-content\/uploads\/2019\/08\/D_2017_7_4-Acquisition-dune-parcelle-Chez-Lh\u00e9raud.pdf\">D_2017_7_4 Acquisition d&rsquo;une parcelle &#8211; Chez Lh\u00e9raud<\/a><\/p>\n<p><a href=\"https:\/\/www.mouthiers-sur-boeme.fr\/wp-content\/uploads\/2019\/08\/D_2017_7_3-D\u00e9nomination-des-voies-communales.pdf\">D_2017_7_3 D\u00e9nomination des voies communales<\/a><\/p>\n<p><a href=\"https:\/\/www.mouthiers-sur-boeme.fr\/wp-content\/uploads\/2019\/08\/D_2017_7_2-Autorisation-de-rembourser-les-frais-de-d\u00e9placement-du-personnel-de-la-collectivit\u00e9.pdf\">D_2017_7_2 Autorisation de rembourser les frais de d\u00e9placement du personnel de la collectivit\u00e9<\/a><\/p>\n<p><a href=\"https:\/\/www.mouthiers-sur-boeme.fr\/wp-content\/uploads\/2019\/08\/D_2017_7_1-Approbation-du-compte-rendu-du-conseil-municipal-du-12-mai-2017.pdf\">D_2017_7_1 Approbation du compte rendu du conseil municipal du 12 mai 2017<\/a><\/p>\n<p><a href=\"https:\/\/www.mouthiers-sur-boeme.fr\/wp-content\/uploads\/2019\/08\/D_2017_6_11-Avenant-Contrat-Socotec.pdf\">D_2017_6_11 Avenant Contrat Socotec<\/a><\/p>\n<p><a href=\"https:\/\/www.mouthiers-sur-boeme.fr\/wp-content\/uploads\/2019\/08\/D_2017_6_10-Demande-de-subvention-Association-CO-Couronnais-Cyclisme.pdf\">D_2017_6_10 Demande de subvention Association CO Couronnais Cyclisme<\/a><\/p>\n<p><a href=\"https:\/\/www.mouthiers-sur-boeme.fr\/wp-content\/uploads\/2019\/08\/D_2017_6_9-D\u00e9cision-modificative-n\u00b01-Budget-Principal.pdf\">D_2017_6_9 D\u00e9cision modificative n\u00b01 &#8211; Budget Principal<\/a><\/p>\n<p><a href=\"https:\/\/www.mouthiers-sur-boeme.fr\/wp-content\/uploads\/2019\/08\/D_2017_6_8-Admission-en-non-valeur-des-cr\u00e9ances-\u00e9teintes.pdf\">D_2017_6_8 Admission en non-valeur des cr\u00e9ances \u00e9teintes<\/a><\/p>\n<p><a href=\"https:\/\/www.mouthiers-sur-boeme.fr\/wp-content\/uploads\/2019\/08\/D_2017_6_7-Admission-en-non-valeur-des-produits-irr\u00e9couvrables.pdf\">D_2017_6_7 Admission en non-valeur des produits irr\u00e9couvrables<\/a><\/p>\n<p><a href=\"https:\/\/www.mouthiers-sur-boeme.fr\/wp-content\/uploads\/2019\/08\/D_2017_6_6-Attribution-prime-exceptionnelle-stagiaire-service-technique.pdf\">D_2017_6_6 Attribution prime exceptionnelle stagiaire service technique<\/a><\/p>\n<p><a href=\"https:\/\/www.mouthiers-sur-boeme.fr\/wp-content\/uploads\/2019\/08\/D_2017_6_5-Demande-de-subvention-Diffusion-de-spectacle-vivant-CD-16.pdf\">D_2017_6_5 Demande de subvention Diffusion de spectacle vivant &#8211; CD 16<\/a><\/p>\n<p><a href=\"https:\/\/www.mouthiers-sur-boeme.fr\/wp-content\/uploads\/2019\/08\/D_2017_6_4-Adh\u00e9sion-au-groupement-de-commandes-\u00e9lectricit\u00e9-SDEG-16.pdf\">D_2017_6_4 Adh\u00e9sion au groupement de commandes \u00e9lectricit\u00e9 &#8211; SDEG 16<\/a><\/p>\n<p><a href=\"https:\/\/www.mouthiers-sur-boeme.fr\/wp-content\/uploads\/2019\/08\/D_2017_6_3-Convention-de-mise-\u00e0-disposition-des-bus-aux-associations-communales.pdf\">D_2017_6_3 Convention de mise \u00e0 disposition des bus aux associations communales<\/a><\/p>\n<p><a href=\"https:\/\/www.mouthiers-sur-boeme.fr\/wp-content\/uploads\/2019\/08\/D_2017_6_2-Annulation-de-la-d\u00e9lib\u00e9ration-D_2017_5_12-soutien-\u00e0-Saint-Sulpice-de-Ruffec.pdf\">D_2017_6_2 Annulation de la d\u00e9lib\u00e9ration <\/a><\/p>\n<p><a href=\"https:\/\/www.mouthiers-sur-boeme.fr\/wp-content\/uploads\/2019\/08\/D_2017_6_2-Annulation-de-la-d\u00e9lib\u00e9ration-D_2017_5_12-soutien-\u00e0-Saint-Sulpice-de-Ruffec.pdf\">D_2017_5_12 soutien \u00e0 Saint-Sulpice-de-Ruffec<\/a><\/p>\n<p><a href=\"https:\/\/www.mouthiers-sur-boeme.fr\/wp-content\/uploads\/2019\/08\/D_2017_6_1-Approbation-du-compte-rendu-du-conseil-municipal-du-14-avril-2017.pdf\">D_2017_6_1 Approbation du compte rendu du conseil municipal du 14 avril 2017<\/a><\/p>\n<p style=\"text-align: center;\"><strong>Juillet 2017<\/strong><\/p>\n<p><a href=\"https:\/\/www.mouthiers-sur-boeme.fr\/wp-content\/uploads\/2019\/08\/D_2017_8_3-Don-dune-parcelle-par-des-particuliers-\u00e0-la-commune.pdf\">D_2017_8_3 Don d&rsquo;une parcelle par des particuliers \u00e0 la commune<\/a><\/p>\n<p><a href=\"https:\/\/www.mouthiers-sur-boeme.fr\/wp-content\/uploads\/2019\/08\/D_2017_8_9-Prise-en-charge-des-destructions-de-nids-de-frelons.pdf\">D_2017_8_9 Prise en charge des destructions de nids de frelons<\/a><\/p>\n<p><a href=\"https:\/\/www.mouthiers-sur-boeme.fr\/wp-content\/uploads\/2019\/08\/D_2017_8_9-Prise-en-charge-destructions-de-nids-de-frelons.pdf\">D_2017_8_9 Prise en charge destructions de nids de frelons<\/a><\/p>\n<p><a href=\"https:\/\/www.mouthiers-sur-boeme.fr\/wp-content\/uploads\/2019\/08\/D_2017_8_8-Adh\u00e9sion-au-groupement-de-commandes-pour-les-formations-professionnelles-du-personnel-GrandAngoul\u00eame.pdf\">D_2017_8_8 Adh\u00e9sion au groupement de commandes pour les formations professionnelles du personnel &#8211; GrandAngoul\u00eame<\/a><\/p>\n<p><a href=\"https:\/\/www.mouthiers-sur-boeme.fr\/wp-content\/uploads\/2019\/08\/D_2017_8_7-Rapport-dactivit\u00e9-2016-CALITOM.pdf\">D_2017_8_7 Rapport d&rsquo;activit\u00e9 2016 CALITOM<\/a><\/p>\n<p><a href=\"https:\/\/www.mouthiers-sur-boeme.fr\/wp-content\/uploads\/2019\/08\/D_2017_8_6-Renouvellement-de-ladh\u00e9sion-\u00e0-la-Fondation-du-Patrimoine.pdf\">D_2017_8_6 Renouvellement de l&rsquo;adh\u00e9sion \u00e0 la Fondation du Patrimoine<\/a><\/p>\n<p><a href=\"https:\/\/www.mouthiers-sur-boeme.fr\/wp-content\/uploads\/2019\/08\/D_2017_8_5-Dur\u00e9e-damortissement-des-immobilisations-ANNEXE.pdf\">D_2017_8_5 Dur\u00e9e d&rsquo;amortissement des immobilisations &#8211; ANNEXE<\/a><\/p>\n<p><a href=\"https:\/\/www.mouthiers-sur-boeme.fr\/wp-content\/uploads\/2019\/08\/D_2017_8_5-Dur\u00e9e-damortissement-des-immobilisations.pdf\">D_2017_8_5 Dur\u00e9e d&rsquo;amortissement des immobilisations<\/a><\/p>\n<p><a href=\"https:\/\/www.mouthiers-sur-boeme.fr\/wp-content\/uploads\/2019\/08\/D_2017_8_4-Admission-en-non-valeur-des-produits-irr\u00e9couvrables-et-des-cr\u00e9ances-\u00e9teintes.pdf\">D_2017_8_4 Admission en non-valeur des produits irr\u00e9couvrables et des cr\u00e9ances \u00e9teintes<\/a><\/p>\n<p><a href=\"https:\/\/www.mouthiers-sur-boeme.fr\/wp-content\/uploads\/2019\/08\/D_2017_8_2-Mise-\u00e0-disposition-de-lactif-Assainissement-Collectif-au-GrandAngoul\u00eame.pdf\">D_2017_8_2 Mise \u00e0 disposition de l&rsquo;actif Assainissement Collectif au GrandAngoul\u00eame<\/a><\/p>\n<p><a href=\"https:\/\/www.mouthiers-sur-boeme.fr\/wp-content\/uploads\/2019\/08\/D_2017_8_1-Approbation-du-compte-rendu-de-la-s\u00e9ance-du-9-juin-2017.pdf\">D_2017_8_1 Approbation du compte rendu de la s\u00e9ance du 9 juin 2017<\/a><\/p>\n<p style=\"text-align: center;\"><strong>Ao\u00fbt 2017<\/strong><\/p>\n<p><a href=\"https:\/\/www.mouthiers-sur-boeme.fr\/wp-content\/uploads\/2019\/08\/D_2017_8_2_1-Mise-\u00e0-disposition-de-lactif-Assainissement-Collectif-au-GrandAngoul\u00eame-modif-erreur-mat\u00e9rielle-001\u20ac.pdf\">D_2017_8_2_1 Mise \u00e0 disposition de l&rsquo;actif Assainissement Collectif au GrandAngoul\u00eame (modif erreur mat\u00e9rielle 0,01\u20ac)<\/a><\/p>\n<p style=\"text-align: center;\"><strong>Septembre 2017<\/strong><\/p>\n<p><a href=\"https:\/\/www.mouthiers-sur-boeme.fr\/wp-content\/uploads\/2019\/08\/D_2017_9_11-Cr\u00e9ation-dun-Comit\u00e9-consultatif-GrandAngoul\u00eame.pdf\">D_2017_9_11 Cr\u00e9ation d&rsquo;un Comit\u00e9 consultatif GrandAngoul\u00eame<\/a><\/p>\n<p><a href=\"https:\/\/www.mouthiers-sur-boeme.fr\/wp-content\/uploads\/2019\/08\/D_2017_9_10-Am\u00e9nagement-La-Croix-des-Grassets.pdf\">D_2017_9_10 Am\u00e9nagement La Croix des Grassets<\/a><\/p>\n<p><a href=\"https:\/\/www.mouthiers-sur-boeme.fr\/wp-content\/uploads\/2019\/08\/D_2017_9_9-Participation-journ\u00e9es-ALSH-Commune-de-Plassac-Rouffiac.pdf\">D_2017_9_9 Participation journ\u00e9es ALSH &#8211; Commune de Plassac-Rouffiac<\/a><\/p>\n<p><a href=\"https:\/\/www.mouthiers-sur-boeme.fr\/wp-content\/uploads\/2019\/08\/D_2017_9_8-Taux-dabattement-sur-les-taxes-fonci\u00e8res.pdf\">D_2017_9_8 Taux d&rsquo;abattement sur les taxes fonci\u00e8res<\/a><\/p>\n<p><a href=\"https:\/\/www.mouthiers-sur-boeme.fr\/wp-content\/uploads\/2019\/08\/D_2017_9_7-Modification-des-statuts-du-Syndicat-Mixte-de-la-fourri\u00e8re.pdf\">D_2017_9_7 Modification des statuts du Syndicat Mixte de la fourri\u00e8re<\/a><\/p>\n<p><a href=\"https:\/\/www.mouthiers-sur-boeme.fr\/wp-content\/uploads\/2019\/08\/D_2017_9_6-D\u00e9cision-modificative-n\u00b03-Budget-Principal.pdf\">D_2017_9_6 D\u00e9cision modificative n\u00b03 &#8211; Budget Principal<\/a><\/p>\n<p><a href=\"https:\/\/www.mouthiers-sur-boeme.fr\/wp-content\/uploads\/2019\/08\/D_2017_9_5-Appel-de-fonds-2017-GIP-Charente-Solidarit\u00e9s.pdf\">D_2017_9_5 Appel de fonds 2017 &#8211; GIP Charente Solidarit\u00e9s<\/a><\/p>\n<p><a href=\"https:\/\/www.mouthiers-sur-boeme.fr\/wp-content\/uploads\/2019\/08\/D_2017_9_4-ANNEXE-CONVENTION-Fonds-de-concours-pour-lacquisition-du-tivoli-de-Voeuil-et-Giget.pdf\">D_2017_9_4 ANNEXE CONVENTION Fonds de concours pour l&rsquo;acquisition du tivoli de Voeuil-et-Giget<\/a><\/p>\n<p><a href=\"https:\/\/www.mouthiers-sur-boeme.fr\/wp-content\/uploads\/2019\/08\/D_2017_9_4-Fonds-de-concours-pour-lacquisition-du-tivoli-de-Voeuil-et-Giget.pdf\">D_2017_9_4 Fonds de concours pour l&rsquo;acquisition du tivoli de Voeuil-et-Giget<\/a><\/p>\n<p><a href=\"https:\/\/www.mouthiers-sur-boeme.fr\/wp-content\/uploads\/2019\/08\/D_2017_9_3-Financement-des-travaux-demande-alimentation-\u00e9lectrique-Les-Six-Dim\u00e9es.pdf\">D_2017_9_3 Financement des travaux demande alimentation \u00e9lectrique &#8211; Les Six Dim\u00e9es<\/a><\/p>\n<p><a href=\"https:\/\/www.mouthiers-sur-boeme.fr\/wp-content\/uploads\/2019\/08\/D_2017_9_2-D\u00e9lib\u00e9ration-fixant-le-montant-de-la-RODP-Gaz-2017.pdf\">D_2017_9_2 D\u00e9lib\u00e9ration fixant le montant de la RODP Gaz 2017<\/a><\/p>\n<p><a href=\"https:\/\/www.mouthiers-sur-boeme.fr\/wp-content\/uploads\/2019\/08\/D_2017_9_1-Approbation-du-compte-rendu-du-Conseil-municipal-du-7-juillet.pdf\">D_2017_9_1 Approbation du compte-rendu du Conseil municipal du 7 juillet<\/a><\/p>\n<p style=\"text-align: center;\"><strong>Octobre 2017<\/strong><\/p>\n<p><a href=\"https:\/\/www.mouthiers-sur-boeme.fr\/wp-content\/uploads\/2019\/08\/D_2017_10_1-Approbation-du-compte-rendu-du-conseil-municipal-du-8-septembre-2017.pdf\">D_2017_10_1 Approbation du compte rendu du conseil municipal du 8 septembre 2017<\/a><\/p>\n<p><a href=\"https:\/\/www.mouthiers-sur-boeme.fr\/wp-content\/uploads\/2019\/08\/D_2017_10_13-R\u00e9trocession-de-la-voirie-Lotissement-La-Croix-Ronde.pdf\">D_2017_10_13 R\u00e9trocession de la voirie &#8211; Lotissement La Croix Ronde<\/a><\/p>\n<p style=\"text-align: center;\"><strong>Novembre 2017<\/strong><\/p>\n<p><a href=\"https:\/\/www.mouthiers-sur-boeme.fr\/wp-content\/uploads\/2019\/08\/D_2017_11_9-D\u00e9cision-modificative-n\u00b04-Budget-Principal.pdf\">D_2017_11_9 D\u00e9cision modificative n\u00b04 &#8211; Budget Principal<\/a><\/p>\n<p><a href=\"https:\/\/www.mouthiers-sur-boeme.fr\/wp-content\/uploads\/2019\/08\/D_2017_11_3-R\u00e9gie-de-transport-scolaire-Indemnit\u00e9s-r\u00e9gisseur.pdf\">D_2017_11_3 R\u00e9gie de transport scolaire &#8211; Indemnit\u00e9s r\u00e9gisseur<\/a><\/p>\n<p><a href=\"https:\/\/www.mouthiers-sur-boeme.fr\/wp-content\/uploads\/2019\/08\/D_2017_11_13-D\u00e9placement-pylone-antennes-sur-\u00e9quipement-sportif.pdf\">D_2017_11_13 D\u00e9placement pylone antennes sur \u00e9quipement sportif<\/a><\/p>\n<p><a href=\"https:\/\/www.mouthiers-sur-boeme.fr\/wp-content\/uploads\/2019\/08\/D_2017_11_12-D\u00e9signation-dun-d\u00e9l\u00e9gu\u00e9-suppl\u00e9ant-au-sein-du-SyBRA.pdf\">D_2017_11_12 D\u00e9signation d&rsquo;un d\u00e9l\u00e9gu\u00e9 suppl\u00e9ant au sein du SyBRA<\/a><\/p>\n<p><a href=\"https:\/\/www.mouthiers-sur-boeme.fr\/wp-content\/uploads\/2019\/08\/D_2017_11_11-Proc\u00e9dure-dextension-de-p\u00e9rim\u00e8tre-du-SyBRA.pdf\">D_2017_11_11 Proc\u00e9dure d&rsquo;extension de p\u00e9rim\u00e8tre du SyBRA<\/a><\/p>\n<p><a href=\"https:\/\/www.mouthiers-sur-boeme.fr\/wp-content\/uploads\/2019\/08\/D_2017_11_10-Adh\u00e9sion-service-commun-de-Conseil-en-Energie-Partag\u00e9-CEP.pdf\">D_2017_11_10 Adh\u00e9sion service commun de Conseil en Energie Partag\u00e9 (CEP)<\/a><\/p>\n<p><a href=\"https:\/\/www.mouthiers-sur-boeme.fr\/wp-content\/uploads\/2019\/08\/D_2017_11_8-Convention-de-mise-\u00e0-disposition-des-locaux-communaux-\u00e0-Effervescentre.pdf\">D_2017_11_8 Convention de mise \u00e0 disposition des locaux communaux \u00e0 Effervescentre<\/a><\/p>\n<p><a href=\"https:\/\/www.mouthiers-sur-boeme.fr\/wp-content\/uploads\/2019\/08\/D_2017_11_7-Convention-de-mise-\u00e0-disposition-des-locaux-communaux-\u00e0-la-MJC.pdf\">D_2017_11_7 Convention de mise \u00e0 disposition des locaux communaux \u00e0 la MJC<\/a><\/p>\n<p><a href=\"https:\/\/www.mouthiers-sur-boeme.fr\/wp-content\/uploads\/2019\/08\/D_2017_11_6-Mise-en-place-dun-sens-unique-Rue-du-Taillandier.pdf\">D_2017_11_6 Mise en place d&rsquo;un sens unique &#8211; Rue du Taillandier<\/a><\/p>\n<p><a href=\"https:\/\/www.mouthiers-sur-boeme.fr\/wp-content\/uploads\/2019\/08\/D_2017_11_5-S\u00e9curisation-durgence-de-lEglise-de-Mouthiers-Sur-Bo\u00ebme.pdf\">D_2017_11_5 S\u00e9curisation d&rsquo;urgence de l&rsquo;Eglise de Mouthiers-Sur-Bo\u00ebme<\/a><\/p>\n<p><a href=\"https:\/\/www.mouthiers-sur-boeme.fr\/wp-content\/uploads\/2019\/08\/D_2017_11_4-Taux-de-promotion-avancement-de-grade.pdf\">D_2017_11_4 Taux de promotion avancement de grade<\/a><\/p>\n<p><a href=\"https:\/\/www.mouthiers-sur-boeme.fr\/wp-content\/uploads\/2019\/08\/D_2017_11_2-Ressources-Humaines-Demande-de-stage-au-sein-de-la-m\u00e9diath\u00e8que.pdf\">D_2017_11_2 Ressources Humaines &#8211; Demande de stage au sein de la m\u00e9diath\u00e8que<\/a><\/p>\n<p><a href=\"https:\/\/www.mouthiers-sur-boeme.fr\/wp-content\/uploads\/2019\/08\/D_2017_11_1-Approbation-du-compte-rendu-du-Conseil-Municipal-du-13-octobre-2017.pdf\">D_2017_11_1 Approbation du compte rendu du Conseil Municipal du 13 octobre 2017<\/a><\/p>\n<p><a href=\"https:\/\/www.mouthiers-sur-boeme.fr\/wp-content\/uploads\/2019\/08\/D_2017_10_14-Convention-de-prestation-de-service-de-productions-v\u00e9g\u00e9tales-avec-la-ville-dAngoul\u00eame.pdf\">D_2017_10_14 Convention de prestation de service de productions v\u00e9g\u00e9tales avec la ville d&rsquo;Angoul\u00eame<\/a><\/p>\n<p><a href=\"https:\/\/www.mouthiers-sur-boeme.fr\/wp-content\/uploads\/2019\/08\/D_2017_10_12-Cotisation-2017-Association-Oh\u00e9-Prom\u00e9th\u00e9e-Charente.pdf\">D_2017_10_12 Cotisation 2017 &#8211; Association Oh\u00e9 Prom\u00e9th\u00e9e Charente<\/a><\/p>\n<p><a href=\"https:\/\/www.mouthiers-sur-boeme.fr\/wp-content\/uploads\/2019\/08\/D_2017_10_11-Indemnit\u00e9s-de-gardiennage-de-l\u00e9glise-2017.pdf\">D_2017_10_11 Indemnit\u00e9s de gardiennage de l&rsquo;\u00e9glise 2017<\/a><\/p>\n<p><a href=\"https:\/\/www.mouthiers-sur-boeme.fr\/wp-content\/uploads\/2019\/08\/D_2017_10_10-Acquisition-de-lancien-broyeur-communautaire-par-la-commune.pdf\">D_2017_10_10 Acquisition de l&rsquo;ancien broyeur communautaire par la commune<\/a><\/p>\n<p><a href=\"https:\/\/www.mouthiers-sur-boeme.fr\/wp-content\/uploads\/2019\/08\/D_2017_10_9-ANNEXE-AC-2016.pdf\">D_2017_10_9 ANNEXE AC 2016<\/a><\/p>\n<p><a href=\"https:\/\/www.mouthiers-sur-boeme.fr\/wp-content\/uploads\/2019\/08\/D_2017_10_9-ANNEXE-ANC-2016.pdf\">D_2017_10_9 ANNEXE ANC 2016<\/a><\/p>\n<p><a href=\"https:\/\/www.mouthiers-sur-boeme.fr\/wp-content\/uploads\/2019\/08\/D_2017_10_9-Rapports-annuels-2016-sur-le-prix-et-la-qualit\u00e9-du-service-public-Assainissments-collectif-et-non-collectif.pdf\">D_2017_10_9 Rapports annuels 2016 sur le prix et la qualit\u00e9 du service public Assainissments collectif et non collectif<\/a><\/p>\n<p><a href=\"https:\/\/www.mouthiers-sur-boeme.fr\/wp-content\/uploads\/2019\/08\/D_2017_10_8-Rapport-dactivit\u00e9-2016-SDITEC-de-la-Charente.pdf\">D_2017_10_8 Rapport d&rsquo;activit\u00e9 2016 &#8211; SDITEC de la Charente<\/a><\/p>\n<p><a href=\"https:\/\/www.mouthiers-sur-boeme.fr\/wp-content\/uploads\/2019\/08\/D_2017_10_7-R\u00e9trocession-de-voirie-du-lotissement-Impasse-des-Erableaux-\u00e0-la-commune.pdf\">D_2017_10_7 R\u00e9trocession de voirie du lotissement Impasse des Erableaux \u00e0 la commune<\/a><\/p>\n<p><a href=\"https:\/\/www.mouthiers-sur-boeme.fr\/wp-content\/uploads\/2019\/08\/D_2017_10_6-Demande-de-participation-financi\u00e8re-pour-am\u00e9nagement-passage-surbaiss\u00e9-Route-de-la-c\u00f4te-\u00e0-Bournet.pdf\">D_2017_10_6 Demande de participation financi\u00e8re pour am\u00e9nagement passage surbaiss\u00e9 &#8211; Route de la c\u00f4te \u00e0 Bournet<\/a><\/p>\n<p><a href=\"https:\/\/www.mouthiers-sur-boeme.fr\/wp-content\/uploads\/2019\/08\/D_2017_10_5-Convention-avec-les-particuliers-pour-le-fleurissement-des-pieds-de-murs.pdf\">D_2017_10_5 Convention avec les particuliers pour le fleurissement des pieds de murs<\/a><\/p>\n<p><a href=\"https:\/\/www.mouthiers-sur-boeme.fr\/wp-content\/uploads\/2019\/08\/D_2017_10_4-Convention-SDEG-16-pour-les-travaux-d\u00e9clairage-public-Prises-Guirlandes.pdf\">D_2017_10_4 Convention SDEG 16 pour les travaux d&rsquo;\u00e9clairage public &#8211; Prises Guirlandes<\/a><\/p>\n<p><a href=\"https:\/\/www.mouthiers-sur-boeme.fr\/wp-content\/uploads\/2019\/08\/D_2017_10_3-Prolongement-de-la-mission-archivage-avec-la-mairie-de-Roullet-Saint-Est\u00e8phe.pdf\">D_2017_10_3 Prolongement de la mission archivage avec la mairie de Roullet-Saint-Est\u00e8phe<\/a><\/p>\n<p><a href=\"https:\/\/www.mouthiers-sur-boeme.fr\/wp-content\/uploads\/2019\/08\/D_2017_10_2-D\u00e9lib\u00e9ration-de-principe-autorisant-le-recrutement-dun-agent-non-titulaire-de-rempl.pdf\">D_2017_10_2 D\u00e9lib\u00e9ration de principe autorisant le recrutement d&rsquo;un agent non titulaire de rempl<\/a><\/p>\n<p><a href=\"https:\/\/www.mouthiers-sur-boeme.fr\/wp-content\/uploads\/2019\/08\/D_2017_10_2-D\u00e9lib\u00e9ration-de-principe-autorisant-le-recrutement-dun-agent-non-titulaire-de-remplacement.pdf\">D_2017_10_2 D\u00e9lib\u00e9ration de principe autorisant le recrutement d&rsquo;un agent non titulaire de remplacement<\/a><\/p>\n<p style=\"text-align: center;\"><strong>D\u00e9cembre 2017<\/strong><\/p>\n<p><a href=\"https:\/\/www.mouthiers-sur-boeme.fr\/wp-content\/uploads\/2019\/08\/D_2017_12_9-Approbation-du-rapport-CLECT-2017.pdf\">D_2017_12_9 Approbation du rapport CLECT 2017<\/a><\/p>\n<p><a href=\"https:\/\/www.mouthiers-sur-boeme.fr\/wp-content\/uploads\/2019\/08\/D_2017_12_11-Convention-occupation-installation-compteur-communicant-Gaspar-GrDF.pdf\">D_2017_12_11 Convention occupation installation compteur communicant Gaspar &#8211; GrDF<\/a><\/p>\n<p><a href=\"https:\/\/www.mouthiers-sur-boeme.fr\/wp-content\/uploads\/2019\/08\/D_2017_12_10-Approbation-du-montant-de-lattribution-de-compensation-d\u00e9rogatoire.pdf\">D_2017_12_10 Approbation du montant de l&rsquo;attribution de compensation d\u00e9rogatoire<\/a><\/p>\n<p><a href=\"https:\/\/www.mouthiers-sur-boeme.fr\/wp-content\/uploads\/2019\/08\/D_2017_12_8-Remboursement-des-frais-des-\u00e9lus-au-Salon-des-Maires-2017.pdf\">D_2017_12_8 Remboursement des frais des \u00e9lus au Salon des Maires 2017<\/a><\/p>\n<p><a href=\"https:\/\/www.mouthiers-sur-boeme.fr\/wp-content\/uploads\/2019\/08\/D_2017_12_7-Cotisation-2017-CRCATB.pdf\">D_2017_12_7 Cotisation 2017 CRCATB<\/a><\/p>\n<p><a href=\"https:\/\/www.mouthiers-sur-boeme.fr\/wp-content\/uploads\/2019\/08\/D_2017_12_5-R\u00e9vision-des-tarifs-municipaux-2018.pdf\">D_2017_12_5 R\u00e9vision des tarifs municipaux 2018<\/a><\/p>\n<p><a href=\"https:\/\/www.mouthiers-sur-boeme.fr\/wp-content\/uploads\/2019\/08\/D_2017_12_4-D\u00e9nomination-des-voies-communales.pdf\">D_2017_12_4 D\u00e9nomination des voies communales<\/a><\/p>\n<p><a href=\"https:\/\/www.mouthiers-sur-boeme.fr\/wp-content\/uploads\/2019\/08\/D_2017_12_3-Cr\u00e9ation-de-postes-suite-\u00e0-avancement-de-grade.pdf\">D_2017_12_3 Cr\u00e9ation de postes suite \u00e0 avancement de grade<\/a><\/p>\n<p><a href=\"https:\/\/www.mouthiers-sur-boeme.fr\/wp-content\/uploads\/2019\/08\/D_2017_12_2-ANNEXE-Installation-dun-nouveau-Conseiller-Municipal.pdf\">D_2017_12_2 ANNEXE Installation d&rsquo;un nouveau Conseiller Municipal<\/a><\/p>\n<p><a href=\"https:\/\/www.mouthiers-sur-boeme.fr\/wp-content\/uploads\/2019\/08\/D_2017_12_1-Approbation-du-compte-rendu-du-conseil-municipal-du-10-novembre-2017.pdf\">D_2017_12_1 Approbation du compte rendu du conseil municipal du 10 novembre 2017<\/a><\/p>\n","protected":false},"excerpt":{"rendered":"<p>Janvier 2017 D_2017_1_10 AAUTORISATION DEPENSES D INVESTISSEMENT 2017 AVANT BP D_2017_1_10 Autorisation pour l&rsquo;engagement de d\u00e9penses en section d&rsquo;investissement avant le vote du budget D_2017_1_8 D\u00e9lib\u00e9ration cadre annuelle pour imputation en section investissement des biens meubles inf\u00e9rieurs \u00e0 500 \u20ac D_2017_1_7 Indemnit\u00e9 repr\u00e9sentative logement 2016 pour les instituteurs D_2017_1_6 Convention de mise \u00e0 disposition de &hellip; <a href=\"https:\/\/www.mouthiers-sur-boeme.fr\/?page_id=7211\" class=\"more-link\">Continuer la lecture de <span class=\"screen-reader-text\">D\u00e9lib\u00e9rations 2017<\/span>  <span class=\"meta-nav\">&rarr;<\/span><\/a><\/p>\n","protected":false},"author":22,"featured_media":0,"parent":0,"menu_order":0,"comment_status":"closed","ping_status":"closed","template":"","meta":[],"_links":{"self":[{"href":"https:\/\/www.mouthiers-sur-boeme.fr\/index.php?rest_route=\/wp\/v2\/pages\/7211"}],"collection":[{"href":"https:\/\/www.mouthiers-sur-boeme.fr\/index.php?rest_route=\/wp\/v2\/pages"}],"about":[{"href":"https:\/\/www.mouthiers-sur-boeme.fr\/index.php?rest_route=\/wp\/v2\/types\/page"}],"author":[{"embeddable":true,"href":"https:\/\/www.mouthiers-sur-boeme.fr\/index.php?rest_route=\/wp\/v2\/users\/22"}],"replies":[{"embeddable":true,"href":"https:\/\/www.mouthiers-sur-boeme.fr\/index.php?rest_route=%2Fwp%2Fv2%2Fcomments&post=7211"}],"version-history":[{"count":4,"href":"https:\/\/www.mouthiers-sur-boeme.fr\/index.php?rest_route=\/wp\/v2\/pages\/7211\/revisions"}],"predecessor-version":[{"id":7591,"href":"https:\/\/www.mouthiers-sur-boeme.fr\/index.php?rest_route=\/wp\/v2\/pages\/7211\/revisions\/7591"}],"wp:attachment":[{"href":"https:\/\/www.mouthiers-sur-boeme.fr\/index.php?rest_route=%2Fwp%2Fv2%2Fmedia&parent=7211"}],"curies":[{"name":"wp","href":"https:\/\/api.w.org\/{rel}","templated":true}]}}