{"id":7373,"date":"2019-08-22T09:50:50","date_gmt":"2019-08-22T08:50:50","guid":{"rendered":"https:\/\/www.mouthiers-sur-boeme.fr\/?page_id=7373"},"modified":"2023-10-29T11:52:06","modified_gmt":"2023-10-29T10:52:06","slug":"deliberations-2016","status":"publish","type":"page","link":"https:\/\/www.mouthiers-sur-boeme.fr\/?page_id=7373","title":{"rendered":"D\u00e9lib\u00e9rations 2016"},"content":{"rendered":"<p style=\"text-align: center;\"><strong>F\u00e9vrier 2016<\/strong><\/p>\n<p><a href=\"https:\/\/www.mouthiers-sur-boeme.fr\/wp-content\/uploads\/2019\/08\/D_2016_1_10-Indemnit\u00e9-repr\u00e9sentative-logement-2015-pour-instituteurs.pdf\">D_2016_1_10 Indemnit\u00e9 repr\u00e9sentative logement 2015 pour&nbsp;<\/a><a href=\"https:\/\/www.mouthiers-sur-boeme.fr\/wp-content\/uploads\/2019\/08\/D_2016_1_10-Indemnit\u00e9-repr\u00e9sentative-logement-2015-pour-instituteurs.pdf\">instituteurs<\/a><\/p>\n<p><a href=\"https:\/\/www.mouthiers-sur-boeme.fr\/wp-content\/uploads\/2019\/08\/D_-2016_1_7-CREATION-POSTES-SAISONNIERS.pdf\">D_ 2016_1_7 CREATION POSTES SAISONNIERS<\/a><\/p>\n<p><a href=\"https:\/\/www.mouthiers-sur-boeme.fr\/wp-content\/uploads\/2019\/08\/D_2016_1_7-Personnel-communal-cr\u00e9ation-postes-pour-accroissement-saisonnier.pdf\">D_2016_1_7 Personnel communal &#8211; cr\u00e9ation postes pour accroissement saisonnier<\/a><\/p>\n<p><a href=\"https:\/\/www.mouthiers-sur-boeme.fr\/wp-content\/uploads\/2019\/08\/D_2016_1_-8-CREATION-POSTE-ACCROISSEMENT-TEMP-ACTIVITE.pdf\">D_2016_1_ 8 CREATION POSTE ACCROISSEMENT TEMP ACTIVITE<\/a><\/p>\n<p><a href=\"https:\/\/www.mouthiers-sur-boeme.fr\/wp-content\/uploads\/2019\/08\/D_2016_1_8-Personnel-communal-cr\u00e9ation-poste-accroissement-temporaire-et-exceptionnel.pdf\">D_2016_1_8 Personnel communal &#8211; cr\u00e9ation poste accroissement temporaire et exceptionnel<\/a><\/p>\n<p><a href=\"https:\/\/www.mouthiers-sur-boeme.fr\/wp-content\/uploads\/2019\/08\/D_2016_1_1-AUTORISATION-ENGAGEMENT-DEPENSES.pdf\">D_2016_1_1 AUTORISATION ENGAGEMENT DEPENSES<\/a><\/p>\n<p><a href=\"https:\/\/www.mouthiers-sur-boeme.fr\/wp-content\/uploads\/2019\/08\/D_2016_1_1-Autorisation-pour-engagement-d\u00e9penses-investissement-avant-vote-budget.pdf\">D_2016_1_1 Autorisation pour engagement d\u00e9penses investissement avant vote budget<\/a><\/p>\n<p><a href=\"https:\/\/www.mouthiers-sur-boeme.fr\/wp-content\/uploads\/2019\/08\/D_2016_6_21-Remboursement-de-la-commune-\u00e0-la-CdC-CBC-Prestation-ALSH-2.pdf\">D_2016_6_21 Remboursement de la commune \u00e0 la CdC CBC &#8211; Prestation ALSH (2)<\/a><\/p>\n<p><a href=\"https:\/\/www.mouthiers-sur-boeme.fr\/wp-content\/uploads\/2019\/08\/D_2016_14_10-Location-temporaire-de-logement-\u00e0-la-Chauv\u00e8terie-OPH-de-lAngoumois.pdf\">D_2016_14_10 Location temporaire de logement \u00e0 la Chauv\u00e8terie &#8211; OPH de l&rsquo;Angoumois<\/a><\/p>\n<p style=\"text-align: center;\"><strong>Mars 2016<\/strong><\/p>\n<p><a href=\"https:\/\/www.mouthiers-sur-boeme.fr\/wp-content\/uploads\/2019\/08\/D_2016_3_11-Vente-v\u00e9hicule-\u00e9lectrique-Service-Technique.pdf\">D_2016_3_11 Vente v\u00e9hicule \u00e9lectrique &#8211; Service Technique<\/a><\/p>\n<p><a href=\"https:\/\/www.mouthiers-sur-boeme.fr\/wp-content\/uploads\/2019\/08\/D_2016_3_10-Prise-en-charge-des-frais-Congr\u00e8s-des-Maires-de-France.pdf\">D_2016_3_10 Prise en charge des frais &#8211; Congr\u00e8s des Maires de France<\/a><\/p>\n<p><a href=\"https:\/\/www.mouthiers-sur-boeme.fr\/wp-content\/uploads\/2019\/08\/D_2016_3_9-Appel-\u00e0-souscription-Verdun-2016-For\u00eat-dexception.pdf\">D_2016_3_9 Appel \u00e0 souscription &#8211; Verdun 2016, For\u00eat d&rsquo;exception<\/a><\/p>\n<p><a href=\"https:\/\/www.mouthiers-sur-boeme.fr\/wp-content\/uploads\/2019\/08\/D_2016_3_8-Convention-Association-Fonci\u00e8re-Entretien-des-Chemins-Les-Tourbi\u00e8res.pdf\">D_2016_3_8 Convention Association Fonci\u00e8re &#8211; Entretien des Chemins Les Tourbi\u00e8res<\/a><\/p>\n<p><a href=\"https:\/\/www.mouthiers-sur-boeme.fr\/wp-content\/uploads\/2019\/08\/D_2016_3_7-Modalit\u00e9s-de-mise-\u00e0-disposition-des-gobelets-communaux-aux-associations.pdf\">D_2016_3_7 Modalit\u00e9s de mise \u00e0 disposition des gobelets communaux aux associations<\/a><\/p>\n<p><a href=\"https:\/\/www.mouthiers-sur-boeme.fr\/wp-content\/uploads\/2019\/08\/D_2016_3_6-Convention-de-financement-des-gobelets-communaux-par-Calitom.pdf\">D_2016_3_6 Convention de financement des gobelets communaux par Calitom<\/a><\/p>\n<p><a href=\"https:\/\/www.mouthiers-sur-boeme.fr\/wp-content\/uploads\/2019\/08\/D_2016_3_5-Vote-des-Autorisations-de-programme-Cr\u00e9dits-de-Paiement.pdf\">D_2016_3_5 Vote des Autorisations de programme &#8211; Cr\u00e9dits de Paiement<\/a><\/p>\n<p><a href=\"https:\/\/www.mouthiers-sur-boeme.fr\/wp-content\/uploads\/2019\/08\/D_2016_3_4-Dur\u00e9e-damortissement-des-immobilisations-ANNEXE.pdf\">D_2016_3_4 Dur\u00e9e d&rsquo;amortissement des immobilisations &#8211; ANNEXE<\/a><\/p>\n<p><a href=\"https:\/\/www.mouthiers-sur-boeme.fr\/wp-content\/uploads\/2019\/08\/D_2016_3_4-Dur\u00e9e-damortissement-des-immobilisations.pdf\">D_2016_3_4 Dur\u00e9e d&rsquo;amortissement des immobilisations<\/a><\/p>\n<p><a href=\"https:\/\/www.mouthiers-sur-boeme.fr\/wp-content\/uploads\/2019\/08\/D_2016_3_3-Programme-de-construction-dune-halle-Projet-de-financement-ANNEXE.pdf\">D_2016_3_3 Programme de construction d&rsquo;une halle &#8211; Projet de financement &#8211; ANNEXE<\/a><\/p>\n<p><a href=\"https:\/\/www.mouthiers-sur-boeme.fr\/wp-content\/uploads\/2019\/08\/D_2016_3_2-Commissions-communales-et-comit\u00e9s-consultatifs-Composition.pdf\">D_2016_3_2 Commissions communales et comit\u00e9s consultatifs &#8211; Composition<\/a><\/p>\n<p><a href=\"https:\/\/www.mouthiers-sur-boeme.fr\/wp-content\/uploads\/2019\/08\/D_2016_3_1-Approbation-du-compte-rendu-de-la-s\u00e9ance-du-12-f\u00e9vrier-2016.pdf\">D_2016_3_1 Approbation du compte rendu de la s\u00e9ance du 12 f\u00e9vrier 2016<\/a><\/p>\n<p><a href=\"https:\/\/www.mouthiers-sur-boeme.fr\/wp-content\/uploads\/2019\/08\/D_2016_2_12-Motion-Cimenterie-Lafarge.pdf\">D_2016_2_12 Motion Cimenterie Lafarge<\/a><\/p>\n<p><a href=\"https:\/\/www.mouthiers-sur-boeme.fr\/wp-content\/uploads\/2019\/08\/D_2016_2_11-Rapport-CLECT-Charente-Bo\u00ebme-Charraud.pdf\">D_2016_2_11 Rapport CLECT &#8211; Charente Bo\u00ebme Charraud<\/a><\/p>\n<p><a href=\"https:\/\/www.mouthiers-sur-boeme.fr\/wp-content\/uploads\/2019\/08\/D_2016_2_10-Cession-vente-de-poteaux-badminton.pdf\">D_2016_2_10 Cession vente de poteaux badminton<\/a><\/p>\n<p><a href=\"https:\/\/www.mouthiers-sur-boeme.fr\/wp-content\/uploads\/2019\/08\/D_2016_2_9-Contrats-jardins-familiaux.pdf\">D_2016_2_9 Contrats jardins familiaux<\/a><\/p>\n<p><a href=\"https:\/\/www.mouthiers-sur-boeme.fr\/wp-content\/uploads\/2019\/08\/D_2016_2_8-Conventions-SDEG-Travaux-d\u00e9clairage-public.pdf\">D_2016_2_8 Conventions SDEG &#8211; Travaux d&rsquo;\u00e9clairage public<\/a><\/p>\n<p><a href=\"https:\/\/www.mouthiers-sur-boeme.fr\/wp-content\/uploads\/2019\/08\/D_2016_2_6-Coll\u00e8ge-de-La-Couronne-Subventions-des-communes.pdf\">D_2016_2_6 Coll\u00e8ge de La Couronne &#8211; Subventions des communes<\/a><\/p>\n<p><a href=\"https:\/\/www.mouthiers-sur-boeme.fr\/wp-content\/uploads\/2019\/08\/D_2016_2_5-Contrats-assurance-groupe-risques-statutaires-pour-agents.pdf\">D_2016_2_5 Contrats assurance groupe risques statutaires pour agents<\/a><\/p>\n<p><a href=\"https:\/\/www.mouthiers-sur-boeme.fr\/wp-content\/uploads\/2019\/08\/D_2016_2_4-Remplacement-conseill\u00e8re-d\u00e9missionnaire-dans-commissions-et-organismes.pdf\">D_2016_2_4 Remplacement conseill\u00e8re d\u00e9missionnaire dans commissions et organismes<\/a><\/p>\n<p><a href=\"https:\/\/www.mouthiers-sur-boeme.fr\/wp-content\/uploads\/2019\/08\/D_2016_2_2-Installation-dun-nouveau-conseiller-municipal.pdf\">D_2016_2_2 Installation d&rsquo;un nouveau conseiller municipal<\/a><\/p>\n<p><a href=\"https:\/\/www.mouthiers-sur-boeme.fr\/wp-content\/uploads\/2019\/08\/D_2016_2_1-Approbation-Compte-rendu-s\u00e9ance-8-janvier-2016.pdf\">D_2016_2_1 Approbation Compte-rendu s\u00e9ance 8 janvier 2016<\/a><\/p>\n<p><a href=\"https:\/\/www.mouthiers-sur-boeme.fr\/wp-content\/uploads\/2019\/08\/D_2016_1_9-Cr\u00e9ation-et-mise-en-place-r\u00e9gie-de-recettes-location-salles-Gilles-Ploquin-et-mat\u00e9riels.pdf\">D_2016_1_9 Cr\u00e9ation et mise en place r\u00e9gie de recettes -location salles Gilles Ploquin et mat\u00e9riels<\/a><\/p>\n<p><a href=\"https:\/\/www.mouthiers-sur-boeme.fr\/wp-content\/uploads\/2019\/08\/D_2016_1_6-Personnel-communal-Cr\u00e9ation-poste-assistante-technique-et-administrative.pdf\">D_2016_1_6 Personnel communal &#8211; Cr\u00e9ation poste assistante technique et administrative<\/a><\/p>\n<p><a href=\"https:\/\/www.mouthiers-sur-boeme.fr\/wp-content\/uploads\/2019\/08\/D_2016_1_5-Avance-sur-subvention-Association-Carnaval.pdf\">D_2016_1_5 Avance sur subvention Association Carnaval<\/a><\/p>\n<p><a href=\"https:\/\/www.mouthiers-sur-boeme.fr\/wp-content\/uploads\/2019\/08\/D_2016_1_4-Avance-sur-subvention-Caisse-des-\u00e9coles.pdf\">D_2016_1_4 Avance sur subvention Caisse des \u00e9coles<\/a><\/p>\n<p><a href=\"https:\/\/www.mouthiers-sur-boeme.fr\/wp-content\/uploads\/2019\/08\/D_2016_1_3-Modification-des-statuts-syndicat-de-la-fourri\u00e8re.pdf\">D_2016_1_3 Modification des statuts syndicat de la fourri\u00e8re<\/a><\/p>\n<p><a href=\"https:\/\/www.mouthiers-sur-boeme.fr\/wp-content\/uploads\/2019\/08\/D_2016_1_2-Participation-financi\u00e8re-cin\u00e9ma-rural-MJC.pdf\">D_2016_1_2 Participation financi\u00e8re cin\u00e9ma rural MJC<\/a><\/p>\n<p><a href=\"https:\/\/www.mouthiers-sur-boeme.fr\/wp-content\/uploads\/2019\/08\/D_2016_2_3-Programme-dop\u00e9rations-am\u00e9nagement-du-bourg.pdf\">D_2016_2_3 Programme d&rsquo;op\u00e9rations am\u00e9nagement du bourg<\/a> <a href=\"https:\/\/www.mouthiers-sur-boeme.fr\/wp-content\/uploads\/2019\/08\/Informations-membres-CM-2014-2020.pdf\">Informations membres CM 2014-2020<\/a><\/p>\n<p><a href=\"https:\/\/www.mouthiers-sur-boeme.fr\/wp-content\/uploads\/2019\/08\/D_2016_1_9-Cr\u00e9ation-et-mise-en-place-r\u00e9gie-recette-Location-salle-Gilles-Ploquin-et-mat\u00e9riels.pdf\">D_2016_1_9 Cr\u00e9ation et mise en place r\u00e9gie recette &#8211; Location salle Gilles Ploquin et mat\u00e9riels<\/a><\/p>\n<p><a href=\"https:\/\/www.mouthiers-sur-boeme.fr\/wp-content\/uploads\/2019\/08\/D_2016_1_11-Tarification-ouvrages-m\u00e9diath\u00e8que.pdf\">D_2016_1_11 Tarification ouvrages m\u00e9diath\u00e8que<\/a><\/p>\n<p style=\"text-align: center;\"><strong>Avril 2016<\/strong><\/p>\n<p><a href=\"https:\/\/www.mouthiers-sur-boeme.fr\/wp-content\/uploads\/2019\/08\/D_2016_5_1-Approbation-du-compte-rendu-du-conseil-municipal-du-30-mars-2016.pdf\">D_2016_5_1 Approbation du compte rendu du conseil municipal du 30 mars 2016<\/a><\/p>\n<p><a href=\"https:\/\/www.mouthiers-sur-boeme.fr\/wp-content\/uploads\/2019\/08\/D_2016_5_2-Modification-des-statuts-de-la-Communaut\u00e9-de-Communes-Charente-Bo\u00ebme-Charraud.pdf\">D_2016_5_2 Modification des statuts de la Communaut\u00e9 de Communes Charente Bo\u00ebme Charraud<\/a><\/p>\n<p><a href=\"https:\/\/www.mouthiers-sur-boeme.fr\/wp-content\/uploads\/2019\/08\/D_2016_5_3-Avenant-convention-de-mise-\u00e0-disposition-du-personnel-M\u00e9diath\u00e8que-CBC.pdf\">D_2016_5_3 Avenant convention de mise \u00e0 disposition du personnel M\u00e9diath\u00e8que-CBC<\/a><\/p>\n<p><a href=\"https:\/\/www.mouthiers-sur-boeme.fr\/wp-content\/uploads\/2019\/08\/D_2016_5_4-Attribution-des-subventions-communales-2016.pdf\">D_2016_5_4 Attribution des subventions communales 2016<\/a><\/p>\n<p><a href=\"https:\/\/www.mouthiers-sur-boeme.fr\/wp-content\/uploads\/2019\/08\/D_2016_5_5-Participation-de-la-commune-\u00e0-des-organismes-publics.pdf\">D_2016_5_5 Participation de la commune \u00e0 des organismes publics<\/a><\/p>\n<p><a href=\"https:\/\/www.mouthiers-sur-boeme.fr\/wp-content\/uploads\/2019\/08\/D_2016_5_6-Cafe-de-la-Bo\u00ebme-Contrat-de-Location-G\u00e9rance.pdf\">D_2016_5_6 Cafe de la Bo\u00ebme Contrat de Location G\u00e9rance<\/a><\/p>\n<p><a href=\"https:\/\/www.mouthiers-sur-boeme.fr\/wp-content\/uploads\/2019\/08\/D_2016_5_6-Caf\u00e9-de-la-Bo\u00ebme-Contrat-de-Location-G\u00e9rance.pdf\">D_2016_5_6 Caf\u00e9 de la Bo\u00ebme &#8211; Contrat de Location G\u00e9rance<\/a><\/p>\n<p><a href=\"https:\/\/www.mouthiers-sur-boeme.fr\/wp-content\/uploads\/2019\/08\/D_2016_5_7-Projet-dam\u00e9nagement-s\u00e9curisation-RD35.pdf\">D_2016_5_7 Projet d&rsquo;am\u00e9nagement s\u00e9curisation RD35<\/a><\/p>\n<p><a href=\"https:\/\/www.mouthiers-sur-boeme.fr\/wp-content\/uploads\/2019\/08\/D_2016_5_8-Position-sur-le-projet-des-logements-La-Chauv\u00e8terie.pdf\">D_2016_5_8 Position sur le projet des logements La Chauv\u00e8terie<\/a><\/p>\n<p><a href=\"https:\/\/www.mouthiers-sur-boeme.fr\/wp-content\/uploads\/2019\/08\/D_2016_5_9-Convention-SDEG-Travaux-d\u00e9clairage-public-Rue-de-la-Chauv\u00e8terie.pdf\">D_2016_5_9 Convention SDEG &#8211; Travaux d&rsquo;\u00e9clairage public (Rue de la Chauv\u00e8terie<\/a><a href=\"https:\/\/www.mouthiers-sur-boeme.fr\/wp-content\/uploads\/2019\/08\/D_2016_5_9-Convention-SDEG-Travaux-d\u00e9clairage-public-Rue-de-la-Chauv\u00e8terie.pdf\">)<\/a><\/p>\n<p><a href=\"https:\/\/www.mouthiers-sur-boeme.fr\/wp-content\/uploads\/2019\/08\/D_2016_5_10-Convention-SDEG-Travaux-d\u00e9clairage-public-Clocher-de-lEglise.pdf\">D_2016_5_10 Convention SDEG &#8211; Travaux d&rsquo;\u00e9clairage public (Clocher de l&rsquo;Eglise)<\/a><\/p>\n<p><a href=\"https:\/\/www.mouthiers-sur-boeme.fr\/wp-content\/uploads\/2019\/08\/D_2016_5_11-Convention-de-mise-\u00e0-disposition-des-v\u00e9hicules-communaux.pdf\">D_2016_5_11 Convention de mise \u00e0 disposition des v\u00e9hicules communaux<\/a><\/p>\n<p><a href=\"https:\/\/www.mouthiers-sur-boeme.fr\/wp-content\/uploads\/2019\/08\/D_2016_5_12-Convention-de-mise-\u00e0-disposition-de-la-sonorisation.pdf\">D_2016_5_12 Convention de mise \u00e0 disposition de la sonorisation<\/a><\/p>\n<p><a href=\"https:\/\/www.mouthiers-sur-boeme.fr\/wp-content\/uploads\/2019\/08\/D_2016_5_13-Convention-analyse-pratique-poste-de-direction-cr\u00e8che.pdf\">D_2016_5_13 Convention analyse pratique poste de direction cr\u00e8che<\/a><\/p>\n<p><a href=\"https:\/\/www.mouthiers-sur-boeme.fr\/wp-content\/uploads\/2019\/08\/D_2016_5_14-Travaux-\u00e0-effectuer-sur-lEglise.pdf\">D_2016_5_14 Travaux \u00e0 effectuer sur l&rsquo;Eglise<\/a><\/p>\n<p><a href=\"https:\/\/www.mouthiers-sur-boeme.fr\/wp-content\/uploads\/2019\/08\/D_2016_2_7-Fusion-des-\u00e9coles-communales.pdf\">D_2016_2_7 Fusion des \u00e9coles communales<\/a><\/p>\n<p><a href=\"https:\/\/www.mouthiers-sur-boeme.fr\/wp-content\/uploads\/2019\/08\/D_2016_4_1-Approbation-du-compte-rendu-de-la-s\u00e9ance-du-9-mars-2016.pdf\">D_2016_4_1 Approbation du compte rendu de la s\u00e9ance du 9 mars 2016<\/a><\/p>\n<p><a href=\"https:\/\/www.mouthiers-sur-boeme.fr\/wp-content\/uploads\/2019\/08\/D_2016_4_2-Approbation-du-compte-de-gestion-2015-Commune.pdf\">D_2016_4_2 Approbation du compte de gestion 2015 &#8211; Commune<\/a><\/p>\n<p><a href=\"https:\/\/www.mouthiers-sur-boeme.fr\/wp-content\/uploads\/2019\/08\/D_2016_4_3-Compte-administratif-2015-Commune.pdf\">D_2016_4_3 Compte administratif 2015 &#8211; Commune<\/a><\/p>\n<p><a href=\"https:\/\/www.mouthiers-sur-boeme.fr\/wp-content\/uploads\/2019\/08\/D_2016_4_4-Affectation-de-r\u00e9sultats-dexploitation-2015-Commune.pdf\">D_2016_4_4 Affectation de r\u00e9sultats d&rsquo;exploitation 2015 &#8211; Commune<\/a><\/p>\n<p><a href=\"https:\/\/www.mouthiers-sur-boeme.fr\/wp-content\/uploads\/2019\/08\/D_2016_4_5-Approbation-du-compte-de-gestion-2015-R\u00e9gie-de-transport.pdf\">D_2016_4_5 Approbation du compte de gestion 2015 &#8211; R\u00e9gie de transport<\/a><\/p>\n<p><a href=\"https:\/\/www.mouthiers-sur-boeme.fr\/wp-content\/uploads\/2019\/08\/D_2016_4_6-Compte-administratif-2015-R\u00e9gie-de-transport.pdf\">D_2016_4_6 Compte administratif 2015 &#8211; R\u00e9gie de transport<\/a><\/p>\n<p><a href=\"https:\/\/www.mouthiers-sur-boeme.fr\/wp-content\/uploads\/2019\/08\/D_2016_4_7-Affectation-de-r\u00e9sultats-dexploitation-2015-R\u00e9gie-de-transport.pdf\">D_2016_4_7 Affectation de r\u00e9sultats d&rsquo;exploitation 2015 &#8211; R\u00e9gie de transport<\/a><\/p>\n<p><a href=\"https:\/\/www.mouthiers-sur-boeme.fr\/wp-content\/uploads\/2019\/08\/D_2016_4_8-Approbation-du-compte-de-gestion-2015-Service-assainissement-collectif.pdf\">D_2016_4_8 Approbation du compte de gestion 2015 &#8211; Service assainissement collectif<\/a><\/p>\n<p><a href=\"https:\/\/www.mouthiers-sur-boeme.fr\/wp-content\/uploads\/2019\/08\/D_2016_4_9-Compte-administratif-2015-Service-assainissement-collectif.pdf\">D_2016_4_9 Compte administratif 2015 &#8211; Service assainissement collectif<\/a><\/p>\n<p><a href=\"https:\/\/www.mouthiers-sur-boeme.fr\/wp-content\/uploads\/2019\/08\/D_2016_4_10-Affectattion-de-r\u00e9sultats-dexploitation-2015-Service-assainissement-collectif.pdf\">D_2016_4_10 Affectattion de r\u00e9sultats d&rsquo;exploitation 2015 &#8211; Service assainissement collectif<\/a><\/p>\n<p><a href=\"https:\/\/www.mouthiers-sur-boeme.fr\/wp-content\/uploads\/2019\/08\/D_2016_4_11-Approbation-du-compte-de-gestion-2015-Photovolta\u00efque.pdf\">D_2016_4_11 Approbation du compte de gestion 2015 &#8211; Photovolta\u00efque<\/a><\/p>\n<p><a href=\"https:\/\/www.mouthiers-sur-boeme.fr\/wp-content\/uploads\/2019\/08\/D_2016_4_12-Compte-administratif-2015-Photovolta\u00efque.pdf\">D_2016_4_12 Compte administratif 2015 &#8211; Photovolta\u00efque<\/a><\/p>\n<p><a href=\"https:\/\/www.mouthiers-sur-boeme.fr\/wp-content\/uploads\/2019\/08\/D_2016_4_13-Affectation-de-r\u00e9sultats-dexploitation-2015-Photovolta\u00efque.pdf\">D_2016_4_13 Affectation de r\u00e9sultats d&rsquo;exploitation 2015 &#8211; Photovolta\u00efque<\/a><\/p>\n<p><a href=\"https:\/\/www.mouthiers-sur-boeme.fr\/wp-content\/uploads\/2019\/08\/D_2016_4_14-Budget-Primitif-2016-Commune.pdf\">D_2016_4_14 Budget Primitif 2016 &#8211; Commune<\/a><\/p>\n<p><a href=\"https:\/\/www.mouthiers-sur-boeme.fr\/wp-content\/uploads\/2019\/08\/D_2016_4_15-Vote-des-taux-des-taxes-locales-2016-Commune.pdf\">D_2016_4_15 Vote des taux des taxes locales 2016 &#8211; Commune<\/a><\/p>\n<p><a href=\"https:\/\/www.mouthiers-sur-boeme.fr\/wp-content\/uploads\/2019\/08\/D_2016_4_16-Budget-Primitif-2016-R\u00e9gie-de-transport.pdf\">D_2016_4_16 Budget Primitif 2016 &#8211; R\u00e9gie de transport<\/a><\/p>\n<p><a href=\"https:\/\/www.mouthiers-sur-boeme.fr\/wp-content\/uploads\/2019\/08\/D_2016_4_17-Budget-Primitif-2016-Service-assainissement-collectif.pdf\">D_2016_4_17 Budget Primitif 2016 -Service assainissement collectif<\/a><\/p>\n<p><a href=\"https:\/\/www.mouthiers-sur-boeme.fr\/wp-content\/uploads\/2019\/08\/D_2016_4_18-Budget-Primitif-2016-Photovolta\u00efque.pdf\">D_2016_4_18 Budget Primitif 2016 &#8211; Photovolta\u00efque<\/a><\/p>\n<p><a href=\"https:\/\/www.mouthiers-sur-boeme.fr\/wp-content\/uploads\/2019\/08\/D_2016_3_3-Programme-de-construction-dune-halle-Projet-de-financement.pdf\">D_2016_3_3 Programme de construction d&rsquo;une halle &#8211; Projet de financement<\/a><\/p>\n<p style=\"text-align: center;\"><strong>Mai 2016<\/strong><\/p>\n<p><a href=\"https:\/\/www.mouthiers-sur-boeme.fr\/wp-content\/uploads\/2019\/08\/D_2016_6_22-Fonds-urgence-des-collectivit\u00e9s-territoriales-pour-lEquateur.pdf\">D_2016_6_22 Fonds urgence des collectivit\u00e9s territoriales pour l&rsquo;Equateur<\/a><\/p>\n<p><a href=\"https:\/\/www.mouthiers-sur-boeme.fr\/wp-content\/uploads\/2019\/08\/D_2016_6_21-Remboursement-de-la-commune-\u00e0-la-CdC-CBC-Prestation-ALSH.pdf\">D_2016_6_21 Remboursement de la commune \u00e0 la CdC CBC &#8211; Prestation ALSH<\/a><\/p>\n<p><a href=\"https:\/\/www.mouthiers-sur-boeme.fr\/wp-content\/uploads\/2019\/08\/D_2016_6_19-Proposition-de-vente-du-b\u00e2timent-des-Rentes-de-la-CdC-\u00e0-la-commune.pdf\">D_2016_6_19 Proposition de vente du b\u00e2timent des Rentes de la CdC \u00e0 la commune<\/a><\/p>\n<p><a href=\"https:\/\/www.mouthiers-sur-boeme.fr\/wp-content\/uploads\/2019\/08\/D_2016_6_18-Demande-de-soutien-financier-pour-spectacle-La-Guinguette-buissonni\u00e8re.pdf\">D_2016_6_18 Demande de soutien financier pour spectacle La Guinguette buissonni\u00e8re<\/a><\/p>\n<p><a href=\"https:\/\/www.mouthiers-sur-boeme.fr\/wp-content\/uploads\/2019\/08\/D_2016_6_17-Demande-de-subvention-CdC-R\u00e9sonances-\u00e0-la-Chaire-\u00e0-Calvin.pdf\">D_2016_6_17 Demande de subvention CdC R\u00e9sonances \u00e0 la Chaire \u00e0 Calvin<\/a><\/p>\n<p><a href=\"https:\/\/www.mouthiers-sur-boeme.fr\/wp-content\/uploads\/2019\/08\/D_2016_6_16-Demande-de-subvention-CRCATB-Cin\u00e9ma-Rural-en-Charente.pdf\">D_2016_6_16 Demande de subvention CRCATB Cin\u00e9ma Rural en Charente<\/a><\/p>\n<p><a href=\"https:\/\/www.mouthiers-sur-boeme.fr\/wp-content\/uploads\/2019\/08\/D_2016_6_14-Demande-de-d\u00e9rogation-inscription-scolaire-Mme-POUVREAU.pdf\">D_2016_6_14 Demande de d\u00e9rogation inscription scolaire &#8211; Mme POUVREAU<\/a><\/p>\n<p><a href=\"https:\/\/www.mouthiers-sur-boeme.fr\/wp-content\/uploads\/2019\/08\/D_2016_6_13-Demande-de-d\u00e9rogation-inscription-scolaire-Mme-BRAIN.pdf\">D_2016_6_13 Demande de d\u00e9rogation inscription scolaire &#8211; Mme BRAIN<\/a><\/p>\n<p><a href=\"https:\/\/www.mouthiers-sur-boeme.fr\/wp-content\/uploads\/2019\/08\/D_2016_6_12-Demande-de-soutien-financier-projet-scolaire-M.-AUCH.pdf\">D_2016_6_12 Demande de soutien financier projet scolaire &#8211; M. AUCH<\/a><\/p>\n<p><a href=\"https:\/\/www.mouthiers-sur-boeme.fr\/wp-content\/uploads\/2019\/08\/D_2016_6_11-Demande-de-participation-financi\u00e8re-mat\u00e9riel-de-d\u00e9broussaillage-Ville-de-La-Couronne.pdf\">D_2016_6_11 Demande de participation financi\u00e8re mat\u00e9riel de d\u00e9broussaillage &#8211; Ville de La Couronne<\/a><\/p>\n<p><a href=\"https:\/\/www.mouthiers-sur-boeme.fr\/wp-content\/uploads\/2019\/08\/D_2016_6_10-Convention-de-mutualisation-des-mat\u00e9riels-municipaux-communes-voisines.pdf\">D_2016_6_10 Convention de mutualisation des mat\u00e9riels municipaux &#8211; communes voisines<\/a><\/p>\n<p><a href=\"https:\/\/www.mouthiers-sur-boeme.fr\/wp-content\/uploads\/2019\/08\/D_2016_6_9-Convention-de-partenariat-Association-Musiques-M\u00e9tisses-Intervention-m\u00e9diath\u00e8que.pdf\">D_2016_6_9 Convention de partenariat Association Musiques M\u00e9tisses &#8211; Intervention m\u00e9diath\u00e8que<\/a><\/p>\n<p><a href=\"https:\/\/www.mouthiers-sur-boeme.fr\/wp-content\/uploads\/2019\/08\/D_2016_6_8-Acquisition-des-biens-sans-maitre-parcelle-142-Les-tourbi\u00e8res.pdf\">D_2016_6_8 Acquisition des biens sans maitre &#8211; parcelle 142 Les tourbi\u00e8res<\/a><\/p>\n<p><a href=\"https:\/\/www.mouthiers-sur-boeme.fr\/wp-content\/uploads\/2019\/08\/D_2016_6_7-Autorisation-du-Maire-\u00e0-d\u00e9poser-des-demandes-durbanisme.pdf\">D_2016_6_7 Autorisation du Maire \u00e0 d\u00e9poser des demandes d&rsquo;urbanisme<\/a><\/p>\n<p><a href=\"https:\/\/www.mouthiers-sur-boeme.fr\/wp-content\/uploads\/2019\/08\/D_2016_6_6-Plan-dentretien-des-espaces-publics-Commune-de-Mouthiers.pdf\">D_2016_6_6 Plan d&rsquo;entretien des espaces publics &#8211; Commune de Mouthiers<\/a><\/p>\n<p><a href=\"https:\/\/www.mouthiers-sur-boeme.fr\/wp-content\/uploads\/2019\/08\/D_2016_6_5-Attribution-march\u00e9-de-ma\u00eetrise-doeuvre-pour-la-r\u00e9habilitation-des-4-logements-Rue-de-la-Boeme-et-de-l\u00e9glise.pdf\">D_2016_6_5 Attribution march\u00e9 de ma\u00eetrise d&rsquo;oeuvre pour la r\u00e9habilitation des 4 logements -Rue de la Boeme et de l&rsquo;\u00e9glise<\/a><\/p>\n<p><a href=\"https:\/\/www.mouthiers-sur-boeme.fr\/wp-content\/uploads\/2019\/08\/D_2016_6_4-D\u00e9cision-modificative-1-Budget-Commune.pdf\">D_2016_6_4 D\u00e9cision modificative 1 Budget Commune<\/a><\/p>\n<p><a href=\"https:\/\/www.mouthiers-sur-boeme.fr\/wp-content\/uploads\/2019\/08\/D_2016_6_3-D\u00e9cision-modificative-1-Budget-Assainissement.pdf\">D_2016_6_3 D\u00e9cision modificative 1 Budget Assainissement<\/a><\/p>\n<p><a href=\"https:\/\/www.mouthiers-sur-boeme.fr\/wp-content\/uploads\/2019\/08\/D_2016_6_3-D\u00e9cision-modificative-1-Budget-Assainissment.pdf\">D_2016_6_3 D\u00e9cision modificative 1 Budget Assainissment<\/a><\/p>\n<p><a href=\"https:\/\/www.mouthiers-sur-boeme.fr\/wp-content\/uploads\/2019\/08\/D_2016_6_2-Reversement-exc\u00e9dent-de-fonctionnement-Budget-Assainissement-au-Budget-commune.pdf\">D_2016_6_2 Reversement exc\u00e9dent de fonctionnement Budget Assainissement au Budget commune<\/a><\/p>\n<p><a href=\"https:\/\/www.mouthiers-sur-boeme.fr\/wp-content\/uploads\/2019\/08\/D_2016_6_1-Approbation-du-compte-rendu-du-conseil-municipal-du-8-avril-2016.pdf\">D_2016_6_1 Approbation du compte rendu du conseil municipal du 8 avril 2016<\/a><\/p>\n<p style=\"text-align: center;\"><strong>Juin 2016<\/strong><\/p>\n<p><a href=\"https:\/\/www.mouthiers-sur-boeme.fr\/wp-content\/uploads\/2019\/08\/D_2016_6_15-Demande-de-d\u00e9rogation-inscription-scolaire-M.-et-Mme-GANTIER.pdf\">D_2016_6_15 Demande de d\u00e9rogation inscription scolaire M. et Mme GANTIER<\/a><\/p>\n<p><a href=\"https:\/\/www.mouthiers-sur-boeme.fr\/wp-content\/uploads\/2019\/08\/D_2016_7_12-Demande-de-paiement-du-forfait-communal-\u2013-Ecole-Enfant-J\u00e9sus-Angoul\u00eame.pdf\">D_2016_7_12 Demande de paiement du forfait communal \u2013 Ecole Enfant J\u00e9sus Angoul\u00eame<\/a><\/p>\n<p><a href=\"https:\/\/www.mouthiers-sur-boeme.fr\/wp-content\/uploads\/2019\/08\/D_2016_7_11-Convention-r\u00e9partition-charges-fonctionnement-ecoles-publiques-Mouthiers-Angouleme.pdf\">D_2016_7_11 Convention r\u00e9partition charges fonctionnement ecoles publiques Mouthiers Angouleme<\/a><\/p>\n<p><a href=\"https:\/\/www.mouthiers-sur-boeme.fr\/wp-content\/uploads\/2019\/08\/D_2016_7_10-Convention-avec-le-d\u00e9partement-de-la-Charente-marquage-au-sol-sur-la-RD12.pdf\">D_2016_7_10 Convention avec le d\u00e9partement de la Charente &#8211; marquage au sol sur la RD12<\/a><\/p>\n<p><a href=\"https:\/\/www.mouthiers-sur-boeme.fr\/wp-content\/uploads\/2019\/08\/D_2016_7_9-Lutte-contre-le-frelon-asiatique-en-Charente-Proposition-de-nouveau-dispositif.pdf\">D_2016_7_9 Lutte contre le frelon asiatique en Charente &#8211; Proposition de nouveau dispositif<\/a><\/p>\n<p><a href=\"https:\/\/www.mouthiers-sur-boeme.fr\/wp-content\/uploads\/2019\/08\/D_2016_7_8-Demande-de-subvention-exceptionnelle-Shamrock-Junior-Association.pdf\">D_2016_7_8 Demande de subvention exceptionnelle &#8211; Shamrock Junior Association<\/a><\/p>\n<p><a href=\"https:\/\/www.mouthiers-sur-boeme.fr\/wp-content\/uploads\/2019\/08\/D_2016_7_7-Demande-de-subvention-Association-Sauvetage-animalier-Les-Grands-Bois.pdf\">D_2016_7_7 Demande de subvention &#8211; Association Sauvetage animalier Les Grands Bois<\/a><\/p>\n<p><a href=\"https:\/\/www.mouthiers-sur-boeme.fr\/wp-content\/uploads\/2019\/08\/D_2016_7_6-Tarifs-transport-scolaire-2016-2017.pdf\">D_2016_7_6 Tarifs transport scolaire 2016-2017<\/a><\/p>\n<p><a href=\"https:\/\/www.mouthiers-sur-boeme.fr\/wp-content\/uploads\/2019\/08\/D_2016_7_5-Personnel-municipal-Cr\u00e9ation-de-postes-suite-\u00e0-des-avancements-de-grade.pdf\">D_2016_7_5 Personnel municipal &#8211; Cr\u00e9ation de postes suite \u00e0 des avancements de grade<\/a><\/p>\n<p><a href=\"https:\/\/www.mouthiers-sur-boeme.fr\/wp-content\/uploads\/2019\/08\/D_2016_7_4-Sch\u00e9ma-D\u00e9partemental-de-Coop\u00e9ration-Intercommunale.pdf\">D_2016_7_4 Sch\u00e9ma D\u00e9partemental de Coop\u00e9ration Intercommunale<\/a><\/p>\n<p><a href=\"https:\/\/www.mouthiers-sur-boeme.fr\/wp-content\/uploads\/2019\/08\/D_2016_7_2-Dossier-Sch\u00e9ma-Directeur-dAissainissement-des-Eaux-Pluviales.pdf\">D_2016_7_2 Dossier Sch\u00e9ma Directeur d&rsquo;Aissainissement des Eaux Pluviales<\/a><\/p>\n<p><a href=\"https:\/\/www.mouthiers-sur-boeme.fr\/wp-content\/uploads\/2019\/08\/D_2016_7_2-Pr\u00e9sentation-du-Sch\u00e9ma-Directeur-des-Eaux-Pluviales-de-la-commune.pdf\">D_2016_7_2 Pr\u00e9sentation du Sch\u00e9ma Directeur des Eaux Pluviales de la commune<\/a><\/p>\n<p><a href=\"https:\/\/www.mouthiers-sur-boeme.fr\/wp-content\/uploads\/2019\/08\/D_2016_7_1-Approbation-du-compte-rendu-du-conseil-municipal-du-13-mai-2016.pdf\">D_2016_7_1 Approbation du compte rendu du conseil municipal du 13 mai 2016<\/a><\/p>\n<p><a href=\"https:\/\/www.mouthiers-sur-boeme.fr\/wp-content\/uploads\/2019\/08\/D_2016_6_20-Campagne-2016-de-capture-et-st\u00e9rilisation-des-chats-errants.pdf\">D_2016_6_20 C<\/a><a href=\"https:\/\/www.mouthiers-sur-boeme.fr\/wp-content\/uploads\/2019\/08\/D_2016_6_20-Campagne-2016-de-capture-et-st\u00e9rilisation-des-chats-errants.pdf\">ampagne 2016 de capture et st\u00e9rilisation des chats errants<\/a><\/p>\n<p><a href=\"https:\/\/www.mouthiers-sur-boeme.fr\/wp-content\/uploads\/2019\/08\/D_2016_7_4-SDCI-Annexe-3.pdf\">D_2016_7_4 SDCI Annexe 3<\/a><\/p>\n<p><a href=\"https:\/\/www.mouthiers-sur-boeme.fr\/wp-content\/uploads\/2019\/08\/D_2016_7_4-SDCI-Annexe-2.pdf\">D_2016_7_4 SDCI Annexe 2<\/a><\/p>\n<p><a href=\"https:\/\/www.mouthiers-sur-boeme.fr\/wp-content\/uploads\/2019\/08\/D_2016_7_4-SDCI-Annexe-1.pdf\">D_2016_7_4 SDCI Annexe 1<\/a><\/p>\n<p style=\"text-align: center;\"><strong>Juillet 2016<\/strong><\/p>\n<p><a href=\"https:\/\/www.mouthiers-sur-boeme.fr\/wp-content\/uploads\/2019\/08\/D_2016_7_3-Propositions-technique-et-financi\u00e8re-des-ouvrages-pluviaux-Chez-Bournet-et-Le-Morinaud.pdf\">D_2016_7_3 Propositions technique et financi\u00e8re des ouvrages pluviaux &#8211; Chez Bournet et Le Morinaud<\/a><\/p>\n<p><a href=\"https:\/\/www.mouthiers-sur-boeme.fr\/wp-content\/uploads\/2019\/08\/D_2016_8_1-Approbation-du-compte-rendu-du-conseil-municipal-du-10-juin-2016.pdf\">D_2016_8_1 Approbation du compte rendu du conseil municipal du 10 juin 2016<\/a><\/p>\n<p><a href=\"https:\/\/www.mouthiers-sur-boeme.fr\/wp-content\/uploads\/2019\/08\/D_2016_8_2-D\u00e9cision-modificative-2-Budget-Commune.pdf\">D_2016_8_2 D\u00e9cision modificative 2 &#8211; Budget Commune<\/a><\/p>\n<p><a href=\"https:\/\/www.mouthiers-sur-boeme.fr\/wp-content\/uploads\/2019\/08\/D_2016_8_3-Convention-dhonoraires-Cabinet-dAvocat-Proc\u00e9dure-dappel-Affaire-THOMAS-BOUREAU.pdf\">D_2016_8_3 Convention d&rsquo;honoraires Cabinet d&rsquo;Avocat &#8211; Proc\u00e9dure d&rsquo;appel Affaire THOMAS-BOUREAU<\/a><\/p>\n<p><a href=\"https:\/\/www.mouthiers-sur-boeme.fr\/wp-content\/uploads\/2019\/08\/D_2016_8_4-ANNEXE-Rapport-d\u00e9l\u00e9gataire-2015-AGUR.pdf\">D_2016_8_4 ANNEXE Rapport d\u00e9l\u00e9gataire 2015 AGUR<\/a><\/p>\n<p><a href=\"https:\/\/www.mouthiers-sur-boeme.fr\/wp-content\/uploads\/2019\/08\/D_2016_8_4-Pr\u00e9sentation-du-rapport-d\u00e9l\u00e9gataire-2015-AGUR-assainissement-collectif.pdf\">D_2016_8_4 Pr\u00e9sentation du rapport d\u00e9l\u00e9gataire 2015 AGUR (assainissement collectif)<\/a><\/p>\n<p><a href=\"https:\/\/www.mouthiers-sur-boeme.fr\/wp-content\/uploads\/2019\/08\/D_2016_8_5-Transfert-de-la-comp\u00e9tence-assainissement-au-1er-janvier-2017.pdf\">D_2016_8_5 Transfert de la comp\u00e9tence assainissement au 1er janvier 2017<\/a><\/p>\n<p><a href=\"https:\/\/www.mouthiers-sur-boeme.fr\/wp-content\/uploads\/2019\/08\/D_2016_8_6-Cr\u00e9ation-de-2-postes-assistantes-maternelle-Multi-accueil-familial.pdf\">D_2016_8_6 Cr\u00e9ation de 2 postes assistantes maternelle &#8211; Multi-accueil familial<\/a><\/p>\n<p><a href=\"https:\/\/www.mouthiers-sur-boeme.fr\/wp-content\/uploads\/2019\/08\/D_2016_8_6-Cr\u00e9ation-de-2-postes-assistantes-maternelle-Multi-accueil-familial-1.pdf\">D_2016_8_6 Cr\u00e9ation de 2 postes assistantes maternelle Multi-accueil familial<\/a><\/p>\n<p><a href=\"https:\/\/www.mouthiers-sur-boeme.fr\/wp-content\/uploads\/2019\/08\/D_2016_8_8-Procuration-postale-personne-morale.pdf\">D_2016_8_8 Procuration postale &#8211; personne morale<\/a><\/p>\n<p><a href=\"https:\/\/www.mouthiers-sur-boeme.fr\/wp-content\/uploads\/2019\/08\/D_2016_8_9-ANNEXE-Rapport-activit\u00e9-2015-Calitom.pdf\">D_2016_8_9 ANNEXE Rapport activit\u00e9 2015 Calitom<\/a><\/p>\n<p><a href=\"https:\/\/www.mouthiers-sur-boeme.fr\/wp-content\/uploads\/2019\/08\/D_2016_8_9-Pr\u00e9sentation-du-rapport-dactivit\u00e9-2015-Calitom.pdf\">D_2016_8_9 Pr\u00e9sentation du rapport d&rsquo;activit\u00e9 2015 Calitom<\/a><\/p>\n<p><a href=\"https:\/\/www.mouthiers-sur-boeme.fr\/wp-content\/uploads\/2019\/08\/D_2016_8_10-Mise-\u00e0-disposition-de-friteuses-aux-associations-communales.pdf\">D_2016_8_10 Mise \u00e0 disposition de friteuses aux associations communales<\/a><\/p>\n<p><a href=\"https:\/\/www.mouthiers-sur-boeme.fr\/wp-content\/uploads\/2019\/08\/D_2016_8_11-Acquisition-fonci\u00e8re-de-parcelles-RD35-et-r\u00e9trocession-au-d\u00e9partement.pdf\">D_2016_8_11 Acquisition fonci\u00e8re de parcelles RD35 et r\u00e9trocession au d\u00e9partement<\/a><\/p>\n<p><a href=\"https:\/\/www.mouthiers-sur-boeme.fr\/wp-content\/uploads\/2019\/08\/D_2016_8_7-R\u00e9gime-indemnitaire-Agent-daccueil-M\u00e9diath\u00e8que.pdf\">D_2016_8_7 R\u00e9gime indemnitaire &#8211; Agent d&rsquo;accueil M\u00e9diath\u00e8que<\/a><\/p>\n<p style=\"text-align: center;\"><strong>Ao\u00fbt 2016<\/strong><\/p>\n<p><a href=\"https:\/\/www.mouthiers-sur-boeme.fr\/wp-content\/uploads\/2019\/08\/Copie-de-AP_2016_24-CDD-Benjamin-DANIAUD.pdf\">Copie de AP_2016_24 CDD Benjamin DANIAUD<\/a><\/p>\n<p><a href=\"https:\/\/www.mouthiers-sur-boeme.fr\/wp-content\/uploads\/2019\/08\/Copie-de-AP_2016_37-CDD-Franck-MAILLE.pdf\">Copie de AP_2016_37 CDD Franck MAILLE<\/a><\/p>\n<p><a href=\"https:\/\/www.mouthiers-sur-boeme.fr\/wp-content\/uploads\/2019\/08\/Copie-de-AP_2016_27-CDD-Philippine-LABROUSSE.pdf\">Copie de AP_2016_27 CDD Philippine LABROUSSE<\/a><\/p>\n<p style=\"text-align: center;\"><strong>Septembre 2016<\/strong><\/p>\n<p><a href=\"https:\/\/www.mouthiers-sur-boeme.fr\/wp-content\/uploads\/2019\/08\/D_2016_9_9-Modification-des-statuts-de-la-CdC-Charente-Bo\u00ebme-Charraud.pdf\">D_2016_9_9 Modification des statuts de la CdC Charente Bo\u00ebme Charraud<\/a><\/p>\n<p><a href=\"https:\/\/www.mouthiers-sur-boeme.fr\/wp-content\/uploads\/2019\/08\/D_2016_9_9-ANNEXE-Modification-des-statuts-de-la-CdC-Charente-Bo\u00ebme-Charraud.pdf\">D_2016_9_9 ANNEXE Modification des statuts de la CdC Charente Bo\u00ebme Charraud<\/a><\/p>\n<p><a href=\"https:\/\/www.mouthiers-sur-boeme.fr\/wp-content\/uploads\/2019\/08\/D_2016_9_11-D\u00e9lib\u00e9ration-Cadre-annuelle-pour-imputation-en-investissement-des-biens-meubles-inf\u00e9rieurs-\u00e0-500\u20ac.pdf\">D_2016_9_11 D\u00e9lib\u00e9ration Cadre annuelle pour imputation en investissement des biens meubles inf\u00e9rieurs \u00e0 500\u20ac<\/a><\/p>\n<p><a href=\"https:\/\/www.mouthiers-sur-boeme.fr\/wp-content\/uploads\/2019\/08\/D_2016_9_11-D\u00e9lib\u00e9ration-Cadre-annuelle-pour-imputation-en-investissement-des-biens-meubles-inferieurs-\u00e0-500\u20ac.pdf.pdf\">D_2016_9_11 D\u00e9lib\u00e9ration Cadre annuelle pour imputation en investissement des biens meubles inferieurs \u00e0 500\u20ac.pdf<\/a><\/p>\n<p><a href=\"https:\/\/www.mouthiers-sur-boeme.fr\/wp-content\/uploads\/2019\/08\/D_2016_9_10-Acquisition-local-technique-des-Rentes.pdf\">D_2016_9_10 Acquisition local technique des Rentes<\/a><\/p>\n<p><a href=\"https:\/\/www.mouthiers-sur-boeme.fr\/wp-content\/uploads\/2019\/08\/D_2016_9_8-Redevance-Occupation-du-Domaine-Public-Gaz-2016.pdf\">D_2016_9_8 Redevance Occupation du Domaine Public Gaz 2016<\/a><\/p>\n<p><a href=\"https:\/\/www.mouthiers-sur-boeme.fr\/wp-content\/uploads\/2019\/08\/D_2016_9_7-ANNEXE-Rapport-annuel-prix-et-qualit\u00e9-du-service-assainissement-collectif-2015-Charente-Eaux.pdf\">D_2016_9_7 ANNEXE Rapport annuel prix et qualit\u00e9 du service assainissement collectif 2015 &#8211; Charente Eaux<\/a><\/p>\n<p><a href=\"https:\/\/www.mouthiers-sur-boeme.fr\/wp-content\/uploads\/2019\/08\/D_2016_9_7-Rapport-annuel-prix-et-qualit\u00e9-du-service-assainissement-collectif-2015-Charente-Eaux.pdf\">D_2016_9_7 Rapport annuel prix et qualit\u00e9 du service assainissement collectif 2015 &#8211; Charente Eaux<\/a><\/p>\n<p><a href=\"https:\/\/www.mouthiers-sur-boeme.fr\/wp-content\/uploads\/2019\/08\/D_2016_9_6-Convention-MSA-2016-Prestation-de-Service-Unique-pour-laccueil-du-jeune-enfant.pdf\">D_2016_9_6 Convention MSA 2016 &#8211; Prestation de Service Unique pour l&rsquo;accueil du jeune enfant<\/a><\/p>\n<p><a href=\"https:\/\/www.mouthiers-sur-boeme.fr\/wp-content\/uploads\/2019\/08\/D_2016_9_5-Acquisition-fonci\u00e8re-dune-parcelle-Rue-du-Moulin.pdf\">D_2016_9_5 Acquisition fonci\u00e8re d&rsquo;une parcelle &#8211; Rue du Moulin<\/a><\/p>\n<p><a href=\"https:\/\/www.mouthiers-sur-boeme.fr\/wp-content\/uploads\/2019\/08\/D_2016_9_4-Acquisition-fonci\u00e8re-parcelles-Chez-Bournet.pdf\">D_2016_9_4 Acquisition fonci\u00e8re parcelles &#8211; Chez Bournet<\/a><\/p>\n<p><a href=\"https:\/\/www.mouthiers-sur-boeme.fr\/wp-content\/uploads\/2019\/08\/D_2016_9_2-Plan-entretien-des-espaces-publics-de-la-commune.pdf\">D_2016_9_2 Plan entretien des espaces publics de la commune<\/a><\/p>\n<p><a href=\"https:\/\/www.mouthiers-sur-boeme.fr\/wp-content\/uploads\/2019\/08\/D_2016_9_1-Approbation-du-compte-rendu-s\u00e9ance-du-Conseil-Municipal-du-8-juillet.pdf\">D_2016_9_1 Approbation du compte rendu s\u00e9ance du Conseil Municipal du 8 juillet<\/a><\/p>\n<p><a href=\"https:\/\/www.mouthiers-sur-boeme.fr\/wp-content\/uploads\/2019\/08\/D_2016_9_3-Validation-du-Plan-dActions-Communal-Trame-Verte-et-Bleue.pdf\">D_2016_9_3 Validation du Plan d&rsquo;Actions Communal Trame Verte et Bleue<\/a><\/p>\n<p style=\"text-align: center;\"><strong>Octobre 2016<\/strong><\/p>\n<p><a href=\"https:\/\/www.mouthiers-sur-boeme.fr\/wp-content\/uploads\/2019\/08\/D_2016_10_15-Optimisation-de-lemprunt-communal.pdf\">D_2016_10_15 Optimisation de l&#8217;emprunt communal<\/a><\/p>\n<p><a href=\"https:\/\/www.mouthiers-sur-boeme.fr\/wp-content\/uploads\/2019\/08\/D_2016_10_14-D\u00e9cision-modificative-n\u00b03-Budget-Commune.pdf\">D_2016_10_14 D\u00e9cision modificative n\u00b03 &#8211; Budget Commune<\/a><\/p>\n<p><a href=\"https:\/\/www.mouthiers-sur-boeme.fr\/wp-content\/uploads\/2019\/08\/D_2016_10_13-Convention-de-mise-\u00e0-disposition-des-locaux-communaux-MJC-Jules-Berry.pdf\">D_2016_10_13 Convention de mise \u00e0 disposition des locaux communaux &#8211; MJC Jules Berry<\/a><\/p>\n<p><a href=\"https:\/\/www.mouthiers-sur-boeme.fr\/wp-content\/uploads\/2019\/08\/D_2016_10_12-Convention-de-mise-\u00e0-disposition-des-locaux-communaux-Effervescentre.pdf\">D_2016_10_12 Convention de mise \u00e0 disposition des locaux communaux &#8211; Effervescentre<\/a><\/p>\n<p><a href=\"https:\/\/www.mouthiers-sur-boeme.fr\/wp-content\/uploads\/2019\/08\/D_2016_10_11-Rel\u00e8vement-des-tarifs-du-transport-scolaire-Conseil-D\u00e9partemental-de-la-charente.pdf\">D_2016_10_11 Rel\u00e8vement des tarifs du transport scolaire &#8211; Conseil D\u00e9partemental de la charente<\/a><\/p>\n<p><a href=\"https:\/\/www.mouthiers-sur-boeme.fr\/wp-content\/uploads\/2019\/08\/D_2016_10_10-Indemnit\u00e9-de-gardiennage-de-l\u00e9glise-2016.pdf\">D_2016_10_10 Indemnit\u00e9 de gardiennage de l&rsquo;\u00e9glise 2016<\/a><\/p>\n<p><a href=\"https:\/\/www.mouthiers-sur-boeme.fr\/wp-content\/uploads\/2019\/08\/D_2016_10_9-Attribution-de-la-ma\u00eetrise-doeuvre-pour-lam\u00e9nagement-du-bourg.pdf\">D_2016_10_9 Attribution de la ma\u00eetrise d&rsquo;oeuvre pour l&rsquo;am\u00e9nagement du bourg<\/a><\/p>\n<p><a href=\"https:\/\/www.mouthiers-sur-boeme.fr\/wp-content\/uploads\/2019\/08\/D_2016_10_8-Modification-des-parcelles-cadastrales-et-r\u00e9trocession-voirie-Lotissement-La-Croix-Ronde.pdf\">D_2016_10_8 Modification des parcelles cadastrales et r\u00e9trocession voirie &#8211; Lotissement La Croix Ronde<\/a><\/p>\n<p><a href=\"https:\/\/www.mouthiers-sur-boeme.fr\/wp-content\/uploads\/2019\/08\/D_2016_10_7-ANNEXE-VACCINATION-R\u00e8glement-int\u00e9rieur-du-multi-accueil-familial.pdf\">D_2016_10_7 ANNEXE VACCINATION R\u00e8glement int\u00e9rieur du multi-accueil familial<\/a><\/p>\n<p><a href=\"https:\/\/www.mouthiers-sur-boeme.fr\/wp-content\/uploads\/2019\/08\/D_2016_10_7-ANNEXE-PROJET-EDUCATIF-R\u00e8glement-int\u00e9rieur-du-multi-accueil-familial.pdf\">D_2016_10_7 ANNEXE PROJET EDUCATIF R\u00e8glement int\u00e9rieur du multi-accueil familial<\/a><\/p>\n<p><a href=\"https:\/\/www.mouthiers-sur-boeme.fr\/wp-content\/uploads\/2019\/08\/D_2016_10_7-ANNEXE-REGLEMENT-R\u00e8glement-int\u00e9rieur-du-multi-accueil-familial.pdf\">D_2016_10_7 ANNEXE REGLEMENT R\u00e8glement int\u00e9rieur du multi-accueil familial<\/a><\/p>\n<p><a href=\"https:\/\/www.mouthiers-sur-boeme.fr\/wp-content\/uploads\/2019\/08\/D_2016_10_7-R\u00e8glement-int\u00e9rieur-du-multi-accueil-familial.pdf\">D_2016_10_7 R\u00e8glement int\u00e9rieur du multi-accueil familial<\/a><\/p>\n<p><a href=\"https:\/\/www.mouthiers-sur-boeme.fr\/wp-content\/uploads\/2019\/08\/D_2016_10_6-D\u00e9termination-des-taux-de-promotion-pour-les-avancements-de-grade.pdf\">D_2016_10_6 D\u00e9termination des taux de promotion pour les avancements de grade<\/a><\/p>\n<p><a href=\"https:\/\/www.mouthiers-sur-boeme.fr\/wp-content\/uploads\/2019\/08\/D_2016_10_5-Recrutement-de-deux-apprentis-au-service-technique.pdf\">D_2016_10_5 Recrutement de deux apprentis au service technique<\/a><\/p>\n<p><a href=\"https:\/\/www.mouthiers-sur-boeme.fr\/wp-content\/uploads\/2019\/08\/D_2016_10_4-Election-des-repr\u00e9sentants-de-la-commune-\u00e0-la-communaut\u00e9-dagglom\u00e9ration-du-Grand-Angoul\u00eame.pdf\">D_2016_10_4 Election des repr\u00e9sentants de la commune \u00e0 la communaut\u00e9 d&rsquo;agglom\u00e9ration du Grand Angoul\u00eame<\/a><\/p>\n<p><a href=\"https:\/\/www.mouthiers-sur-boeme.fr\/wp-content\/uploads\/2019\/08\/D_2016_10_3-Election-des-repr\u00e9sentants-de-la-commune-au-SyBRA.pdf\">D_2016_10_3 Election des repr\u00e9sentants de la commune au SyBRA<\/a><\/p>\n<p><a href=\"https:\/\/www.mouthiers-sur-boeme.fr\/wp-content\/uploads\/2019\/08\/D_2016_10_2-ANNEXE-Fusion-du-SIAH-de-la-Bo\u00ebme.pdf\">D_2016_10_2 ANNEXE Fusion du SIAH de la Bo\u00ebme<\/a><\/p>\n<p><a href=\"https:\/\/www.mouthiers-sur-boeme.fr\/wp-content\/uploads\/2019\/08\/D_2016_10_2-Fusion-du-SIAH-de-la-Bo\u00ebme.pdf\">D_2016_10_2 Fusion du SIAH de la Bo\u00ebme<\/a><\/p>\n<p><a href=\"https:\/\/www.mouthiers-sur-boeme.fr\/wp-content\/uploads\/2019\/08\/D_2016_10_1-Approbation-du-compte-rendu-de-la-s\u00e9ance-du-9-septembre-2016.pdf\">D_2016_10_1 Approbation du compte rendu de la s\u00e9ance du 9 septembre 2016<\/a><\/p>\n<p style=\"text-align: center;\"><strong>Novembre 2016<br \/>\n<\/strong><\/p>\n<p><a href=\"https:\/\/www.mouthiers-sur-boeme.fr\/wp-content\/uploads\/2019\/08\/D_2016_12_2-Avenant-\u00e0-la-convention-de-prestation-de-service-assistance-\u00e0-la-r\u00e9alisation-plan-entretien-des-espaces-publics.pdf\">D_2016_12_2 Avenant \u00e0 la convention de prestation de service assistance \u00e0 la r\u00e9alisation plan entretien des espaces publics<\/a><\/p>\n<p><a href=\"https:\/\/www.mouthiers-sur-boeme.fr\/wp-content\/uploads\/2019\/08\/D_2016_12_1-Approbation-du-compte-rendu-de-la-s\u00e9ance-du-Conseil-Municipal-du-10-novembre-2016.pdf\">D_2016_12_1 Approbation du compte rendu de la s\u00e9ance du Conseil Municipal du 10 novembre 2016<\/a><\/p>\n<p><a href=\"https:\/\/www.mouthiers-sur-boeme.fr\/wp-content\/uploads\/2019\/08\/D_2016_12_3-D\u00e9cision-modificative-n\u00b05-Budget-Commune.pdf\">D_2016_12_3 D\u00e9cision modificative n\u00b05 &#8211; Budget Commune<\/a><\/p>\n<p><a href=\"https:\/\/www.mouthiers-sur-boeme.fr\/wp-content\/uploads\/2019\/08\/D_2016_11_8-Lancement-dune-consultation-pour-les-travaux-de-voirie.pdf\">D_2016_11_8 Lancement d&rsquo;une consultation pour les travaux de voirie<\/a><\/p>\n<p><a href=\"https:\/\/www.mouthiers-sur-boeme.fr\/wp-content\/uploads\/2019\/08\/D_2016_11_13-D\u00e9cision-modificative-n\u00b01-Budget-Transport.pdf\">D_2016_11_13 D\u00e9cision modificative n\u00b01 &#8211; Budget Transport<\/a><\/p>\n<p><a href=\"https:\/\/www.mouthiers-sur-boeme.fr\/wp-content\/uploads\/2019\/08\/D_2016_11_12-D\u00e9cision-modificative-n\u00b04-Budget-Commune.pdf\">D_2016_11_12 D\u00e9cision modificative n\u00b04 &#8211; Budget Commune<\/a><\/p>\n<p><a href=\"https:\/\/www.mouthiers-sur-boeme.fr\/wp-content\/uploads\/2019\/08\/D_2016_11_11-Distributeur-automatique-de-billets-Cr\u00e9dit-Agricole-Charente-P\u00e9rigord.pdf\">D_2016_11_11 Distributeur automatique de billets &#8211; Cr\u00e9dit Agricole Charente-P\u00e9rigord<\/a><\/p>\n<p><a href=\"https:\/\/www.mouthiers-sur-boeme.fr\/wp-content\/uploads\/2019\/08\/D_2016_11_10-Contribution-de-solidarit\u00e9-Convention-de-t\u00e9l\u00e9d\u00e9claration-et-de-t\u00e9l\u00e9paiement.pdf\">D_2016_11_10 Contribution de solidarit\u00e9 &#8211; Convention de t\u00e9l\u00e9d\u00e9claration et de t\u00e9l\u00e9paiement<\/a><\/p>\n<p><a href=\"https:\/\/www.mouthiers-sur-boeme.fr\/wp-content\/uploads\/2019\/08\/D_2016_11_9-Lancement-dune-enqu\u00eate-publique-de-voirie.pdf\">D_2016_11_9 Lancement d&rsquo;une enqu\u00eate publique de voirie<\/a><\/p>\n<p><a href=\"https:\/\/www.mouthiers-sur-boeme.fr\/wp-content\/uploads\/2019\/08\/D_2016_11_7-Proposition-de-d\u00e9p\u00f4t-darchives-communales-aux-archives-d\u00e9partementales-de-la-Charente.pdf\">D_2016_11_7 Proposition de d\u00e9p\u00f4t d&rsquo;archives communales aux archives d\u00e9partementales de la Charente<\/a><\/p>\n<p><a href=\"https:\/\/www.mouthiers-sur-boeme.fr\/wp-content\/uploads\/2019\/08\/D_2016_11_6-Convention-cadre-de-mise-en-commun-de-lancien-mat\u00e9riel-communautaire.pdf\">D_2016_11_6 Convention cadre de mise en commun de l&rsquo;ancien mat\u00e9riel communautaire<\/a><\/p>\n<p><a href=\"https:\/\/www.mouthiers-sur-boeme.fr\/wp-content\/uploads\/2019\/08\/D_2016_11_5-Convention-de-prestation-pour-laccueil-de-la-m\u00e9diath\u00e8que.pdf\">D_2016_11_5 Convention de prestation pour l&rsquo;accueil de la m\u00e9diath\u00e8que<\/a><\/p>\n<p><a href=\"https:\/\/www.mouthiers-sur-boeme.fr\/wp-content\/uploads\/2019\/08\/D_2016_11_4-Dispositif-Pr\u00e9fectures-nouvelle-g\u00e9n\u00e9ration.pdf\">D_2016_11_4 Dispositif Pr\u00e9fectures nouvelle g\u00e9n\u00e9ration<\/a><\/p>\n<p><a href=\"https:\/\/www.mouthiers-sur-boeme.fr\/wp-content\/uploads\/2019\/08\/D_2016_11_3-Gestion-des-d\u00e9chets-de-venaison-du-grand-gibier-tu\u00e9-\u00e0-la-chasse.pdf\">D_2016_11_3 Gestion des d\u00e9chets de venaison du grand gibier tu\u00e9 \u00e0 la chasse<\/a><\/p>\n<p><a href=\"https:\/\/www.mouthiers-sur-boeme.fr\/wp-content\/uploads\/2019\/08\/D_2016_11_1-Approbation-du-compte-rendu-de-la-s\u00e9ance-du-Conseil-municipal-du-14-octobre-2016.pdf\">D_2016_11_1 Approbation du compte rendu de la s\u00e9ance du Conseil municipal du 14 octobre 2016<\/a><\/p>\n<p><a href=\"https:\/\/www.mouthiers-sur-boeme.fr\/wp-content\/uploads\/2019\/08\/D_2016_11_2-Avis-sur-la-demande-dautorisation-dexploiter-le-parc-\u00e9olien-de-la-Bo\u00ebme.pdf\">D_2016_11_2 Avis sur la demande d&rsquo;autorisation d&rsquo;exploiter le parc \u00e9olien de la Bo\u00ebme<\/a><\/p>\n<p style=\"text-align: center;\"><strong>D\u00e9cembre 2016<br \/>\n<\/strong><\/p>\n<p><a href=\"https:\/\/www.mouthiers-sur-boeme.fr\/wp-content\/uploads\/2019\/08\/Registre-d\u00e9lib\u00e9rations-2016.pdf\">Registre d\u00e9lib\u00e9rations 2016<\/a><\/p>\n<p><a href=\"https:\/\/www.mouthiers-sur-boeme.fr\/wp-content\/uploads\/2019\/08\/D_2016_14_13-D\u00e9signation-dun-responsable-de-la-r\u00e9gie-de-transport.pdf\">D_2016_14_13 D\u00e9signation d&rsquo;un responsable de la r\u00e9gie de transport<\/a><\/p>\n<p><a href=\"https:\/\/www.mouthiers-sur-boeme.fr\/wp-content\/uploads\/2019\/08\/D_2016_14_12-Transfert-du-bus-de-la-r\u00e9gie-de-transport-vers-la-commune.pdf\">D_2016_14_12 Transfert du bus de la r\u00e9gie de transport vers la commune<\/a><\/p>\n<p><a href=\"https:\/\/www.mouthiers-sur-boeme.fr\/wp-content\/uploads\/2019\/08\/D_2016_14_11-Cession-du-bac-d\u00e9graisseur-\u00e0-la-boucherie.pdf\">D_2016_14_11 Cession du bac d\u00e9graisseur \u00e0 la boucherie<\/a><\/p>\n<p><a href=\"https:\/\/www.mouthiers-sur-boeme.fr\/wp-content\/uploads\/2019\/08\/D_2016_14_9-Approbation-du-rapport-de-la-CLECT-et-reprise-de-la-comp\u00e9tence-voirie.pdf\">D_2016_14_9 Approbation du rapport de la CLECT et reprise de la comp\u00e9tence voirie<\/a><\/p>\n<p><a href=\"https:\/\/www.mouthiers-sur-boeme.fr\/wp-content\/uploads\/2019\/08\/D_2016_14_8-Cl\u00f4ture-Budget-annexe-Assainissement.pdf\">D_2016_14_8 Cl\u00f4ture Budget annexe Assainissement<\/a><\/p>\n<p><a href=\"https:\/\/www.mouthiers-sur-boeme.fr\/wp-content\/uploads\/2019\/08\/D_2016_14_7-Avenant-contrat-affermage-Assainissement.pdf\">D_2016_14_7 Avenant contrat affermage Assainissement<\/a><\/p>\n<p><a href=\"https:\/\/www.mouthiers-sur-boeme.fr\/wp-content\/uploads\/2019\/08\/D_2016_14_6-ANNEXE-Secteurs-retenus-pour-Droit-de-Pr\u00e9emption-Urbain.pdf\">D_2016_14_6 ANNEXE Secteurs retenus pour Droit de Pr\u00e9emption Urbain<\/a><\/p>\n<p><a href=\"https:\/\/www.mouthiers-sur-boeme.fr\/wp-content\/uploads\/2019\/08\/D_2016_14_6-Exercice-du-Droit-de-pr\u00e9emption-urbain-au-1er-janvier-2017.pdf\">D_2016_14_6 Exercice du Droit de pr\u00e9emption urbain au 1er janvier 2017<\/a><\/p>\n<p><a href=\"https:\/\/www.mouthiers-sur-boeme.fr\/wp-content\/uploads\/2019\/08\/D_2016_14_5-ANNEXE-Convention-ADS-GrandAngouleme.pdf\">D_2016_14_5 ANNEXE Convention ADS GrandAngouleme<\/a><\/p>\n<p><a href=\"https:\/\/www.mouthiers-sur-boeme.fr\/wp-content\/uploads\/2019\/08\/D_2016_14_5-Convention-ADS-GrandAngoul\u00eame.pdf\">D_2016_14_5 Convention ADS &#8211; GrandAngoul\u00eame<\/a><\/p>\n<p><a href=\"https:\/\/www.mouthiers-sur-boeme.fr\/wp-content\/uploads\/2019\/08\/D_2016_14_3-ANNEXE-Liste-PPA-PLU-etudes-Mouthiers.pdf\">D_2016_14_3 ANNEXE Liste PPA PLU etudes Mouthiers<\/a><\/p>\n<p><a href=\"https:\/\/www.mouthiers-sur-boeme.fr\/wp-content\/uploads\/2019\/08\/D_2016_14_4-R\u00e9vision-du-POS-en-PLU-Demande-de-reprise-et-dach\u00e8vement-de-la-proc\u00e9dure-par-GrandAngoul\u00eame.pdf\">D_2016_14_4 R\u00e9vision du POS en PLU &#8211; Demande de reprise et d&rsquo;ach\u00e8vement de la proc\u00e9dure par GrandAngoul\u00eame<\/a><\/p>\n<p><a href=\"https:\/\/www.mouthiers-sur-boeme.fr\/wp-content\/uploads\/2019\/08\/D_2016_14_3-Arr\u00eat-du-projet-de-Plan-Local-dUrbanisme.pdf\">D_2016_14_3 Arr\u00eat du projet de Plan Local d&rsquo;Urbanisme<\/a><\/p>\n<p><a href=\"https:\/\/www.mouthiers-sur-boeme.fr\/wp-content\/uploads\/2019\/08\/D_2016_14_2-Bilan-de-la-concertation-mise-en-oeuvre-lors-de-l\u00e9laboration-du-PLU.pdf\">D_2016_14_2 Bilan de la concertation mise en oeuvre lors de l&rsquo;\u00e9laboration du PLU<\/a><\/p>\n<p><a href=\"https:\/\/www.mouthiers-sur-boeme.fr\/wp-content\/uploads\/2019\/08\/D_2016_14_1-Approbation-du-compte-rendu-du-Conseil-Municipal-du-9-d\u00e9cembre-2016.pdf\">D_2016_14_1 Approbation du compte rendu du Conseil Municipal du 9 d\u00e9cembre 2016<\/a><\/p>\n<p><a href=\"https:\/\/www.mouthiers-sur-boeme.fr\/wp-content\/uploads\/2019\/08\/D_2016_13_7-Modification-des-statuts-Syndicat-Mixte-de-la-Fourri\u00e8re.pdf\">D_2016_13_7 Modification des statuts &#8211; Syndicat Mixte de la Fourri\u00e8re<\/a><\/p>\n<p><a href=\"https:\/\/www.mouthiers-sur-boeme.fr\/wp-content\/uploads\/2019\/08\/D_2016_13_13-Motion-Mission-Locale.pdf\">D_2016_13_13 Motion Mission Locale<\/a><\/p>\n<p><a href=\"https:\/\/www.mouthiers-sur-boeme.fr\/wp-content\/uploads\/2019\/08\/D_2016_13_12-D\u00e9cision-Modificative-n\u00b06-Budget-Commune.pdf\">D_2016_13_12 D\u00e9cision Modificative n\u00b06 &#8211; Budget Commune<\/a><\/p>\n<p><a href=\"https:\/\/www.mouthiers-sur-boeme.fr\/wp-content\/uploads\/2019\/08\/D_2016_13_11-Projet-de-cr\u00e9ation-dun-b\u00e2timent-multi-accueil-familial.pdf\">D_2016_13_11 Projet de cr\u00e9ation d&rsquo;un b\u00e2timent multi-accueil familial<\/a><\/p>\n<p><a href=\"https:\/\/www.mouthiers-sur-boeme.fr\/wp-content\/uploads\/2019\/08\/D_2016_13_10-Convention-dentretien-du-site-pr\u00e9historique-de-la-Chaire-\u00e0-Calvin-Conseil-D\u00e9partemental.pdf\">D_2016_13_10 Convention d&rsquo;entretien du site pr\u00e9historique de la Chaire \u00e0 Calvin &#8211; Conseil D\u00e9partemental<\/a><\/p>\n<p><a href=\"https:\/\/www.mouthiers-sur-boeme.fr\/wp-content\/uploads\/2019\/08\/D_2016_13_9-Indemnit\u00e9-de-conseil-allou\u00e9e-au-comptable-du-Tr\u00e9sor-charg\u00e9-des-fonctions-de-Receveur-des-Communes.pdf\">D_2016_13_9 Indemnit\u00e9 de conseil allou\u00e9e au comptable du Tr\u00e9sor charg\u00e9 des fonctions de Receveur des Communes<\/a><\/p>\n<p><a href=\"https:\/\/www.mouthiers-sur-boeme.fr\/wp-content\/uploads\/2019\/08\/D_2016_13_8-Acquisition-de-parcelle-aux-tourbi\u00e8res.pdf\">D_2016_13_8 Acquisition de parcelle aux tourbi\u00e8res<\/a><\/p>\n<p><a href=\"https:\/\/www.mouthiers-sur-boeme.fr\/wp-content\/uploads\/2019\/08\/D_2016_13_6-R\u00e8glement-int\u00e9rieur-communal-de-lachat-public.pdf\">D_2016_13_6 R\u00e8glement int\u00e9rieur communal de l&rsquo;achat public<\/a><\/p>\n<p><a href=\"https:\/\/www.mouthiers-sur-boeme.fr\/wp-content\/uploads\/2019\/08\/D_2016_13_5-Cr\u00e9ation-poste-assistante-maternelle-CDD-1an.pdf\">D_2016_13_5 Cr\u00e9ation poste assistante maternelle (CDD 1an)<\/a><\/p>\n<p><a href=\"https:\/\/www.mouthiers-sur-boeme.fr\/wp-content\/uploads\/2019\/08\/D_2016_13_4-Cr\u00e9ation-poste-assistante-culturelle.pdf\">D_2016_13_4 Cr\u00e9ation poste assistante culturelle<\/a><\/p>\n<p><a href=\"https:\/\/www.mouthiers-sur-boeme.fr\/wp-content\/uploads\/2019\/08\/D_2016_13_3-Convention-cadre-de-partenariat-Charente-Nature-Trame-Verte-et-Bleue.pdf\">D_2016_13_3 Convention cadre de partenariat Charente Nature &#8211; Trame Verte et Bleue<\/a><\/p>\n<p><a href=\"https:\/\/www.mouthiers-sur-boeme.fr\/wp-content\/uploads\/2019\/08\/D_2016_13_2-R\u00e9vision-des-tarifs-municipaux-2017.pdf\">D_2016_13_2 R\u00e9vision des tarifs municipaux 2017<\/a><\/p>\n<p><a href=\"https:\/\/www.mouthiers-sur-boeme.fr\/wp-content\/uploads\/2019\/08\/D_2016_13_1-Approbation-du-compte-rendu-du-Conseil-Municipal-du-25-novembre-2016.pdf\">D_2016_13_1 Approbation du compte rendu du Conseil Municipal du 25 novembre 2016<\/a><\/p>\n","protected":false},"excerpt":{"rendered":"<p>F\u00e9vrier 2016 D_2016_1_10 Indemnit\u00e9 repr\u00e9sentative logement 2015 pour&nbsp;instituteurs D_ 2016_1_7 CREATION POSTES SAISONNIERS D_2016_1_7 Personnel communal &#8211; cr\u00e9ation postes pour accroissement saisonnier D_2016_1_ 8 CREATION POSTE ACCROISSEMENT TEMP ACTIVITE D_2016_1_8 Personnel communal &#8211; cr\u00e9ation poste accroissement temporaire et exceptionnel D_2016_1_1 AUTORISATION ENGAGEMENT DEPENSES D_2016_1_1 Autorisation pour engagement d\u00e9penses investissement avant vote budget D_2016_6_21 Remboursement de &hellip; <a href=\"https:\/\/www.mouthiers-sur-boeme.fr\/?page_id=7373\" class=\"more-link\">Continuer la lecture de <span class=\"screen-reader-text\">D\u00e9lib\u00e9rations 2016<\/span>  <span class=\"meta-nav\">&rarr;<\/span><\/a><\/p>\n","protected":false},"author":22,"featured_media":0,"parent":0,"menu_order":0,"comment_status":"closed","ping_status":"closed","template":"","meta":[],"_links":{"self":[{"href":"https:\/\/www.mouthiers-sur-boeme.fr\/index.php?rest_route=\/wp\/v2\/pages\/7373"}],"collection":[{"href":"https:\/\/www.mouthiers-sur-boeme.fr\/index.php?rest_route=\/wp\/v2\/pages"}],"about":[{"href":"https:\/\/www.mouthiers-sur-boeme.fr\/index.php?rest_route=\/wp\/v2\/types\/page"}],"author":[{"embeddable":true,"href":"https:\/\/www.mouthiers-sur-boeme.fr\/index.php?rest_route=\/wp\/v2\/users\/22"}],"replies":[{"embeddable":true,"href":"https:\/\/www.mouthiers-sur-boeme.fr\/index.php?rest_route=%2Fwp%2Fv2%2Fcomments&post=7373"}],"version-history":[{"count":8,"href":"https:\/\/www.mouthiers-sur-boeme.fr\/index.php?rest_route=\/wp\/v2\/pages\/7373\/revisions"}],"predecessor-version":[{"id":10093,"href":"https:\/\/www.mouthiers-sur-boeme.fr\/index.php?rest_route=\/wp\/v2\/pages\/7373\/revisions\/10093"}],"wp:attachment":[{"href":"https:\/\/www.mouthiers-sur-boeme.fr\/index.php?rest_route=%2Fwp%2Fv2%2Fmedia&parent=7373"}],"curies":[{"name":"wp","href":"https:\/\/api.w.org\/{rel}","templated":true}]}}